
{"id":555,"date":"2020-10-23T14:03:23","date_gmt":"2020-10-23T12:03:23","guid":{"rendered":"https:\/\/przedszkole2.edu.wroclaw.pl\/?page_id=555"},"modified":"2026-03-20T13:28:30","modified_gmt":"2026-03-20T12:28:30","slug":"edukacja-zdrowotna","status":"publish","type":"page","link":"https:\/\/przedszkole2.edu.wroclaw.pl\/index.php\/aktualnosci\/edukacja-zdrowotna\/","title":{"rendered":"Edukacja zdrowotna &#8211; Edukacja w ruchu"},"content":{"rendered":"<div class=\"wpb-content-wrapper\"><p>[vc_row][vc_column width=&#8221;1\/2&#8243;][vc_column_text css=&#8221;&#8221;]Sportowe powitanie wiosny<\/p>\n<p>W naszym przedszkolu w wyj\u0105tkowo radosny spos\u00f3b przywitali\u015bmy wiosn\u0119! Tego dnia dzieci uczestniczy\u0142y w <span class=\"font-semibold\" data-streamdown=\"strong\">sportowych zabawach i zadaniach ruchowych<\/span>, kt\u00f3re pozwoli\u0142y im rozgrza\u0107 si\u0119 po zimie i przypomnia\u0142y, jak wa\u017cny jest ruch na \u015bwie\u017cym powietrzu. By\u0142o du\u017co \u015bmiechu, rywalizacji i wsp\u00f3lnej zabawy!<\/p>\n<p>Po sportowych emocjach przedszkolaki zaprezentowa\u0142y <span class=\"font-semibold\" data-streamdown=\"strong\">wiosenne piosenki.<\/span><\/p>\n<p>Na zako\u0144czenie odwiedzi\u0142 nas <span class=\"font-semibold\" data-streamdown=\"strong\">Pan Ogrodnik<\/span>, kt\u00f3ry pom\u00f3g\u0142 dzieciom <span class=\"font-semibold\" data-streamdown=\"strong\">za\u0142o\u017cy\u0107 przedszkoln\u0105 \u0142\u0105k\u0119<\/span>. Wsp\u00f3lnie zasiali\u015bmy nasiona kwiat\u00f3w, kt\u00f3re ju\u017c wkr\u00f3tce zakwitn\u0105, przyci\u0105gaj\u0105c pszczo\u0142y i motyle. Dzi\u0119ki temu ka\u017cde dziecko mog\u0142o poczu\u0107 si\u0119 prawdziwym ogrodnikiem i zobaczy\u0107, jak z ma\u0142ych nasion wyrasta pi\u0119kno natury.<\/p>\n<p>To by\u0142 dzie\u0144 pe\u0142en rado\u015bci, ruchu i wiosennej energii \u2013 dok\u0142adnie taki, jakiego potrzebowali\u015bmy, \u017ceby przywita\u0107 now\u0105 por\u0119 roku!<\/p>\n<p><img loading=\"lazy\" decoding=\"async\" class=\"alignnone size-medium wp-image-9866\" src=\"https:\/\/przedszkole2.edu.wroclaw.pl\/wp-content\/uploads\/sites\/22\/2026\/03\/IMG_7559-225x300.jpeg\" alt=\"\" width=\"225\" height=\"300\" srcset=\"https:\/\/przedszkole2.edu.wroclaw.pl\/wp-content\/uploads\/sites\/22\/2026\/03\/IMG_7559-225x300.jpeg 225w, https:\/\/przedszkole2.edu.wroclaw.pl\/wp-content\/uploads\/sites\/22\/2026\/03\/IMG_7559-768x1024.jpeg 768w, https:\/\/przedszkole2.edu.wroclaw.pl\/wp-content\/uploads\/sites\/22\/2026\/03\/IMG_7559-1152x1536.jpeg 1152w, https:\/\/przedszkole2.edu.wroclaw.pl\/wp-content\/uploads\/sites\/22\/2026\/03\/IMG_7559-1536x2048.jpeg 1536w, https:\/\/przedszkole2.edu.wroclaw.pl\/wp-content\/uploads\/sites\/22\/2026\/03\/IMG_7559-scaled.jpeg 1920w\" sizes=\"auto, (max-width: 225px) 100vw, 225px\" \/><img loading=\"lazy\" decoding=\"async\" class=\"alignnone size-medium wp-image-9867\" src=\"https:\/\/przedszkole2.edu.wroclaw.pl\/wp-content\/uploads\/sites\/22\/2026\/03\/e1f1cee7-9bc1-462f-bb11-201a5740d6bd-300x225.jpeg\" alt=\"\" width=\"300\" height=\"225\" srcset=\"https:\/\/przedszkole2.edu.wroclaw.pl\/wp-content\/uploads\/sites\/22\/2026\/03\/e1f1cee7-9bc1-462f-bb11-201a5740d6bd-300x225.jpeg 300w, https:\/\/przedszkole2.edu.wroclaw.pl\/wp-content\/uploads\/sites\/22\/2026\/03\/e1f1cee7-9bc1-462f-bb11-201a5740d6bd-1024x768.jpeg 1024w, https:\/\/przedszkole2.edu.wroclaw.pl\/wp-content\/uploads\/sites\/22\/2026\/03\/e1f1cee7-9bc1-462f-bb11-201a5740d6bd-768x576.jpeg 768w, https:\/\/przedszkole2.edu.wroclaw.pl\/wp-content\/uploads\/sites\/22\/2026\/03\/e1f1cee7-9bc1-462f-bb11-201a5740d6bd-1536x1152.jpeg 1536w, https:\/\/przedszkole2.edu.wroclaw.pl\/wp-content\/uploads\/sites\/22\/2026\/03\/e1f1cee7-9bc1-462f-bb11-201a5740d6bd.jpeg 2000w\" sizes=\"auto, (max-width: 300px) 100vw, 300px\" \/><img loading=\"lazy\" decoding=\"async\" class=\"alignnone size-medium wp-image-9868\" src=\"https:\/\/przedszkole2.edu.wroclaw.pl\/wp-content\/uploads\/sites\/22\/2026\/03\/dc2d3048-6ed3-4c35-a16f-c41ce07e81be-300x225.jpeg\" alt=\"\" width=\"300\" height=\"225\" srcset=\"https:\/\/przedszkole2.edu.wroclaw.pl\/wp-content\/uploads\/sites\/22\/2026\/03\/dc2d3048-6ed3-4c35-a16f-c41ce07e81be-300x225.jpeg 300w, https:\/\/przedszkole2.edu.wroclaw.pl\/wp-content\/uploads\/sites\/22\/2026\/03\/dc2d3048-6ed3-4c35-a16f-c41ce07e81be-1024x768.jpeg 1024w, https:\/\/przedszkole2.edu.wroclaw.pl\/wp-content\/uploads\/sites\/22\/2026\/03\/dc2d3048-6ed3-4c35-a16f-c41ce07e81be-768x576.jpeg 768w, https:\/\/przedszkole2.edu.wroclaw.pl\/wp-content\/uploads\/sites\/22\/2026\/03\/dc2d3048-6ed3-4c35-a16f-c41ce07e81be-1536x1152.jpeg 1536w, https:\/\/przedszkole2.edu.wroclaw.pl\/wp-content\/uploads\/sites\/22\/2026\/03\/dc2d3048-6ed3-4c35-a16f-c41ce07e81be.jpeg 2000w\" sizes=\"auto, (max-width: 300px) 100vw, 300px\" \/><img loading=\"lazy\" decoding=\"async\" class=\"alignnone size-medium wp-image-9869\" src=\"https:\/\/przedszkole2.edu.wroclaw.pl\/wp-content\/uploads\/sites\/22\/2026\/03\/6479c862-8296-43f6-85c8-c3ac590d86ba-225x300.jpeg\" alt=\"\" width=\"225\" height=\"300\" srcset=\"https:\/\/przedszkole2.edu.wroclaw.pl\/wp-content\/uploads\/sites\/22\/2026\/03\/6479c862-8296-43f6-85c8-c3ac590d86ba-225x300.jpeg 225w, https:\/\/przedszkole2.edu.wroclaw.pl\/wp-content\/uploads\/sites\/22\/2026\/03\/6479c862-8296-43f6-85c8-c3ac590d86ba-768x1024.jpeg 768w, https:\/\/przedszkole2.edu.wroclaw.pl\/wp-content\/uploads\/sites\/22\/2026\/03\/6479c862-8296-43f6-85c8-c3ac590d86ba-1152x1536.jpeg 1152w, https:\/\/przedszkole2.edu.wroclaw.pl\/wp-content\/uploads\/sites\/22\/2026\/03\/6479c862-8296-43f6-85c8-c3ac590d86ba.jpeg 1200w\" sizes=\"auto, (max-width: 225px) 100vw, 225px\" \/><img loading=\"lazy\" decoding=\"async\" class=\"alignnone size-medium wp-image-9870\" src=\"https:\/\/przedszkole2.edu.wroclaw.pl\/wp-content\/uploads\/sites\/22\/2026\/03\/1F656386-53DA-4A00-B2C6-C47E19803B19-300x225.jpeg\" alt=\"\" width=\"300\" height=\"225\" srcset=\"https:\/\/przedszkole2.edu.wroclaw.pl\/wp-content\/uploads\/sites\/22\/2026\/03\/1F656386-53DA-4A00-B2C6-C47E19803B19-300x225.jpeg 300w, https:\/\/przedszkole2.edu.wroclaw.pl\/wp-content\/uploads\/sites\/22\/2026\/03\/1F656386-53DA-4A00-B2C6-C47E19803B19-1024x768.jpeg 1024w, https:\/\/przedszkole2.edu.wroclaw.pl\/wp-content\/uploads\/sites\/22\/2026\/03\/1F656386-53DA-4A00-B2C6-C47E19803B19-768x576.jpeg 768w, https:\/\/przedszkole2.edu.wroclaw.pl\/wp-content\/uploads\/sites\/22\/2026\/03\/1F656386-53DA-4A00-B2C6-C47E19803B19-1536x1152.jpeg 1536w, https:\/\/przedszkole2.edu.wroclaw.pl\/wp-content\/uploads\/sites\/22\/2026\/03\/1F656386-53DA-4A00-B2C6-C47E19803B19.jpeg 1600w\" sizes=\"auto, (max-width: 300px) 100vw, 300px\" \/><img loading=\"lazy\" decoding=\"async\" class=\"alignnone size-medium wp-image-9871\" src=\"https:\/\/przedszkole2.edu.wroclaw.pl\/wp-content\/uploads\/sites\/22\/2026\/03\/509DC4E2-E691-4CD7-B712-E1C33EC70085-300x225.jpeg\" alt=\"\" width=\"300\" height=\"225\" srcset=\"https:\/\/przedszkole2.edu.wroclaw.pl\/wp-content\/uploads\/sites\/22\/2026\/03\/509DC4E2-E691-4CD7-B712-E1C33EC70085-300x225.jpeg 300w, https:\/\/przedszkole2.edu.wroclaw.pl\/wp-content\/uploads\/sites\/22\/2026\/03\/509DC4E2-E691-4CD7-B712-E1C33EC70085-1024x768.jpeg 1024w, https:\/\/przedszkole2.edu.wroclaw.pl\/wp-content\/uploads\/sites\/22\/2026\/03\/509DC4E2-E691-4CD7-B712-E1C33EC70085-768x576.jpeg 768w, https:\/\/przedszkole2.edu.wroclaw.pl\/wp-content\/uploads\/sites\/22\/2026\/03\/509DC4E2-E691-4CD7-B712-E1C33EC70085-1536x1152.jpeg 1536w, https:\/\/przedszkole2.edu.wroclaw.pl\/wp-content\/uploads\/sites\/22\/2026\/03\/509DC4E2-E691-4CD7-B712-E1C33EC70085.jpeg 1600w\" sizes=\"auto, (max-width: 300px) 100vw, 300px\" \/><\/p>\n<p>[\/vc_column_text][vc_column_text css=&#8221;&#8221;]Za nami ostatnie wyzwanie z Krainy Lodu w ramach projektu \u201eEdukacja w ruchu\u201d!&#x1f973;<\/p>\n<p>To by\u0142a wyj\u0105tkowa seria dzia\u0142a\u0144, w kt\u00f3rych ruch przeplata\u0142 si\u0119 z nauk\u0105, a ka\u017cde zadanie anga\u017cowa\u0142o dzieci nie tylko fizycznie, ale te\u017c poznawczo. By\u0142o du\u017co my\u015blenia, podejmowania decyzji, szacowania, zapami\u0119tywania i wsp\u00f3lnego szukania rozwi\u0105za\u0144 &#8211; oczywi\u015bcie w aktywnej formie &#x1f938;&#x200d;&#x2640;&#xfe0f;&#x1f9e0;<\/p>\n<p>Dzieci mia\u0142y okazj\u0119 sprawdzi\u0107 swoj\u0105 spostrzegawczo\u015b\u0107, koncentracj\u0119 i pami\u0119\u0107, a tak\u017ce rozwija\u0107 umiej\u0119tno\u015bci matematyczne w praktyce &#8211; poprzez dzia\u0142anie, ruch i zabaw\u0119 &#x1f522;&#x1f3af; Nie brakowa\u0142o te\u017c moment\u00f3w zaskoczenia, \u015bmiechu i rozm\u00f3w, kt\u00f3re pokazywa\u0142y, \u017ce nie zawsze istnieje jedna dobra odpowied\u017a &#x1f604;&#x1f4ac;<\/p>\n<p><img loading=\"lazy\" decoding=\"async\" class=\"alignnone size-medium wp-image-9841\" src=\"https:\/\/przedszkole2.edu.wroclaw.pl\/wp-content\/uploads\/sites\/22\/2026\/03\/IMG_7451-225x300.jpeg\" alt=\"\" width=\"225\" height=\"300\" srcset=\"https:\/\/przedszkole2.edu.wroclaw.pl\/wp-content\/uploads\/sites\/22\/2026\/03\/IMG_7451-225x300.jpeg 225w, https:\/\/przedszkole2.edu.wroclaw.pl\/wp-content\/uploads\/sites\/22\/2026\/03\/IMG_7451-768x1024.jpeg 768w, https:\/\/przedszkole2.edu.wroclaw.pl\/wp-content\/uploads\/sites\/22\/2026\/03\/IMG_7451-1152x1536.jpeg 1152w, https:\/\/przedszkole2.edu.wroclaw.pl\/wp-content\/uploads\/sites\/22\/2026\/03\/IMG_7451-1536x2048.jpeg 1536w, https:\/\/przedszkole2.edu.wroclaw.pl\/wp-content\/uploads\/sites\/22\/2026\/03\/IMG_7451-scaled.jpeg 1920w\" sizes=\"auto, (max-width: 225px) 100vw, 225px\" \/><\/p>\n<p>#edukacjawruchu #edukacjawruchuWroclaw #PhysicallyActiveLearning<\/p>\n<p>@FundacjaV4Sport @Akademia Wychowania Fizycznego we Wroc\u0142awiu @AkademiaKrokietaiLamy @wroclaw.wroclove<\/p>\n<p>Wiosna to czas, gdy przyroda budzi si\u0119 do \u017cycia, a my z energi\u0105 ruszamy do dzia\u0142ania! &#x1f33f;&#x1f31e; Dzi\u0119ki materia\u0142om od Akademii Krokieta i Lamy nauka staje si\u0119 dla dzieci naturaln\u0105 zabaw\u0105 \u2013 nawet nie zauwa\u017caj\u0105, jak wiele si\u0119 ucz\u0105!<\/p>\n<p>#edukacjawruchu #edukacjawruchuWroclaw #PhysicallyActiveLearning<\/p>\n<p>@FundacjaV4Sport @Akademia Wychowania Fizycznego we Wroc\u0142awiu @AkademiaKrokietaiLamy @wroclaw.wroclove[\/vc_column_text][vc_column_text css=&#8221;&#8221;]W naszym przedszkolu Walentynki to nie tylko serduszka i mi\u0142e s\u0142owa, ale przede wszystkim <strong data-start=\"210\" data-end=\"244\">rado\u015b\u0107, ruch i wsp\u00f3lna zabawa!<\/strong><br \/>\nZ okazji Dnia Zakochanych zorganizowali\u015bmy wyj\u0105tkowe zaj\u0119cia pod has\u0142em <strong data-start=\"317\" data-end=\"348\">\u201eDzie\u0144 Zakochanych w Ruchu\u201d<\/strong>.<\/p>\n<p><img loading=\"lazy\" decoding=\"async\" class=\"alignnone size-medium wp-image-9819\" src=\"https:\/\/przedszkole2.edu.wroclaw.pl\/wp-content\/uploads\/sites\/22\/2026\/02\/IMG_7049-225x300.jpeg\" alt=\"\" width=\"225\" height=\"300\" srcset=\"https:\/\/przedszkole2.edu.wroclaw.pl\/wp-content\/uploads\/sites\/22\/2026\/02\/IMG_7049-225x300.jpeg 225w, https:\/\/przedszkole2.edu.wroclaw.pl\/wp-content\/uploads\/sites\/22\/2026\/02\/IMG_7049-768x1024.jpeg 768w, https:\/\/przedszkole2.edu.wroclaw.pl\/wp-content\/uploads\/sites\/22\/2026\/02\/IMG_7049-1152x1536.jpeg 1152w, https:\/\/przedszkole2.edu.wroclaw.pl\/wp-content\/uploads\/sites\/22\/2026\/02\/IMG_7049-1536x2048.jpeg 1536w, https:\/\/przedszkole2.edu.wroclaw.pl\/wp-content\/uploads\/sites\/22\/2026\/02\/IMG_7049-scaled.jpeg 1920w\" sizes=\"auto, (max-width: 225px) 100vw, 225px\" \/><img loading=\"lazy\" decoding=\"async\" class=\"alignnone size-medium wp-image-9820\" src=\"https:\/\/przedszkole2.edu.wroclaw.pl\/wp-content\/uploads\/sites\/22\/2026\/02\/IMG_7051-225x300.jpeg\" alt=\"\" width=\"225\" height=\"300\" srcset=\"https:\/\/przedszkole2.edu.wroclaw.pl\/wp-content\/uploads\/sites\/22\/2026\/02\/IMG_7051-225x300.jpeg 225w, https:\/\/przedszkole2.edu.wroclaw.pl\/wp-content\/uploads\/sites\/22\/2026\/02\/IMG_7051-768x1024.jpeg 768w, https:\/\/przedszkole2.edu.wroclaw.pl\/wp-content\/uploads\/sites\/22\/2026\/02\/IMG_7051-1152x1536.jpeg 1152w, https:\/\/przedszkole2.edu.wroclaw.pl\/wp-content\/uploads\/sites\/22\/2026\/02\/IMG_7051-1536x2048.jpeg 1536w, https:\/\/przedszkole2.edu.wroclaw.pl\/wp-content\/uploads\/sites\/22\/2026\/02\/IMG_7051-scaled.jpeg 1920w\" sizes=\"auto, (max-width: 225px) 100vw, 225px\" \/><img loading=\"lazy\" decoding=\"async\" class=\"alignnone size-medium wp-image-9822\" src=\"https:\/\/przedszkole2.edu.wroclaw.pl\/wp-content\/uploads\/sites\/22\/2026\/02\/IMG_7053-225x300.jpeg\" alt=\"\" width=\"225\" height=\"300\" srcset=\"https:\/\/przedszkole2.edu.wroclaw.pl\/wp-content\/uploads\/sites\/22\/2026\/02\/IMG_7053-225x300.jpeg 225w, https:\/\/przedszkole2.edu.wroclaw.pl\/wp-content\/uploads\/sites\/22\/2026\/02\/IMG_7053-768x1024.jpeg 768w, https:\/\/przedszkole2.edu.wroclaw.pl\/wp-content\/uploads\/sites\/22\/2026\/02\/IMG_7053-1152x1536.jpeg 1152w, https:\/\/przedszkole2.edu.wroclaw.pl\/wp-content\/uploads\/sites\/22\/2026\/02\/IMG_7053-1536x2048.jpeg 1536w, https:\/\/przedszkole2.edu.wroclaw.pl\/wp-content\/uploads\/sites\/22\/2026\/02\/IMG_7053-scaled.jpeg 1920w\" sizes=\"auto, (max-width: 225px) 100vw, 225px\" \/>[\/vc_column_text][vc_column_text css=&#8221;&#8221;]Nowy Rok to nowa Misja w projekcie \u201eEdukacja w ruchu\u201d! &#x2744;&#xfe0f; Tym razem przenie\u015bli\u015bmy si\u0119 do Krainy Lodu i ju\u017c od pierwszego wyzwania poczuli\u015bmy prawdziwie zimowy klimat! &#x1f9ca;&#x26c4;<\/p>\n<p>Ba\u0142wany urz\u0105dzi\u0142y w mie\u015bcie prawdziw\u0105 \u015bnie\u017cn\u0105 bitw\u0119, a \u015bnieg przykry\u0142 wszystko dooko\u0142a. Z pomoc\u0105 sprytnej Wiewi\u00f3rki &#x1f43f;&#xfe0f; zabrali\u015bmy si\u0119 za odkrywanie miasta i jego mieszka\u0144c\u00f3w, przywracaj\u0105c im zimowy porz\u0105dek.<\/p>\n<p>Troch\u0119 pozazdro\u015bcili\u015bmy \u015bnie\u017cnej aury, wi\u0119c nie mog\u0142o zabrakn\u0105\u0107 ruchu. \u0106wicz\u0105c refleks i koordynacj\u0119 ruchow\u0105, urz\u0105dzili\u015bmy w\u0142asn\u0105 \u015bnie\u017cn\u0105 bitw\u0119 \u2013 by\u0142o du\u017co \u015bmiechu i \u015bwietnej zabawy.<\/p>\n<p>Tak w\u0142a\u015bnie wygl\u0105da nauka w ruchu \u2013 aktywnie, z wyobra\u017ani\u0105 i du\u017c\u0105 dawk\u0105 rado\u015bci! &#x26c4;&#x1f90d;<\/p>\n<p>#edukacjawruchu #edukacjawruchuWroclaw #PhysicallyActiveLearning<\/p>\n<p>@FundacjaV4Sport @Akademia Wychowania Fizycznego we Wroc\u0142awiu @AkademiaKrokietaiLamy @wroclaw.wroclove<\/p>\n<p><img loading=\"lazy\" decoding=\"async\" class=\"alignnone size-medium wp-image-9793\" src=\"https:\/\/przedszkole2.edu.wroclaw.pl\/wp-content\/uploads\/sites\/22\/2026\/02\/806a5eff-3fb2-4d55-a0c3-f26b96103143-300x300.jpg\" alt=\"\" width=\"300\" height=\"300\" srcset=\"https:\/\/przedszkole2.edu.wroclaw.pl\/wp-content\/uploads\/sites\/22\/2026\/02\/806a5eff-3fb2-4d55-a0c3-f26b96103143-300x300.jpg 300w, https:\/\/przedszkole2.edu.wroclaw.pl\/wp-content\/uploads\/sites\/22\/2026\/02\/806a5eff-3fb2-4d55-a0c3-f26b96103143-1024x1024.jpg 1024w, https:\/\/przedszkole2.edu.wroclaw.pl\/wp-content\/uploads\/sites\/22\/2026\/02\/806a5eff-3fb2-4d55-a0c3-f26b96103143-150x150.jpg 150w, https:\/\/przedszkole2.edu.wroclaw.pl\/wp-content\/uploads\/sites\/22\/2026\/02\/806a5eff-3fb2-4d55-a0c3-f26b96103143-768x768.jpg 768w, https:\/\/przedszkole2.edu.wroclaw.pl\/wp-content\/uploads\/sites\/22\/2026\/02\/806a5eff-3fb2-4d55-a0c3-f26b96103143-1536x1536.jpg 1536w, https:\/\/przedszkole2.edu.wroclaw.pl\/wp-content\/uploads\/sites\/22\/2026\/02\/806a5eff-3fb2-4d55-a0c3-f26b96103143.jpg 1920w\" sizes=\"auto, (max-width: 300px) 100vw, 300px\" \/><\/p>\n<p>W Nowy Rok wchodzimy z materia\u0142ami od Akademii Krokieta i Lamy, do kt\u00f3rych mamy dost\u0119p dzi\u0119ki udzia\u0142owi w projekcie \u201cEdukacja w ruchu\u201d! &#x1f973;<\/p>\n<p>Ka\u017cdy film to zaproszenie do ruchu i wsp\u00f3lnego dzia\u0142ania. Dzieci anga\u017cuj\u0105 si\u0119 w kreatywne zadania, ucz\u0105 si\u0119 wsp\u00f3\u0142pracy &#x1f91d; i nabieraj\u0105 wiary we w\u0142asne mo\u017cliwo\u015bci &#x1f4aa;, a nauka dzieje si\u0119 przy okazji \u2013 w naturalny spos\u00f3b i w atmosferze radosnej zabawy &#x1f604;.<\/p>\n<p>#edukacjawruchu #edukacjawruchuWroclaw #PhysicallyActiveLearning<\/p>\n<p>@FundacjaV4Sport @Akademia Wychowania Fizycznego we Wroc\u0142awiu @AkademiaKrokietaiLamy @wroclaw.wroclove<\/p>\n<p>[\/vc_column_text][vc_column_text css=&#8221;&#8221;]<\/p>\n<p>&#x1f384; Nasze przedszkole wzi\u0119\u0142o udzia\u0142 w Integracyjnym WF &#8211; Tajemnicy \u015awi\u0105tecznej Fabryki!<\/p>\n<p>Podczas wsp\u00f3lnej transmisji dzieci wyruszy\u0142y na trop zagadki ukrytej w \u015awi\u0105tecznej Fabryce. Poprzez ruch, wsp\u00f3\u0142prac\u0119 i dobr\u0105 zabaw\u0119 uda\u0142o si\u0119 odkry\u0107, co si\u0119 wydarzy\u0142o, uruchomi\u0107 fabryczne maszyny i uratowa\u0107 \u015awi\u0119ta.<\/p>\n<p>To by\u0142o 30 minut pe\u0142nych aktywno\u015bci, rado\u015bci i integracji, kt\u00f3re pokaza\u0142y, \u017ce ruch naprawd\u0119 \u0142\u0105czy i daje przestrze\u0144 ka\u017cdemu dziecku, niezale\u017cnie od jego mo\u017cliwo\u015bci.<\/p>\n<p>Dzi\u0119kujemy wszystkim dzieciom i nauczycielom za zaanga\u017cowanie i wsp\u00f3ln\u0105 energi\u0119. To by\u0142a pi\u0119kna, \u015bwi\u0105teczna przygoda, kt\u00f3r\u0105 na pewno zapami\u0119tamy na d\u0142ugo.<\/p>\n<p><img loading=\"lazy\" decoding=\"async\" class=\"alignnone size-medium wp-image-9683\" src=\"https:\/\/przedszkole2.edu.wroclaw.pl\/wp-content\/uploads\/sites\/22\/2025\/12\/IMG_6141-225x300.jpeg\" alt=\"\" width=\"225\" height=\"300\" srcset=\"https:\/\/przedszkole2.edu.wroclaw.pl\/wp-content\/uploads\/sites\/22\/2025\/12\/IMG_6141-225x300.jpeg 225w, https:\/\/przedszkole2.edu.wroclaw.pl\/wp-content\/uploads\/sites\/22\/2025\/12\/IMG_6141-768x1024.jpeg 768w, https:\/\/przedszkole2.edu.wroclaw.pl\/wp-content\/uploads\/sites\/22\/2025\/12\/IMG_6141-1152x1536.jpeg 1152w, https:\/\/przedszkole2.edu.wroclaw.pl\/wp-content\/uploads\/sites\/22\/2025\/12\/IMG_6141-1536x2048.jpeg 1536w, https:\/\/przedszkole2.edu.wroclaw.pl\/wp-content\/uploads\/sites\/22\/2025\/12\/IMG_6141-scaled.jpeg 1920w\" sizes=\"auto, (max-width: 225px) 100vw, 225px\" \/><img loading=\"lazy\" decoding=\"async\" class=\"alignnone size-medium wp-image-9684\" src=\"https:\/\/przedszkole2.edu.wroclaw.pl\/wp-content\/uploads\/sites\/22\/2025\/12\/IMG_6143-225x300.jpeg\" alt=\"\" width=\"225\" height=\"300\" srcset=\"https:\/\/przedszkole2.edu.wroclaw.pl\/wp-content\/uploads\/sites\/22\/2025\/12\/IMG_6143-225x300.jpeg 225w, https:\/\/przedszkole2.edu.wroclaw.pl\/wp-content\/uploads\/sites\/22\/2025\/12\/IMG_6143-768x1024.jpeg 768w, https:\/\/przedszkole2.edu.wroclaw.pl\/wp-content\/uploads\/sites\/22\/2025\/12\/IMG_6143-1152x1536.jpeg 1152w, https:\/\/przedszkole2.edu.wroclaw.pl\/wp-content\/uploads\/sites\/22\/2025\/12\/IMG_6143-1536x2048.jpeg 1536w, https:\/\/przedszkole2.edu.wroclaw.pl\/wp-content\/uploads\/sites\/22\/2025\/12\/IMG_6143-scaled.jpeg 1920w\" sizes=\"auto, (max-width: 225px) 100vw, 225px\" \/><\/p>\n<p>#IWF2025 #IWFPoland #IWFPoland2025 #IntegracyjnyWF @Fundacja V4Sport @Akademia Krokieta i Lamy @Szkolny Zwi\u0105zek Sportowy &#8222;Dolny \u015al\u0105sk&#8221; @SzkolnyZwi\u0105zekSportowyZarz\u0105dKrajowy #SzkolnyZwi\u0105zekSportowyZarz\u0105dKrajowy @UNICEF Poland @Fundacja LOTTO @Polski Komitet Paralimpijski @Zwi\u0105zek Gmin Wiejskich Rzeczypospolitej Polskiej[\/vc_column_text][vc_column_text css=&#8221;&#8221;]\u015awi\u0119ta zbli\u017caj\u0105 si\u0119 wielkimi krokami, a my nie zwalniamy tempa! &#x1f9d1;&#x200d;&#x1f384; Projekt &#8222;Edukacja w ruchu&#8221; zachwyci\u0142 nas ca\u0142\u0105 gar\u015bci\u0105 \u015bwi\u0105tecznych zada\u0144 &#8211; pomagali\u015bmy Je\u017cowi wybra\u0107 prezenty dla jego miejskich przyjaci\u00f3\u0142 &#x1f381;&#x1f994;, a potem wsp\u00f3lnie ozdabiali\u015bmy choink\u0119 &#x1f332;.<\/p>\n<p>Dzieci rysowa\u0142y palcami wzorki w rytm \u015bwi\u0105tecznych melodii, a ka\u017cdy gest dodawa\u0142 drzewku nowy b\u0142yszcz\u0105cy akcent! &#x1f384;&#x1f929; Prawdziwa \u015bwi\u0105teczna magia zago\u015bci\u0142a na dobre w naszej sali!<\/p>\n<p>#edukacjawruchu #edukacjawruchuWroclaw #PhysicallyActiveLearning<\/p>\n<p>@FundacjaV4Sport @Akademia Wychowania Fizycznego we Wroc\u0142awiu @AkademiaKrokietaiLamy @wroclaw.wroclove<\/p>\n<p>&nbsp;<\/p>\n<p><img loading=\"lazy\" decoding=\"async\" class=\"alignnone size-medium wp-image-9673\" src=\"https:\/\/przedszkole2.edu.wroclaw.pl\/wp-content\/uploads\/sites\/22\/2025\/12\/IMG_6027-300x225.jpeg\" alt=\"\" width=\"300\" height=\"225\" srcset=\"https:\/\/przedszkole2.edu.wroclaw.pl\/wp-content\/uploads\/sites\/22\/2025\/12\/IMG_6027-300x225.jpeg 300w, https:\/\/przedszkole2.edu.wroclaw.pl\/wp-content\/uploads\/sites\/22\/2025\/12\/IMG_6027-1024x768.jpeg 1024w, https:\/\/przedszkole2.edu.wroclaw.pl\/wp-content\/uploads\/sites\/22\/2025\/12\/IMG_6027-768x576.jpeg 768w, https:\/\/przedszkole2.edu.wroclaw.pl\/wp-content\/uploads\/sites\/22\/2025\/12\/IMG_6027-1536x1152.jpeg 1536w, https:\/\/przedszkole2.edu.wroclaw.pl\/wp-content\/uploads\/sites\/22\/2025\/12\/IMG_6027-2048x1536.jpeg 2048w\" sizes=\"auto, (max-width: 300px) 100vw, 300px\" \/><\/p>\n<p>Bior\u0105c udzia\u0142 w projekcie \u201eEdukacja w ruchu\u201d korzystamy ze \u015bwi\u0105tecznych materia\u0142\u00f3w przygotowanych przez Akademi\u0119 Krokieta i Lamy &#x1f384;&#x1f938;&#x200d;&#x2640;&#xfe0f; Dzi\u0119ki nim \u0142\u0105czymy nauk\u0119 z zabaw\u0105, ruchem i kreatywno\u015bci\u0105. Zobaczcie sami, jak \u015bwi\u0105teczna atmosfera zamienia zaj\u0119cia w prawdziw\u0105 przygod\u0119 &#x2728;&#x1f381;<\/p>\n<p>#edukacjawruchu #edukacjawruchuWroclaw #PhysicallyActiveLearning<\/p>\n<p>@FundacjaV4Sport @Akademia Wychowania Fizycznego we Wroc\u0142awiu @AkademiaKrokietaiLamy @wroclaw.wroclove[\/vc_column_text][vc_column_text css=&#8221;&#8221;]<\/p>\n<p>Projekt \u201eEdukacja w ruchu\u201d to nie tylko wyzwania pe\u0142ne zabawy i ruchu! To tak\u017ce mo\u017cliwo\u015b\u0107 korzystania z fantastycznych materia\u0142\u00f3w Akademii Krokieta i Lamy, kt\u00f3re wspieraj\u0105 rozw\u00f3j dzieci w m\u0105dry i radosny spos\u00f3b.<\/p>\n<p>Dzi\u0119ki nim mo\u017cemy: poznawa\u0107 \u015bwiat poprzez ruch i zabaw\u0119, rozwija\u0107 kreatywno\u015b\u0107 i wsp\u00f3\u0142prac\u0119, budowa\u0107 zdrowe nawyki i pewno\u015b\u0107 siebie.<\/p>\n<p>Ka\u017cda misja to nowa porcja rado\u015bci, nauki i wsp\u00f3lnego dzia\u0142ania \u2014 zar\u00f3wno w sali, jak i na \u015bwie\u017cym powietrzu! Cieszymy si\u0119, \u017ce mo\u017cemy by\u0107 cz\u0119\u015bci\u0105 tej przygody!<\/p>\n<p>#edukacjawruchu #edukacjawruchuWroclaw #PhysicallyActiveLearning[\/vc_column_text][vc_column_text css=&#8221;&#8221;]Nowa misja w projekcie \u201cEdukacja w ruchu\u201d w\u0142a\u015bnie wystartowa\u0142a!<\/p>\n<p>Tym razem poznali\u015bmy Je\u017ca, kt\u00f3ry poka\u017ce nam tajemnicze zakamarki Miejskiej D\u017cungli! &#xfe0f; Pomogli\u015bmy mu bezpiecznie dotrze\u0107 do domku \u2013 a przy okazji przekonali\u015bmy si\u0119, \u017ce przygoda mo\u017ce czeka\u0107 tu\u017c za rogiem!<\/p>\n<p>Jeste\u015bmy gotowi na odkrywanie kolejnych \u015bcie\u017cek Miejskiej D\u017cungli, a wy?<\/p>\n<p>#edukacjawruchu #edukacjawruchuWroclaw #PhysicallyActiveLearning<\/p>\n<p>@FundacjaV4Sport @Akademia Wychowania Fizycznego we Wroc\u0142awiu @AkademiaKrokietaiLamy @wroclaw.wroclove[\/vc_column_text][vc_column_text css=&#8221;&#8221;]<b data-olk-copy-source=\"MessageBody\">Europejski Dzie\u0144 Wiedzy o Antybiotykach<\/b><\/p>\n<p>Europejski Dzie\u0144 Wiedzy o Antybiotykach zosta\u0142 ustanowiony przez Komisj\u0119 Europejsk\u0105 w 2008 roku i corocznie jest obchodzony w krajach Unii Europejskich 18 listopada.<br \/>\nZ kolei od roku 2018, w dniach 18-24 listopada obchodzony jest\u00a0<b>\u015awiatowy Tydzie\u0144 Wiedzy o Antybiotykach\u00a0<\/b>(WAAW, ang. World Antibiotic Awareness Week) ustanowiony przez WHO w roku 2015. Obydwie kampanie maj\u0105 na celu zwr\u00f3cenie uwagi na narastanie oporno\u015bci na antybiotyki w\u015br\u00f3d drobnoustroj\u00f3w wywo\u0142uj\u0105cych zaka\u017cenia u ludzi. Walka z oporno\u015bci\u0105 na \u015brodki przeciwdrobnoustrojowe wpisuje si\u0119 tak\u017ce w dzia\u0142ania prowadzone w ramach koncepcji Jedno Zdrowie (ang. One Health), kt\u00f3ra uwzgl\u0119dnia wzajemne powi\u0105zania mi\u0119dzy zdrowiem ludzi, zwierz\u0105t, ro\u015blin i \u015brodowiska.<br \/>\nTematem przewodnim tegorocznej kampanii EAAD\/WAAW jest has\u0142o \u201e<b>DZIA\u0141AJ TERAZ.CHRO\u0143 NASZ\u0104 TERA\u0179NIEJSZO\u015a\u0106, ZABEZPIECZ NASZ\u0104 PRZYSZ\u0141O\u015a\u0106\u201d.<\/b>\u00a0W dniach 3-31 listopada za po\u015brednictwem platformy e-learningowej<br \/>\n<a title=\"https:\/\/antybiotyki.edu.pl\/\" href=\"https:\/\/antybiotyki.edu.pl\/\" target=\"_blank\" rel=\"noopener noreferrer\" data-auth=\"NotApplicable\" data-linkindex=\"0\">https:\/\/antybiotyki.edu.pl\/<\/a>mo\u017cna uczestniczy\u0107 w sympozjum organizowanym z okazji EAAD\/WAAW&#8217;2025.<\/p>\n<p>&nbsp;<\/p>\n<p><img loading=\"lazy\" decoding=\"async\" class=\"alignnone size-medium wp-image-9584\" src=\"https:\/\/przedszkole2.edu.wroclaw.pl\/wp-content\/uploads\/sites\/22\/2025\/11\/antybiotyki-212x300.jpg\" alt=\"\" width=\"212\" height=\"300\" srcset=\"https:\/\/przedszkole2.edu.wroclaw.pl\/wp-content\/uploads\/sites\/22\/2025\/11\/antybiotyki-212x300.jpg 212w, https:\/\/przedszkole2.edu.wroclaw.pl\/wp-content\/uploads\/sites\/22\/2025\/11\/antybiotyki-724x1024.jpg 724w, https:\/\/przedszkole2.edu.wroclaw.pl\/wp-content\/uploads\/sites\/22\/2025\/11\/antybiotyki-768x1086.jpg 768w, https:\/\/przedszkole2.edu.wroclaw.pl\/wp-content\/uploads\/sites\/22\/2025\/11\/antybiotyki-1086x1536.jpg 1086w, https:\/\/przedszkole2.edu.wroclaw.pl\/wp-content\/uploads\/sites\/22\/2025\/11\/antybiotyki-1448x2048.jpg 1448w, https:\/\/przedszkole2.edu.wroclaw.pl\/wp-content\/uploads\/sites\/22\/2025\/11\/antybiotyki-scaled.jpg 1811w\" sizes=\"auto, (max-width: 212px) 100vw, 212px\" \/>[\/vc_column_text][vc_column_text css=&#8221;&#8221;]Nasze przedszkole wzi\u0119\u0142o udzia\u0142 w zaj\u0119ciach sportowych prowadzonych przez trener\u00f3w z klubu Spartan. Zaj\u0119cia odby\u0142y si\u0119 na boisku sportowym.<\/p>\n<p>Dzi\u0119kujemy trenerom z klubu Spartan za wspania\u0142\u0105 zabaw\u0119 i motywacj\u0119 do aktywno\u015bci fizycznej!<\/p>\n<p><img loading=\"lazy\" decoding=\"async\" class=\"alignnone size-medium wp-image-9532\" src=\"https:\/\/przedszkole2.edu.wroclaw.pl\/wp-content\/uploads\/sites\/22\/2025\/10\/IMG_5044-225x300.jpeg\" alt=\"\" width=\"225\" height=\"300\" srcset=\"https:\/\/przedszkole2.edu.wroclaw.pl\/wp-content\/uploads\/sites\/22\/2025\/10\/IMG_5044-225x300.jpeg 225w, https:\/\/przedszkole2.edu.wroclaw.pl\/wp-content\/uploads\/sites\/22\/2025\/10\/IMG_5044-768x1024.jpeg 768w, https:\/\/przedszkole2.edu.wroclaw.pl\/wp-content\/uploads\/sites\/22\/2025\/10\/IMG_5044-1152x1536.jpeg 1152w, https:\/\/przedszkole2.edu.wroclaw.pl\/wp-content\/uploads\/sites\/22\/2025\/10\/IMG_5044.jpeg 1200w\" sizes=\"auto, (max-width: 225px) 100vw, 225px\" \/><img loading=\"lazy\" decoding=\"async\" class=\"alignnone size-medium wp-image-9531\" src=\"https:\/\/przedszkole2.edu.wroclaw.pl\/wp-content\/uploads\/sites\/22\/2025\/10\/IMG_5043-225x300.jpeg\" alt=\"\" width=\"225\" height=\"300\" srcset=\"https:\/\/przedszkole2.edu.wroclaw.pl\/wp-content\/uploads\/sites\/22\/2025\/10\/IMG_5043-225x300.jpeg 225w, https:\/\/przedszkole2.edu.wroclaw.pl\/wp-content\/uploads\/sites\/22\/2025\/10\/IMG_5043-768x1024.jpeg 768w, https:\/\/przedszkole2.edu.wroclaw.pl\/wp-content\/uploads\/sites\/22\/2025\/10\/IMG_5043-1152x1536.jpeg 1152w, https:\/\/przedszkole2.edu.wroclaw.pl\/wp-content\/uploads\/sites\/22\/2025\/10\/IMG_5043.jpeg 1200w\" sizes=\"auto, (max-width: 225px) 100vw, 225px\" \/><img loading=\"lazy\" decoding=\"async\" class=\"alignnone size-medium wp-image-9530\" src=\"https:\/\/przedszkole2.edu.wroclaw.pl\/wp-content\/uploads\/sites\/22\/2025\/10\/IMG_5042-300x225.jpeg\" alt=\"\" width=\"300\" height=\"225\" srcset=\"https:\/\/przedszkole2.edu.wroclaw.pl\/wp-content\/uploads\/sites\/22\/2025\/10\/IMG_5042-300x225.jpeg 300w, https:\/\/przedszkole2.edu.wroclaw.pl\/wp-content\/uploads\/sites\/22\/2025\/10\/IMG_5042-1024x768.jpeg 1024w, https:\/\/przedszkole2.edu.wroclaw.pl\/wp-content\/uploads\/sites\/22\/2025\/10\/IMG_5042-768x576.jpeg 768w, https:\/\/przedszkole2.edu.wroclaw.pl\/wp-content\/uploads\/sites\/22\/2025\/10\/IMG_5042-1536x1152.jpeg 1536w, https:\/\/przedszkole2.edu.wroclaw.pl\/wp-content\/uploads\/sites\/22\/2025\/10\/IMG_5042.jpeg 1600w\" sizes=\"auto, (max-width: 300px) 100vw, 300px\" \/><img loading=\"lazy\" decoding=\"async\" class=\"alignnone size-medium wp-image-9528\" src=\"https:\/\/przedszkole2.edu.wroclaw.pl\/wp-content\/uploads\/sites\/22\/2025\/10\/IMG_5041-300x225.jpeg\" alt=\"\" width=\"300\" height=\"225\" srcset=\"https:\/\/przedszkole2.edu.wroclaw.pl\/wp-content\/uploads\/sites\/22\/2025\/10\/IMG_5041-300x225.jpeg 300w, https:\/\/przedszkole2.edu.wroclaw.pl\/wp-content\/uploads\/sites\/22\/2025\/10\/IMG_5041-1024x768.jpeg 1024w, https:\/\/przedszkole2.edu.wroclaw.pl\/wp-content\/uploads\/sites\/22\/2025\/10\/IMG_5041-768x576.jpeg 768w, https:\/\/przedszkole2.edu.wroclaw.pl\/wp-content\/uploads\/sites\/22\/2025\/10\/IMG_5041-1536x1152.jpeg 1536w, https:\/\/przedszkole2.edu.wroclaw.pl\/wp-content\/uploads\/sites\/22\/2025\/10\/IMG_5041.jpeg 1600w\" sizes=\"auto, (max-width: 300px) 100vw, 300px\" \/><img loading=\"lazy\" decoding=\"async\" class=\"alignnone size-medium wp-image-9503\" src=\"https:\/\/przedszkole2.edu.wroclaw.pl\/wp-content\/uploads\/sites\/22\/2025\/10\/IMG_5016-1-300x225.jpeg\" alt=\"\" width=\"300\" height=\"225\" srcset=\"https:\/\/przedszkole2.edu.wroclaw.pl\/wp-content\/uploads\/sites\/22\/2025\/10\/IMG_5016-1-300x225.jpeg 300w, https:\/\/przedszkole2.edu.wroclaw.pl\/wp-content\/uploads\/sites\/22\/2025\/10\/IMG_5016-1-1024x768.jpeg 1024w, https:\/\/przedszkole2.edu.wroclaw.pl\/wp-content\/uploads\/sites\/22\/2025\/10\/IMG_5016-1-768x576.jpeg 768w, https:\/\/przedszkole2.edu.wroclaw.pl\/wp-content\/uploads\/sites\/22\/2025\/10\/IMG_5016-1-1536x1152.jpeg 1536w, https:\/\/przedszkole2.edu.wroclaw.pl\/wp-content\/uploads\/sites\/22\/2025\/10\/IMG_5016-1.jpeg 2048w\" sizes=\"auto, (max-width: 300px) 100vw, 300px\" \/><img loading=\"lazy\" decoding=\"async\" class=\"alignnone size-medium wp-image-9504\" src=\"https:\/\/przedszkole2.edu.wroclaw.pl\/wp-content\/uploads\/sites\/22\/2025\/10\/IMG_5004-225x300.jpeg\" alt=\"\" width=\"225\" height=\"300\" srcset=\"https:\/\/przedszkole2.edu.wroclaw.pl\/wp-content\/uploads\/sites\/22\/2025\/10\/IMG_5004-225x300.jpeg 225w, https:\/\/przedszkole2.edu.wroclaw.pl\/wp-content\/uploads\/sites\/22\/2025\/10\/IMG_5004-768x1024.jpeg 768w, https:\/\/przedszkole2.edu.wroclaw.pl\/wp-content\/uploads\/sites\/22\/2025\/10\/IMG_5004-1152x1536.jpeg 1152w, https:\/\/przedszkole2.edu.wroclaw.pl\/wp-content\/uploads\/sites\/22\/2025\/10\/IMG_5004.jpeg 1536w\" sizes=\"auto, (max-width: 225px) 100vw, 225px\" \/><\/p>\n<p>[\/vc_column_text][vc_column_text css=&#8221;&#8221;]Tym razem zn\u00f3w wyruszyli\u015bmy do lasu i\u2026 zostali\u015bmy prawdziwymi Le\u015bnymi Tropicielami! Naszym zadaniem by\u0142o rozpoznawanie zwierz\u0105t tylko po ich odg\u0142osach \u2014 a przy okazji poznali\u015bmy wiele ciekawostek o le\u015bnych mieszka\u0144cach.<\/p>\n<p>A czy wiecie, \u017ce wiewi\u00f3rki potrafi\u0105 zapomnie\u0107, gdzie schowa\u0142y swoje zimowe zapasy?<\/p>\n<p>Las wci\u0105\u017c potrafi nas zaskakiwa\u0107!<\/p>\n<p>#edukacjawruchu #edukacjawruchuWroclaw #PhysicallyActiveLearning<\/p>\n<p>Bior\u0105c udzia\u0142 w projekcie \u201eEdukacja w ruchu\u201d, zyskujemy znacznie wi\u0119cej ni\u017c tylko ciekawe wyzwania \u2014 mamy r\u00f3wnie\u017c dost\u0119p do wyj\u0105tkowych materia\u0142\u00f3w przygotowanych przez Akademi\u0119 Krokieta i Lamy!<\/p>\n<p>To prawdziwa kopalnia inspiracji do prowadzenia aktywnych i radosnych zaj\u0119\u0107. Czekaj\u0105 tam m.in. filmy ruchowe, pomys\u0142y na zabawy oraz gotowe propozycje na codzienne wplatanie ruchu w plan dnia.<\/p>\n<p>Razem pokazujemy, \u017ce ruch to nie tylko zdrowie \u2014 to te\u017c doskona\u0142y spos\u00f3b na nauk\u0119 i odkrywanie \u015bwiata!<\/p>\n<p>#edukacjawruchu #edukacjawruchuWroclaw #PhysicallyActiveLearning<\/p>\n<p>@FundacjaV4Sport @Akademia Wychowania Fizycznego we Wroc\u0142awiu @AkademiaKrokietaiLamy @wroclaw.wroclove<\/p>\n<p>@FundacjaV4Sport @Akademia Wychowania Fizycznego we Wroc\u0142awiu @AkademiaKrokietaiLamy @wroclaw.wroclove[\/vc_column_text][vc_column_text css=&#8221;&#8221;]Kolejne wyzwanie w ramach projektu \u201eEdukacja w ruchu\u201d za nami \u2013 i to jakie wyj\u0105tkowe! Dzieci z grupy Ogrodnicy i Tropiciele znowu przenios\u0142y si\u0119 do le\u015bnego \u015bwiata i zorganizowa\u0142y przyj\u0119cie z okazji Dnia Borsuka \u2013 naszego niezawodnego przewodnika po lesie i jego tajemnicach.<\/p>\n<p>By\u0142y zaproszenia dla le\u015bnych przyjaci\u00f3\u0142, wsp\u00f3lne zabawy i mn\u00f3stwo rado\u015bci. Dzieci mog\u0142y poczu\u0107 si\u0119 cz\u0119\u015bci\u0105 niezwyk\u0142ej spo\u0142eczno\u015bci zwierz\u0105t, a przy okazji odkry\u0107, \u017ce ruch, zabawa i nauka mog\u0105 i\u015b\u0107 w parze. &#x2728;<\/p>\n<p>Zobaczcie sami, jak wygl\u0105da\u0142a nasza aktywna lekcja &#x2b07;&#xfe0f;<\/p>\n<p>#edukacjawruchu #edukacjawruchuWroclaw #PhysicallyActiveLearning<\/p>\n<p>@FundacjaV4Sport @Akademia Wychowania Fizycznego we Wroc\u0142awiu @AkademiaKrokietaiLamy @wroclaw.wroclove<\/p>\n<p>Bior\u0105c udzia\u0142 w projekcie \u201eEdukacja w ruchu\u201d zyskujemy co\u015b wi\u0119cej ni\u017c tylko wyj\u0105tkowe wyzwania \u2013 mo\u017cemy tak\u017ce korzysta\u0107 z materia\u0142\u00f3w przygotowanych przez Akademi\u0119 Krokieta i Lamy!<\/p>\n<p>To prawdziwa skarbnica pomys\u0142\u00f3w na aktywne, radosne i warto\u015bciowe zaj\u0119cia. Czekaj\u0105 tam m.in. filmy ruchowe , propozycje zabaw oraz \u0107wiczenia rozwijaj\u0105ce wsp\u00f3\u0142prac\u0119 w grupie , a tak\u017ce inspiracje do codziennego wplatania ruchu w plan dnia.<\/p>\n<p>Zobaczcie sami, jak wiele rado\u015bci i inspiracji daje Akademia Krokieta i Lamy \u2013 a wszystko to w ramach naszej wsp\u00f3lnej misji, by dzieci uczy\u0142y si\u0119 w ruchu i przez ruch!<\/p>\n<p>#edukacjawruchu #edukacjawruchuWroclaw #PhysicallyActiveLearning<\/p>\n<p>@FundacjaV4Sport @Akademia Wychowania Fizycznego we Wroc\u0142awiu @AkademiaKrokietaiLamy @wroclaw.wroclove<\/p>\n<p><img loading=\"lazy\" decoding=\"async\" class=\"alignnone size-medium wp-image-9524\" src=\"https:\/\/przedszkole2.edu.wroclaw.pl\/wp-content\/uploads\/sites\/22\/2025\/10\/e3f921a1-d0eb-4978-a168-791a84fd2ee9-225x300.jpeg\" alt=\"\" width=\"225\" height=\"300\" srcset=\"https:\/\/przedszkole2.edu.wroclaw.pl\/wp-content\/uploads\/sites\/22\/2025\/10\/e3f921a1-d0eb-4978-a168-791a84fd2ee9-225x300.jpeg 225w, https:\/\/przedszkole2.edu.wroclaw.pl\/wp-content\/uploads\/sites\/22\/2025\/10\/e3f921a1-d0eb-4978-a168-791a84fd2ee9-768x1024.jpeg 768w, https:\/\/przedszkole2.edu.wroclaw.pl\/wp-content\/uploads\/sites\/22\/2025\/10\/e3f921a1-d0eb-4978-a168-791a84fd2ee9-1152x1536.jpeg 1152w, https:\/\/przedszkole2.edu.wroclaw.pl\/wp-content\/uploads\/sites\/22\/2025\/10\/e3f921a1-d0eb-4978-a168-791a84fd2ee9.jpeg 1200w\" sizes=\"auto, (max-width: 225px) 100vw, 225px\" \/><img loading=\"lazy\" decoding=\"async\" class=\"alignnone size-medium wp-image-9525\" src=\"https:\/\/przedszkole2.edu.wroclaw.pl\/wp-content\/uploads\/sites\/22\/2025\/10\/01e5bffb-1c64-4517-8ed7-61a6d3d77a34-225x300.jpeg\" alt=\"\" width=\"225\" height=\"300\" srcset=\"https:\/\/przedszkole2.edu.wroclaw.pl\/wp-content\/uploads\/sites\/22\/2025\/10\/01e5bffb-1c64-4517-8ed7-61a6d3d77a34-225x300.jpeg 225w, https:\/\/przedszkole2.edu.wroclaw.pl\/wp-content\/uploads\/sites\/22\/2025\/10\/01e5bffb-1c64-4517-8ed7-61a6d3d77a34-768x1024.jpeg 768w, https:\/\/przedszkole2.edu.wroclaw.pl\/wp-content\/uploads\/sites\/22\/2025\/10\/01e5bffb-1c64-4517-8ed7-61a6d3d77a34-1152x1536.jpeg 1152w, https:\/\/przedszkole2.edu.wroclaw.pl\/wp-content\/uploads\/sites\/22\/2025\/10\/01e5bffb-1c64-4517-8ed7-61a6d3d77a34.jpeg 1200w\" sizes=\"auto, (max-width: 225px) 100vw, 225px\" \/>[\/vc_column_text][vc_column_text css=&#8221;&#8221;] Ruszyli\u015bmy z przygod\u0105 w drugiej edycji projektu \u201eEdukacja w ruchu\u201d! Dzieci z naszej grupy Ogrodnicy i Tropiciele rozpocz\u0119\u0142y pierwsze wyzwanie, w kt\u00f3rym nauka \u0142\u0105czy si\u0119 z ruchem i \u015bwietn\u0105 zabaw\u0105 &#x200d;&#x2642;&#xfe0f;. \u0106wiczenia anga\u017cowa\u0142y ca\u0142e cia\u0142o, a quiz sprawi\u0142, \u017ce zdobywanie wiedzy sta\u0142o si\u0119 jeszcze ciekawsze i pe\u0142ne emocji .<\/p>\n<p>Poznali\u015bmy te\u017c naszego przewodnika \u2013 Borsuka \u2013 i odkryli\u015bmy jego le\u015bne zwyczaje, kt\u00f3re bardzo zaciekawi\u0142y dzieci.<\/p>\n<p>Zobaczcie sami, jak wygl\u0105da\u0142a nasza aktywna lekcja &#x2b07;&#xfe0f;<\/p>\n<p>#edukacjawruchu #edukacjawruchuWroclaw #PhysicallyActiveLearning<\/p>\n<p>[\/vc_column_text][vc_column_text css=&#8221;&#8221;]<\/p>\n<div class=\"elementToProof\">Nasze przedszkole wzi\u0119\u0142o udzia\u0142 w\u00a0<b>Europejskim Dniu Sportu Szkolnego<\/b>, kt\u00f3rego celem jest promowanie aktywno\u015bci fizycznej i zdrowego stylu \u017cycia w\u015br\u00f3d dzieci.<br \/>\nTego dnia wyszli\u015bmy wsp\u00f3lnie do\u00a0<b>ogrodu przedszkolnego<\/b>, gdzie w radosnej atmosferze wykonywali\u015bmy\u00a0<b>r\u00f3\u017cnorodne \u0107wiczenia gimnastyczne przy muzyce<\/b>.<\/div>\n<div class=\"elementToProof\">Dzieci z zaanga\u017cowaniem uczestniczy\u0142y w zabawach ruchowych, ta\u0144czy\u0142y, rozci\u0105ga\u0142y si\u0119 i z u\u015bmiechem podejmowa\u0142y sportowe wyzwania. Wsp\u00f3lna aktywno\u015b\u0107 przynios\u0142a wszystkim wiele rado\u015bci i energii, a tak\u017ce przypomnia\u0142a, jak wa\u017cny jest ruch ka\u017cdego dnia.<\/div>\n<div><img loading=\"lazy\" decoding=\"async\" class=\"alignnone size-medium wp-image-9381\" src=\"https:\/\/przedszkole2.edu.wroclaw.pl\/wp-content\/uploads\/sites\/22\/2025\/10\/c704a5cc-d908-4db4-ab18-ac20fe475641-300x225.jpeg\" alt=\"\" width=\"300\" height=\"225\" srcset=\"https:\/\/przedszkole2.edu.wroclaw.pl\/wp-content\/uploads\/sites\/22\/2025\/10\/c704a5cc-d908-4db4-ab18-ac20fe475641-300x225.jpeg 300w, https:\/\/przedszkole2.edu.wroclaw.pl\/wp-content\/uploads\/sites\/22\/2025\/10\/c704a5cc-d908-4db4-ab18-ac20fe475641-1024x768.jpeg 1024w, https:\/\/przedszkole2.edu.wroclaw.pl\/wp-content\/uploads\/sites\/22\/2025\/10\/c704a5cc-d908-4db4-ab18-ac20fe475641-768x576.jpeg 768w, https:\/\/przedszkole2.edu.wroclaw.pl\/wp-content\/uploads\/sites\/22\/2025\/10\/c704a5cc-d908-4db4-ab18-ac20fe475641-1536x1152.jpeg 1536w, https:\/\/przedszkole2.edu.wroclaw.pl\/wp-content\/uploads\/sites\/22\/2025\/10\/c704a5cc-d908-4db4-ab18-ac20fe475641.jpeg 1600w\" sizes=\"auto, (max-width: 300px) 100vw, 300px\" \/><img loading=\"lazy\" decoding=\"async\" class=\"alignnone size-medium wp-image-9382\" src=\"https:\/\/przedszkole2.edu.wroclaw.pl\/wp-content\/uploads\/sites\/22\/2025\/10\/18c4d3fb-7a8f-4bba-97f5-c6993b08563f-281x300.jpeg\" alt=\"\" width=\"281\" height=\"300\" srcset=\"https:\/\/przedszkole2.edu.wroclaw.pl\/wp-content\/uploads\/sites\/22\/2025\/10\/18c4d3fb-7a8f-4bba-97f5-c6993b08563f-281x300.jpeg 281w, https:\/\/przedszkole2.edu.wroclaw.pl\/wp-content\/uploads\/sites\/22\/2025\/10\/18c4d3fb-7a8f-4bba-97f5-c6993b08563f-958x1024.jpeg 958w, https:\/\/przedszkole2.edu.wroclaw.pl\/wp-content\/uploads\/sites\/22\/2025\/10\/18c4d3fb-7a8f-4bba-97f5-c6993b08563f-768x821.jpeg 768w, https:\/\/przedszkole2.edu.wroclaw.pl\/wp-content\/uploads\/sites\/22\/2025\/10\/18c4d3fb-7a8f-4bba-97f5-c6993b08563f-1437x1536.jpeg 1437w, https:\/\/przedszkole2.edu.wroclaw.pl\/wp-content\/uploads\/sites\/22\/2025\/10\/18c4d3fb-7a8f-4bba-97f5-c6993b08563f.jpeg 1497w\" sizes=\"auto, (max-width: 281px) 100vw, 281px\" \/><img loading=\"lazy\" decoding=\"async\" class=\"alignnone size-medium wp-image-9383\" src=\"https:\/\/przedszkole2.edu.wroclaw.pl\/wp-content\/uploads\/sites\/22\/2025\/10\/ac7936ee-88d4-4112-86b6-8048bd453ef5-280x300.jpeg\" alt=\"\" width=\"280\" height=\"300\" srcset=\"https:\/\/przedszkole2.edu.wroclaw.pl\/wp-content\/uploads\/sites\/22\/2025\/10\/ac7936ee-88d4-4112-86b6-8048bd453ef5-280x300.jpeg 280w, https:\/\/przedszkole2.edu.wroclaw.pl\/wp-content\/uploads\/sites\/22\/2025\/10\/ac7936ee-88d4-4112-86b6-8048bd453ef5-957x1024.jpeg 957w, https:\/\/przedszkole2.edu.wroclaw.pl\/wp-content\/uploads\/sites\/22\/2025\/10\/ac7936ee-88d4-4112-86b6-8048bd453ef5-768x822.jpeg 768w, https:\/\/przedszkole2.edu.wroclaw.pl\/wp-content\/uploads\/sites\/22\/2025\/10\/ac7936ee-88d4-4112-86b6-8048bd453ef5-1435x1536.jpeg 1435w, https:\/\/przedszkole2.edu.wroclaw.pl\/wp-content\/uploads\/sites\/22\/2025\/10\/ac7936ee-88d4-4112-86b6-8048bd453ef5.jpeg 1495w\" sizes=\"auto, (max-width: 280px) 100vw, 280px\" \/><\/div>\n<p>[\/vc_column_text][vc_column_text css=&#8221;&#8221;]W nowym roku szkolnym 2025\/2026 nasze przedszkole bierze udzia\u0142 w kolejnej edycji projektu &#8222;Edukacja w Ruchu&#8221;.<\/p>\n<h4><strong>\u201eEdukacja w ruchu\u201d to projekt oparty na metodzie Physically Active Learning, kt\u00f3ry pokazuje, jak w prosty i atrakcyjny spos\u00f3b \u0142\u0105czy\u0107 nauk\u0119 z ruchem.<\/strong><\/h4>\n<h4>Edukacja w ruchu urozmaica codzienn\u0105 nauk\u0119 i przynosi wiele korzy\u015bci dzieciom! Wypracowane metody pracy, pomoce naukowe i struktura projektu zapewniaj\u0105 r\u00f3wnie\u017c szereg korzy\u015bci.<\/h4>\n<p>W tym w projekcie bierze udzia\u0142 grupa &#8222;Ogrodnicy&#8221; i &#8222;Tropiciele&#8221;[\/vc_column_text][vc_column_text css=&#8221;&#8221;]Nasza plac\u00f3wka wzi\u0119\u0142a udzia\u0142 w og\u00f3lnopolskiej konferencji \u201eMoving People \u2013 Moving Poland\u201d, organizowanej przez @FundacjaV4Sport oraz @AkademiaKrokietailamy.<\/p>\n<p>Plac\u00f3wk\u0119 reprezentowa\u0142y Pani Dyrektor Paulina Kobyla\u0144ska oraz Pani Adrianna Jab\u0142o\u0144ska.<\/p>\n<p>Wydarzenie zgromadzi\u0142o dyrekcje, nauczycieli, opiekun\u00f3w i lider\u00f3w plac\u00f3wek edukacyjnych z ca\u0142ej Polski, przedstawicieli w\u0142adz samorz\u0105dowych oraz ekspert\u00f3w polskich i z zagranicy, kt\u00f3rzy wierz\u0105, \u017ce ruch mo\u017ce zmienia\u0107 \u017cycie dzieci, m\u0142odzie\u017cy i ca\u0142ych spo\u0142eczno\u015bci.<\/p>\n<p>11 czerwca spotkali\u015bmy si\u0119 we Wroc\u0142awiu, by wsp\u00f3lnie dzieli\u0107 si\u0119 wiedz\u0105, do\u015bwiadczeniem i sprawdzonymi rozwi\u0105zaniami z Polski i Europy.<\/p>\n<p>Byli\u015bmy tam \u2013 bo wierzymy, \u017ce aktywno\u015b\u0107 fizyczna to zmiana.<\/p>\n<p>#MovingPeopleMovingPoland #MovingPeople #MovingPoland #MPMP2025<\/p>\n<p><img decoding=\"async\" src=\"https:\/\/attachments.office.net\/owa\/adrjab9588%40edu.wroclaw.pl\/service.svc\/s\/GetAttachmentThumbnail?id=AAkALgAAAAAAHYQDEapmEc2byACqAC%2FEWg0AaBswC4lzVE6yEPEKFgBSnQACW3qaQwAAARIAEABPqbSbvWmVSoR8kfYVx5wW&amp;thumbnailType=2&amp;token=eyJhbGciOiJSUzI1NiIsInR5cCI6IkpXVCIsImtpZCI6InhJd25CdFh5VkNvcDJMbzFEbk1LZHdlL2Q1Zz0iLCJ4NXQiOiJ4SXduQnRYeVZDb3AyTG8xRG5NS2R3ZS9kNWc9Iiwibm9uY2UiOiJrYzkwZm5ZRmhHZjRGVnV0YU5pcWVyRFdzbUJwUVF3QkF0TkhnU2QtU2JjT2hrV01TTnQ4bkRub0xydm5QZlBEM2VUbG41T1FDUjR4SjNiVlFodGlRVzVLMExhcUlTaDJ4LXlxUFFOZXB3TXVpa01lOGFROFdOajFXUE1SZ0ExQkhtQXhWaVYwaG9UaWdlRU9aXzB0aHFNaVFDeEs5dENheXFXZWJhVGdZLVEiLCJpc3Nsb2MiOiJQQVhQUjA3TUI3ODIzIiwic3JzbiI6NjM4ODYzMTcxODM0NzEzNDg1fQ.eyJzYXAtdmVyc2lvbiI6IjMyIiwiYXBwaWQiOiJhZjNlYmJiYS1jMjNmLTQ5MmEtYWE5My04MzQyMTY5NmVjNGIiLCJpc3NyaW5nIjoiV1ciLCJhcHBpZGFjciI6IjIiLCJhcHBfZGlzcGxheW5hbWUiOiIiLCJ1dGkiOiI0NmQzN2RkYi0zMTAwLTQ3OWUtOTY5OS0zOGM2ZjMwZjE5MjgiLCJpYXQiOjE3NTA3NjU5MTQsInZlciI6IlNUSS5Vc2VyLkNhbGxiYWNrVG9rZW4uVjEiLCJ0aWQiOiI5YmFjZDFiMDU3ZjY0MTdlYWE1ZDNhZGQ0MDI0NWU4NiIsInRydXN0ZWRmb3JkZWxlZ2F0aW9uIjoiZmFsc2UiLCJ0b3BvbG9neSI6IntcIlR5cGVcIjpcIk1hY2hpbmVcIixcIlZhbHVlXCI6XCJQQVhQUjA3TUI3ODIzLmV1cnByZDA3LnByb2Qub3V0bG9vay5jb21cIn0iLCJyZXF1ZXN0b3JfYXBwaWQiOiIxNTdjZGZiZi03Mzk4LTRhNTYtOTZjMy1lOTNlOWFiMzA5YjUiLCJyZXF1ZXN0b3JfYXBwX2Rpc3BsYXluYW1lIjoiT2ZmaWNlIDM2NSBFeGNoYW5nZSBNaWNyb3NlcnZpY2UiLCJzY3AiOiJPd2FBdHRhY2htZW50cy5SZWFkIiwib2lkIjoiYWQwZjg0NTQtYTdlNi00MDJmLTkzYzYtZThkMjE5ZTY3N2E5IiwicHVpZCI6IjEwMDMyMDAyNTU5NUQzQkQiLCJzbXRwIjoiYWRyamFiOTU4OEBlZHUud3JvY2xhdy5wbCIsInVwbiI6ImFkcmphYjk1ODhAZWR1Lndyb2NsYXcucGwiLCJ1c2VyY2FsbGJhY2t1c2VyY29udGV4dGlkIjoiNTU2N2MxNjZjNGJmNDk1YjlhYWY1M2FjMWIxY2FmMmEiLCJzaWduaW5fc3RhdGUiOiJrbXNpIiwiZXBrIjoie1wia3R5XCI6XCJSU0FcIixcIm5cIjpcIjZGMUsyRElUODNydmJ0YXFEclFOYTBoR3pLM0hvZm1mQ0FGbEExTUVZb05MQWstZlBwUVpDMkJmdGR6bDRPQ0tDckpxWXE2dDZsaWpfNnBvTXEtUHpZTmp6VENzNWhwblJwZUZmd3RSZkx2MUI2U1M3RHAzeTNwcVU1cmpKdG5pWF8wTlV2TkFVNXdTSUNKVFU1QTdJLXE3WHFnSVc0VlBvZzVTWFNHYWlMV2pYeFZyYmJCVWNkZHY1ZkgwamRHb2hzVW02RWFaTDJxY0dGZXRoZlZ2VjV0NkZiYm5NejJiR3FMM1IxNmRHWFcwWDI5UVFSdTJDMlNYaG1aR3ZweG1RRXRNcExlcU5jaUVZNDU4QTNkN3U3d3FQWm95LWo2dTZ0WDJHRUdFY1JxcndNME8yeWNqeDVPdE4xTndBTm9YS3NFUnRrS0lyNnRHWUJxOTJCdFhtUVwiLFwiZVwiOlwiQVFBQlwiLFwiYWxnXCI6XCJSUzI1NlwiLFwiZXhwXCI6XCIxNzUwODU1MzkyXCIsXCJleHBfZGlmZlwiOlwiODY0MDBcIixcImtpZFwiOlwidnoxS1NTT044VGdDLTdiOVU0LTRFMlRmVlM0XCJ9LmZPdDBLd1VraksxMWpXaFdqeGErcUdRY3RFVmFJQkJVQXJJOGx2RDh2a2JEU0tMK01tam1Ubyt5VEsrMFg3amZyWGZneFdwd1ZybWZUekJIMklvYzkxTGJhRDd6MTdvdHl2eUNqemo3ZjdKbVYydDR4MjVCdjBLeGZ3MXpTcWtZbXcwL3FzcktDSlN4S0x1MDdIK3VnendNdHBvKzltK0ZvU2hSeEIxdjJWbnR1c1FGWFZrQXNJcmRBc3pxL3BudStpSDYyMzhsKzd3VEs2dVNqcEJQZElMTzlHalFDSUNXSHdjL20wamFlZzFwdzR2UGdLeGRNSkxTTnYxUE81a2RvcXc2bGxjcEs3eU9nZVM0cGZuOCtWWkVnVlNyODhDRVJtK2d1blFqRHgxclRoT3o0QmRZUGFQK1lyNjlDZWNGay9Qbm9WZGFzN0dqRXFhMm9vdWt3UT09IiwibmJmIjoxNzUwNzY1OTE0LCJleHAiOjE3NTA3NjYyMTQsImlzcyI6Imh0dHBzOi8vc3Vic3RyYXRlLm9mZmljZS5jb20vc3RzLyIsImF1ZCI6Imh0dHBzOi8vb3V0bG9vay5vZmZpY2UuY29tIiwic3NlYyI6IkU3bVNNdHVFaFBHYUc4LzAiLCJlc3NlYyI6ImFydGlmYWN0LWF1dG8tcHJvZHxNMzY1MjAyNS0wNS0xOVQyMDo1Mjo1NC42NDUyODgzWnxxUC9EdlRSeStHNUQ0ViJ9.GmDjUwQY-TQNx4d9_sM9cl-vyES3sLyPBOODdjbfrJnOIo9KtJWd2FA6bIzyZFKUuHPS8KlNRwqnDkiTNJlN0d7GIezxLV8GzfGnXp29N_iOzM3MnrsHwXrYjqLIobr6buPLE_DPwL1gvh4cASE3px7BbK7V9eKcCdzXZgohOcmKzoeA15LLvARDe7xRZNyXZ4nDsF4uoJ14_JCdXQagV_PA2ymUTQyBUjjzxxhGsArDPVnwjOulArDT5Ajqhx-yvbZeq20QDDjMTJK1Y3LHvWZKnCOLZE2ueL0a0LsBAtScBkKt0zyLdfbhYtslSia7KN1aYr1Hr-OtgqZoKSDiWA&amp;X-OWA-CANARY=X-OWA-CANARY_cookie_is_null_or_empty&amp;owa=outlook.office.com&amp;scriptVer=20250613016.15&amp;clientId=3F523E7C2650493C9ABC697B46887F1C&amp;animation=true\" alt=\"Podgl\u0105d obrazu\" \/>[\/vc_column_text][vc_column_text css=&#8221;&#8221;]Od 26 maja do 1 czerwca nasze przedszkole aktywnie uczestniczy\u0142o w czternastej edycji Europejskiego Tygodnia Ruchu (MOVE Week Poland), staj\u0105c si\u0119 cz\u0119\u015bci\u0105 wielkiego, mi\u0119dzynarodowego wydarzenia.<\/p>\n<p>Dzi\u0119kujemy wszystkim za aktywny udzia\u0142!<\/p>\n<p>MOVE Week \u2013 Tydzie\u0144 Ruchu\u00a0 kt\u00f3rego celem jest zach\u0119cenie do codziennej aktywno\u015bci fizycznej w przyjazny i zabawny spos\u00f3b.<\/p>\n<p>Sami zobaczcie, jak dobrze si\u0119 bawili\u015bmy!<\/p>\n<p><img loading=\"lazy\" decoding=\"async\" class=\"alignnone size-medium wp-image-9298\" src=\"https:\/\/przedszkole2.edu.wroclaw.pl\/wp-content\/uploads\/sites\/22\/2025\/06\/IMG_1947-225x300.jpg\" alt=\"\" width=\"225\" height=\"300\" srcset=\"https:\/\/przedszkole2.edu.wroclaw.pl\/wp-content\/uploads\/sites\/22\/2025\/06\/IMG_1947-225x300.jpg 225w, https:\/\/przedszkole2.edu.wroclaw.pl\/wp-content\/uploads\/sites\/22\/2025\/06\/IMG_1947-768x1024.jpg 768w, https:\/\/przedszkole2.edu.wroclaw.pl\/wp-content\/uploads\/sites\/22\/2025\/06\/IMG_1947-1152x1536.jpg 1152w, https:\/\/przedszkole2.edu.wroclaw.pl\/wp-content\/uploads\/sites\/22\/2025\/06\/IMG_1947-1536x2048.jpg 1536w, https:\/\/przedszkole2.edu.wroclaw.pl\/wp-content\/uploads\/sites\/22\/2025\/06\/IMG_1947-scaled.jpg 1920w\" sizes=\"auto, (max-width: 225px) 100vw, 225px\" \/><img loading=\"lazy\" decoding=\"async\" class=\"alignnone size-medium wp-image-9296\" src=\"https:\/\/przedszkole2.edu.wroclaw.pl\/wp-content\/uploads\/sites\/22\/2025\/06\/IMG_1952-225x300.jpg\" alt=\"\" width=\"225\" height=\"300\" srcset=\"https:\/\/przedszkole2.edu.wroclaw.pl\/wp-content\/uploads\/sites\/22\/2025\/06\/IMG_1952-225x300.jpg 225w, https:\/\/przedszkole2.edu.wroclaw.pl\/wp-content\/uploads\/sites\/22\/2025\/06\/IMG_1952-768x1024.jpg 768w, https:\/\/przedszkole2.edu.wroclaw.pl\/wp-content\/uploads\/sites\/22\/2025\/06\/IMG_1952-1152x1536.jpg 1152w, https:\/\/przedszkole2.edu.wroclaw.pl\/wp-content\/uploads\/sites\/22\/2025\/06\/IMG_1952-1536x2048.jpg 1536w, https:\/\/przedszkole2.edu.wroclaw.pl\/wp-content\/uploads\/sites\/22\/2025\/06\/IMG_1952-scaled.jpg 1920w\" sizes=\"auto, (max-width: 225px) 100vw, 225px\" \/><img loading=\"lazy\" decoding=\"async\" class=\"alignnone size-medium wp-image-9297\" src=\"https:\/\/przedszkole2.edu.wroclaw.pl\/wp-content\/uploads\/sites\/22\/2025\/06\/IMG_1950-225x300.jpg\" alt=\"\" width=\"225\" height=\"300\" srcset=\"https:\/\/przedszkole2.edu.wroclaw.pl\/wp-content\/uploads\/sites\/22\/2025\/06\/IMG_1950-225x300.jpg 225w, https:\/\/przedszkole2.edu.wroclaw.pl\/wp-content\/uploads\/sites\/22\/2025\/06\/IMG_1950-768x1024.jpg 768w, https:\/\/przedszkole2.edu.wroclaw.pl\/wp-content\/uploads\/sites\/22\/2025\/06\/IMG_1950-1152x1536.jpg 1152w, https:\/\/przedszkole2.edu.wroclaw.pl\/wp-content\/uploads\/sites\/22\/2025\/06\/IMG_1950-1536x2048.jpg 1536w, https:\/\/przedszkole2.edu.wroclaw.pl\/wp-content\/uploads\/sites\/22\/2025\/06\/IMG_1950-scaled.jpg 1920w\" sizes=\"auto, (max-width: 225px) 100vw, 225px\" \/><\/p>\n<p>#FindYourMOVE #MOVEWeek #BeActive #MOVEWeekPoland #MOVEWeekPoland2025 #MentalWellbeing #ABCMentalHealth<\/p>\n<p>@TydzienRuchu (MOVE Week Poland) @FundacjaV4Sport @NowWeMove @ISCApage (ISCA &#8211; International Sport and Culture Association) @AkademiaKrokietaiLamy @Szkolny Zwi\u0105zek Sportowy &#8222;Dolny \u015al\u0105sk&#8221;<\/p>\n<p>#SzkolnyZwi\u0105zekSportowyZarz\u0105dKrajowy[\/vc_column_text][vc_column_text css=&#8221;&#8221;]Dzi\u0119ki udzia\u0142owi w projekcie \u201eEdukacja w ruchu\u201d, mamy dost\u0119p do inspiruj\u0105cych materia\u0142\u00f3w z Akademii Krokieta i Lamy \u2013 a to oznacza, \u017ce w naszej plac\u00f3wce dzieje si\u0119 naprawd\u0119 du\u017co!<\/p>\n<p>Zamiast odlicza\u0107 dni do wakacji, my\u2026 dzia\u0142amy, bawimy si\u0119 i uczymy w ruchu! W tym miesi\u0105cu nasze sale i podw\u00f3rka t\u0119tni\u0142y energi\u0105!<\/p>\n<p>Dzi\u0119kujemy @FundacjaV4Sport i @AkademiaKrokietaiLamy za ogrom pomys\u0142\u00f3w, kt\u00f3re codziennie zamieniaj\u0105 zwyk\u0142e dni w aktywn\u0105 przygod\u0119 pe\u0142n\u0105 rado\u015bci i \u015bmiechu!<\/p>\n<p>#EdukacjaWRuchu #KrokietILama #RuchToZdrowie #AktywnaPlac\u00f3wka @FundacjaV4Sport @AkademiaKrokietaiLamy @awf.wroc @wroclaw.wroclove[\/vc_column_text][vc_column_text css=&#8221;&#8221;]Za nami fina\u0142owe wyzwanie projektu \u201eEdukacja w ruchu\u201d!<\/p>\n<p>Z dum\u0105 zako\u0144czyli\u015bmy ostatnie wyzwanie, kt\u00f3re by\u0142o naprawd\u0119 wyj\u0105tkowe \u2013 bo stworzone na podstawie naszych w\u0142asnych pomys\u0142\u00f3w! Na t\u0119 specjaln\u0105 okazj\u0119 @FundacjaV4Sport przygotowa\u0142a aktywno\u015b\u0107, kt\u00f3ra po\u0142\u0105czy\u0142a ruch, kreatywno\u015b\u0107 i edukacj\u0119 w najlepszym mo\u017cliwym stylu!<\/p>\n<p>To by\u0142a fantastyczna przygoda pe\u0142na energii, u\u015bmiechu i wsp\u00f3lnego dzia\u0142ania! Dzi\u0119kujemy za mo\u017cliwo\u015b\u0107 udzia\u0142u w projekcie, kt\u00f3ry udowadnia, \u017ce nauka w ruchu to przysz\u0142o\u015b\u0107 edukacji!<\/p>\n<p>Zostajemy z mas\u0105 inspiracji i energi\u0105 do dalszego dzia\u0142ania!<\/p>\n<p>#edukacjawruchu #edukacjawruchuWroclaw #PhysicallyActiveLearning #miniEDUball #aktywnenauczanie #ruchtozabawa<\/p>\n<p>@FundacjaV4Sport @awf.wroc @AkademiaKrokietaiLamy @wroclaw.wroclove<\/p>\n<p><img decoding=\"async\" src=\"https:\/\/attachments.office.net\/owa\/adrjab9588%40edu.wroclaw.pl\/service.svc\/s\/GetAttachmentThumbnail?id=AAkALgAAAAAAHYQDEapmEc2byACqAC%2FEWg0AaBswC4lzVE6yEPEKFgBSnQACQptKPQAAARIAEACT1N4diSDiQ4wnt%2BMb%2Bona&amp;thumbnailType=2&amp;token=eyJhbGciOiJSUzI1NiIsInR5cCI6IkpXVCIsImtpZCI6IjBQdGFYeGdkUSt2OEQveUt4cnduTU1tYVlEMD0iLCJ4NXQiOiIwUHRhWHhnZFErdjhEL3lLeHJ3bk1NbWFZRDA9Iiwibm9uY2UiOiJTRTdJUFltc2Z2WlRUV1phTjVzWTN6MlNyYV9oZFY0cGJfS2dCbjllemFGU0w3dTRndEpaMGJSMDJyTk9vSWl6ekdmdTMyRjE2aVJuRkM4dmw3UGVFVW44UWNyalg0XzRKVGxWdkpGODQ4TlExaVhIUlowcjdJbExTT2phU2h4Smw2TDM3cHgtbWVuY0tmaVdIMTRVOTdoZXkzbHJJTUJaUHVnUktEU3N0RlUiLCJpc3Nsb2MiOiJQQVhQUjA3TUI3ODIzIiwic3JzbiI6NjM4ODQ0MDU4NTk2MTA5ODE1fQ.eyJzYXAtdmVyc2lvbiI6IjMyIiwiYXBwaWQiOiJhZjNlYmJiYS1jMjNmLTQ5MmEtYWE5My04MzQyMTY5NmVjNGIiLCJpc3NyaW5nIjoiV1ciLCJhcHBpZGFjciI6IjIiLCJhcHBfZGlzcGxheW5hbWUiOiIiLCJ1dGkiOiJlYTdkYzEwOS00MmM2LTQ4NTktOGRmNi1jNDkzMTNmOWFhYjEiLCJpYXQiOjE3NDg5NDY2MjAsInZlciI6IlNUSS5Vc2VyLkNhbGxiYWNrVG9rZW4uVjEiLCJ0aWQiOiI5YmFjZDFiMDU3ZjY0MTdlYWE1ZDNhZGQ0MDI0NWU4NiIsInRydXN0ZWRmb3JkZWxlZ2F0aW9uIjoiZmFsc2UiLCJ0b3BvbG9neSI6IntcIlR5cGVcIjpcIk1hY2hpbmVcIixcIlZhbHVlXCI6XCJQQVhQUjA3TUI3ODIzLmV1cnByZDA3LnByb2Qub3V0bG9vay5jb21cIn0iLCJyZXF1ZXN0b3JfYXBwaWQiOiIxNTdjZGZiZi03Mzk4LTRhNTYtOTZjMy1lOTNlOWFiMzA5YjUiLCJyZXF1ZXN0b3JfYXBwX2Rpc3BsYXluYW1lIjoiT2ZmaWNlIDM2NSBFeGNoYW5nZSBNaWNyb3NlcnZpY2UiLCJzY3AiOiJPd2FBdHRhY2htZW50cy5SZWFkIiwib2lkIjoiYWQwZjg0NTQtYTdlNi00MDJmLTkzYzYtZThkMjE5ZTY3N2E5IiwicHVpZCI6IjEwMDMyMDAyNTU5NUQzQkQiLCJzbXRwIjoiYWRyamFiOTU4OEBlZHUud3JvY2xhdy5wbCIsInVwbiI6ImFkcmphYjk1ODhAZWR1Lndyb2NsYXcucGwiLCJ1c2VyY2FsbGJhY2t1c2VyY29udGV4dGlkIjoiNjVlMjhmMDdlYzEyNDRlNWIzY2M5NTMyNWJmYWIyYzMiLCJzaWduaW5fc3RhdGUiOiJrbXNpIiwiZXBrIjoie1wia3R5XCI6XCJSU0FcIixcIm5cIjpcIjBiQWhkb19HWEhIMktMQmVyaEVXc19TR0NzSjJjOHRfTWlrQVZKdWxvaV9Sa2twUFZMemN3SVhEV0pFTnBFbVE3VjRXRkRMZTdDSk1OeWJpRWVDLTA4NmdqTU1FREZlTDFIdGRfRkl1TG52WlhWWHdxeWh0Z0FjWHlGdG1HY01oSGFSc0ZQdV9MT3RLMXM5WUZVYk1TUnFzdFozQUJleUpELXI2SjNlRWVCbWlMM2R3YThIUi1WQjNoZkpUQXN3TU9jVUZKQXZTY0VvTXpIenNLTlR2QW1tVVFrb2Y2ZjFRVnBUMEp2WlU5MFJ2UnVFRmlfUW1HQVhhbl9tSFNfUWJfc0JBemZxb3VtNVV1aktsa0lIbTVDdUljY0dWbk5WUFVLUmM3bkg0VDE5ZHVtNnRlaTlkZEM1MVpvQUpMVk96LVlEYk5aZldicF80d1d2QkFOSl9WUVwiLFwiZVwiOlwiQVFBQlwiLFwiYWxnXCI6XCJSUzI1NlwiLFwiZXhwXCI6XCIxNzQ5MDM1ODk5XCIsXCJleHBfZGlmZlwiOlwiODY0MDBcIixcImtpZFwiOlwiOGl0NHc1OXVpQVVtN2FhX1A2alRyaVZ5djBNXCJ9Lm9NbFc4OUxYZnhPRXhFdXlnKzdCQ0VROFdKTUphM3hpYTI1My9uZndtZEUvS28rT2RlZWU2emdKb3piUVhINExSTTZtZVl2QldBVGhBWkw1dVNCbnFQdWpKZXkxOVB4WFdVZzZ2Rkk3ZXordlNnUjdVTzJEMVVBaWQ5TTdwb0UvelMxYWsyaWtjZ1R6VzJydVQzRXdSVXZjdUJwYnFMTFlOQUl1a1BGRWxlZC9yQk5wNERTUitST2Vtcjl2aS9sSFYrdkxBV0d1OUhVWFdkZ1Y3ZnFvM21OcWhvSVp5UjM2aFFPakhQTmFTVFZyRytmT04vNWxTYThUMlE3WmZrdlpQKzFrdTNnK3hRV3YxNWtMd3RoSDJOS0ZuclJUTkowUkh3dDFzdTVna094akdMR3ZjVGxhRmtFaXpSSE1RRUVFY2hEQVduUDJYVnpjMXAxa0orVHdkQT09IiwibmJmIjoxNzQ4OTQ2NjIwLCJleHAiOjE3NDg5NDY5MjAsImlzcyI6Imh0dHBzOi8vc3Vic3RyYXRlLm9mZmljZS5jb20vc3RzLyIsImF1ZCI6Imh0dHBzOi8vb3V0bG9vay5vZmZpY2UuY29tIiwic3NlYyI6IkU3em9lend2NVNGL3p2TnQifQ.GYy6g55_JrmXPYvHW4XIbHIEA8qq9CwzaPnuiCrsVViDka7g-a1TGDVCwa7E1pZxp7JYgyrlo6NN2DG0BJZOo2Wq_TnxNRQ4TIu7KpsU4Sp7IxNtNl-RETgdO0wuNORr780uvygmtNYYHLZgsG13t1CQKt2bqLhbzIeJMZYbwoVbCM49To8tnWmS-l15ZhfQTL61AJbOdaNkEyrVtlepHkJr-pgBD7QetlZU7bug-9qV10zyiOVEjWVf_8jvuPVZwvmvLgygMoI2r_xOcSBMsUHI391TCA-K4Pyze36MvLB07AygZ0TVLzK4-cC0Dv_wbEn7ZsNTVyOOWEwb8ELUHg&amp;X-OWA-CANARY=X-OWA-CANARY_cookie_is_null_or_empty&amp;owa=outlook.office.com&amp;scriptVer=20250523006.12&amp;clientId=3F523E7C2650493C9ABC697B46887F1C&amp;animation=true\" alt=\"Podgl\u0105d obrazu\" \/>[\/vc_column_text][vc_column_text css=&#8221;&#8221;]&#8221;Kwiecie\u0144 plecie\u0144, bo przeplata \u2013 troch\u0119 zimy, troch\u0119 lata!&#8221; A skoro pogoda za oknem lubi p\u0142ata\u0107 figle, my postanowili\u015bmy wzi\u0105\u0107 j\u0105 pod lup\u0119 w kolejnym wyzwaniu w ramach projektu \u201cEdukacja w ruchu\u201d! &#xfe0f;&#x2600;&#xfe0f;&#x2744;&#xfe0f;<\/p>\n<p>I wiecie co? Zabawa by\u0142a niesamowita! Wybory okaza\u0142y si\u0119 naprawd\u0119 trudne \u2013 no bo jak tu zdecydowa\u0107: chmury z waty cukrowej czy mo\u017ce \u017celkowe ob\u0142oczki? &#x2601;&#xfe0f; Jak my\u015blicie, co by\u015bcie wybrali?<\/p>\n<p>Wielkanoc tu\u017c, tu\u017c, a my nie zwalniamy tempa! Dzi\u0119ki materia\u0142om z Akademii Krokieta i Lamy nasze zaj\u0119cia s\u0105 pe\u0142ne kreatywnej zabawy, ruchu i anga\u017cuj\u0105cych aktywno\u015bci. Korzystamy, odkrywamy i bawimy si\u0119, ucz\u0105c jednocze\u015bnie \u2013 bo nauka mo\u017ce by\u0107 przygod\u0105!<\/p>\n<p>#edukacjawruchu #edukacjawruchuWroclaw #PhysicallyActiveLearning @FundacjaV4Sport @awf.wroc @AkademiaKrokietaiLamy @wroclaw.wroclove[\/vc_column_text][vc_column_text css=&#8221;&#8221;]Kolejne wyzwanie w ramach projektu &#8222;Edukacja w ruchu&#8221; za nami! Tym razem wcielili\u015bmy si\u0119 w superbohater\u00f3w i odkrywali\u015bmy swoje wyj\u0105tkowe moce! By\u0142o mn\u00f3stwo kreatywnej zabawy, ruchu i emocji \u2013 a wyb\u00f3r supermocy okaza\u0142 si\u0119 naprawd\u0119 trudnym zadaniem!<\/p>\n<p>A gdyby\u015bcie mogli wybra\u0107 tylko jedn\u0105\u2026 Sterowanie czasem czy kontrolowanie pogody? Kt\u00f3ra supermoc bardziej by si\u0119 Wam przyda\u0142a?<\/p>\n<p><img loading=\"lazy\" decoding=\"async\" class=\"alignnone size-medium wp-image-9083\" src=\"https:\/\/przedszkole2.edu.wroclaw.pl\/wp-content\/uploads\/sites\/22\/2025\/03\/Edukacjawruchu_wyzwanie2_grafika-300x169.jpg\" alt=\"\" width=\"300\" height=\"169\" srcset=\"https:\/\/przedszkole2.edu.wroclaw.pl\/wp-content\/uploads\/sites\/22\/2025\/03\/Edukacjawruchu_wyzwanie2_grafika-300x169.jpg 300w, https:\/\/przedszkole2.edu.wroclaw.pl\/wp-content\/uploads\/sites\/22\/2025\/03\/Edukacjawruchu_wyzwanie2_grafika-1024x576.jpg 1024w, https:\/\/przedszkole2.edu.wroclaw.pl\/wp-content\/uploads\/sites\/22\/2025\/03\/Edukacjawruchu_wyzwanie2_grafika-768x432.jpg 768w, https:\/\/przedszkole2.edu.wroclaw.pl\/wp-content\/uploads\/sites\/22\/2025\/03\/Edukacjawruchu_wyzwanie2_grafika-1536x864.jpg 1536w, https:\/\/przedszkole2.edu.wroclaw.pl\/wp-content\/uploads\/sites\/22\/2025\/03\/Edukacjawruchu_wyzwanie2_grafika-2048x1152.jpg 2048w\" sizes=\"auto, (max-width: 300px) 100vw, 300px\" \/><\/p>\n<p>#edukacjawruchu #edukacjawruchuWroclaw #PhysicallyActiveLearning @FundacjaV4Sport @awf.wroc @AkademiaKrokietaiLamy @wroclaw.wroclove<\/p>\n<p>Wiosna to czas, gdy przyroda budzi si\u0119 do \u017cycia, a my z energi\u0105 ruszamy do dzia\u0142ania! Dzi\u0119ki materia\u0142om od Akademii Krokieta i Lamy nauka staje si\u0119 dla dzieci naturaln\u0105 zabaw\u0105 \u2013 nawet nie zauwa\u017caj\u0105, jak wiele si\u0119 ucz\u0105! Na platformie czeka\u0142o na nas mn\u00f3stwo inspiruj\u0105cych film\u00f3w.<\/p>\n<p>#edukacjawruchu #edukacjawruchuWroclaw #PhysicallyActiveLearning @FundacjaV4Sport @awf.wroc @AkademiaKrokietaiLamy @wroclaw.wroclove[\/vc_column_text][vc_column_text css=&#8221;&#8221;]Po feriach wr\u00f3cili\u015bmy do rytmu z pe\u0142n\u0105 energi\u0105, korzystaj\u0105c z materia\u0142\u00f3w Akademii Krokieta i Lamy, kt\u00f3re mamy dzi\u0119ki udzia\u0142owi w projekcie \u201eEdukacja w ruchu\u201d! Sami zobaczcie, jak sp\u0119dzili\u015bmy czas i jak \u015bwietnie si\u0119 bawili\u015bmy! Dzieci by\u0142y zachwycone, a u\u015bmiechy na ich twarzach m\u00f3wi\u0105 same za siebie. Czas na wsp\u00f3lne odkrywanie nowych przyg\u00f3d \u2013 z materia\u0142ami, kt\u00f3re inspiruj\u0105 do aktywno\u015bci i zabawy!<\/p>\n<p>&nbsp;<\/p>\n<p>#edukacjawruchu #edukacjawruchuWroclaw #PhysicallyActiveLearning @FundacjaV4Sport @awf.wroc @AkademiaKrokietaiLamy @wroclaw.wroclove[\/vc_column_text][vc_column_text css=&#8221;&#8221;]Pierwsze wyzwanie w ramach II etapu projektu \u201eEdukacja w ruchu\u201d za nami!<\/p>\n<p>Luty min\u0105\u0142 nam pod znakiem zwierzak\u00f3w! Dzieci mia\u0142y okazj\u0119 pozna\u0107 swoje preferencje i odkry\u0107 co\u015b nowego o swoich kolegach i kole\u017cankach. A Wy, co by\u015bcie wybrali: spanie z leniwcem czy bieganie z gepardem? Czekamy na Wasze odpowiedzi!<\/p>\n<p>#edukacjawruchu #edukacjawruchuWroclaw #PhysicallyActiveLearning @FundacjaV4Sport @awf.wroc @AkademiaKrokietaiLamy @wroclaw.wroclove[\/vc_column_text][vc_column_text css=&#8221;&#8221;]<img loading=\"lazy\" decoding=\"async\" class=\"alignnone size-medium wp-image-8966\" src=\"https:\/\/przedszkole2.edu.wroclaw.pl\/wp-content\/uploads\/sites\/22\/2025\/02\/EwR_Dostalismy-sie1-300x300.jpg\" alt=\"u\u015bmiechni\u0119te dzieci - plakat dostalismy si\u0119 doo II etapu prpjektu!\" width=\"300\" height=\"300\" srcset=\"https:\/\/przedszkole2.edu.wroclaw.pl\/wp-content\/uploads\/sites\/22\/2025\/02\/EwR_Dostalismy-sie1-300x300.jpg 300w, https:\/\/przedszkole2.edu.wroclaw.pl\/wp-content\/uploads\/sites\/22\/2025\/02\/EwR_Dostalismy-sie1-1024x1024.jpg 1024w, https:\/\/przedszkole2.edu.wroclaw.pl\/wp-content\/uploads\/sites\/22\/2025\/02\/EwR_Dostalismy-sie1-150x150.jpg 150w, https:\/\/przedszkole2.edu.wroclaw.pl\/wp-content\/uploads\/sites\/22\/2025\/02\/EwR_Dostalismy-sie1-768x768.jpg 768w, https:\/\/przedszkole2.edu.wroclaw.pl\/wp-content\/uploads\/sites\/22\/2025\/02\/EwR_Dostalismy-sie1-1536x1536.jpg 1536w, https:\/\/przedszkole2.edu.wroclaw.pl\/wp-content\/uploads\/sites\/22\/2025\/02\/EwR_Dostalismy-sie1-2048x2048.jpg 2048w\" sizes=\"auto, (max-width: 300px) 100vw, 300px\" \/><\/p>\n<p>Po trzech miesi\u0105cach pe\u0142nych wra\u017ce\u0144, zabawy i emocjonuj\u0105cych wyzwa\u0144 w ramach projektu \u201cEdukacja w ruchu\u201d mamy niesamowit\u0105 wiadomo\u015b\u0107 \u2013 znale\u017ali\u015bmy si\u0119 w\u015br\u00f3d 100 grup- Grupa &#8222;Ogrodnicy&#8221;, kt\u00f3re zakwalifikowa\u0142y si\u0119 do II etapu!<\/p>\n<p>Przed nami jeszcze wi\u0119cej niesamowitych wyzwa\u0144 i aktywno\u015bci, kt\u00f3rymi b\u0119dziemy si\u0119 z Wami dzieli\u0107 w nadchodz\u0105cych miesi\u0105cach. Nie mo\u017cemy si\u0119 doczeka\u0107, by wsp\u00f3lnie odkrywa\u0107 kolejne mo\u017cliwo\u015bci! &#x2728;<\/p>\n<p>#edukacjawruchu #edukacjawruchuWroclaw #PhysicallyActiveLearning<\/p>\n<p>&nbsp;<\/p>\n<p>Integracyjny WF- \u015awi\u0105teczna Misja 2024<\/p>\n<p>W dniu 11.12.2024 roku grupa &#8222;Ogrodnicy&#8221; i &#8222;Tropiciele&#8221; wzi\u0119li udzia\u0142 w Integracyjnym WF-\u015awi\u0105teczna Misja. By\u0142a to n<span data-olk-copy-source=\"MessageBody\">iezwyk\u0142a misja ratowania \u015awi\u0105t, pe\u0142na ruchu, zabawy i \u015bwi\u0105tecznej atmosfery! Poprowadzi\u0142a j\u0105 Kasia Kozikowska \u2013 paralimpijka i niesamowita inspiracja dla dzieci i m\u0142odzie\u017cy.<\/span><\/p>\n<p><span data-olk-copy-source=\"MessageBody\">#IWF2024 #BeActive #IWFPoland #IWFPoland2024 #IntegracyjnyWF<\/span><\/p>\n<p><img loading=\"lazy\" decoding=\"async\" class=\"alignnone size-medium wp-image-8740\" src=\"https:\/\/przedszkole2.edu.wroclaw.pl\/wp-content\/uploads\/sites\/22\/2024\/12\/IMG_0073-225x300.jpeg\" alt=\"\" width=\"225\" height=\"300\" srcset=\"https:\/\/przedszkole2.edu.wroclaw.pl\/wp-content\/uploads\/sites\/22\/2024\/12\/IMG_0073-225x300.jpeg 225w, https:\/\/przedszkole2.edu.wroclaw.pl\/wp-content\/uploads\/sites\/22\/2024\/12\/IMG_0073-768x1024.jpeg 768w, https:\/\/przedszkole2.edu.wroclaw.pl\/wp-content\/uploads\/sites\/22\/2024\/12\/IMG_0073-1152x1536.jpeg 1152w, https:\/\/przedszkole2.edu.wroclaw.pl\/wp-content\/uploads\/sites\/22\/2024\/12\/IMG_0073-1536x2048.jpeg 1536w, https:\/\/przedszkole2.edu.wroclaw.pl\/wp-content\/uploads\/sites\/22\/2024\/12\/IMG_0073-scaled.jpeg 1920w\" sizes=\"auto, (max-width: 225px) 100vw, 225px\" \/><img loading=\"lazy\" decoding=\"async\" class=\"alignnone size-medium wp-image-8739\" src=\"https:\/\/przedszkole2.edu.wroclaw.pl\/wp-content\/uploads\/sites\/22\/2024\/12\/IMG_0072-225x300.jpeg\" alt=\"\" width=\"225\" height=\"300\" srcset=\"https:\/\/przedszkole2.edu.wroclaw.pl\/wp-content\/uploads\/sites\/22\/2024\/12\/IMG_0072-225x300.jpeg 225w, https:\/\/przedszkole2.edu.wroclaw.pl\/wp-content\/uploads\/sites\/22\/2024\/12\/IMG_0072-768x1024.jpeg 768w, https:\/\/przedszkole2.edu.wroclaw.pl\/wp-content\/uploads\/sites\/22\/2024\/12\/IMG_0072-1152x1536.jpeg 1152w, https:\/\/przedszkole2.edu.wroclaw.pl\/wp-content\/uploads\/sites\/22\/2024\/12\/IMG_0072-1536x2048.jpeg 1536w, https:\/\/przedszkole2.edu.wroclaw.pl\/wp-content\/uploads\/sites\/22\/2024\/12\/IMG_0072-scaled.jpeg 1920w\" sizes=\"auto, (max-width: 225px) 100vw, 225px\" \/><img loading=\"lazy\" decoding=\"async\" class=\"alignnone size-medium wp-image-8738\" src=\"https:\/\/przedszkole2.edu.wroclaw.pl\/wp-content\/uploads\/sites\/22\/2024\/12\/IMG_0071-225x300.jpeg\" alt=\"\" width=\"225\" height=\"300\" srcset=\"https:\/\/przedszkole2.edu.wroclaw.pl\/wp-content\/uploads\/sites\/22\/2024\/12\/IMG_0071-225x300.jpeg 225w, https:\/\/przedszkole2.edu.wroclaw.pl\/wp-content\/uploads\/sites\/22\/2024\/12\/IMG_0071-768x1024.jpeg 768w, https:\/\/przedszkole2.edu.wroclaw.pl\/wp-content\/uploads\/sites\/22\/2024\/12\/IMG_0071-1152x1536.jpeg 1152w, https:\/\/przedszkole2.edu.wroclaw.pl\/wp-content\/uploads\/sites\/22\/2024\/12\/IMG_0071-1536x2048.jpeg 1536w, https:\/\/przedszkole2.edu.wroclaw.pl\/wp-content\/uploads\/sites\/22\/2024\/12\/IMG_0071-scaled.jpeg 1920w\" sizes=\"auto, (max-width: 225px) 100vw, 225px\" \/><img loading=\"lazy\" decoding=\"async\" class=\"alignnone size-medium wp-image-8737\" src=\"https:\/\/przedszkole2.edu.wroclaw.pl\/wp-content\/uploads\/sites\/22\/2024\/12\/IMG_0070-225x300.jpeg\" alt=\"\" width=\"225\" height=\"300\" srcset=\"https:\/\/przedszkole2.edu.wroclaw.pl\/wp-content\/uploads\/sites\/22\/2024\/12\/IMG_0070-225x300.jpeg 225w, https:\/\/przedszkole2.edu.wroclaw.pl\/wp-content\/uploads\/sites\/22\/2024\/12\/IMG_0070-768x1024.jpeg 768w, https:\/\/przedszkole2.edu.wroclaw.pl\/wp-content\/uploads\/sites\/22\/2024\/12\/IMG_0070-1152x1536.jpeg 1152w, https:\/\/przedszkole2.edu.wroclaw.pl\/wp-content\/uploads\/sites\/22\/2024\/12\/IMG_0070-1536x2048.jpeg 1536w, https:\/\/przedszkole2.edu.wroclaw.pl\/wp-content\/uploads\/sites\/22\/2024\/12\/IMG_0070-scaled.jpeg 1920w\" sizes=\"auto, (max-width: 225px) 100vw, 225px\" \/><img loading=\"lazy\" decoding=\"async\" class=\"alignnone size-medium wp-image-8736\" src=\"https:\/\/przedszkole2.edu.wroclaw.pl\/wp-content\/uploads\/sites\/22\/2024\/12\/IMG_0069-225x300.jpeg\" alt=\"\" width=\"225\" height=\"300\" srcset=\"https:\/\/przedszkole2.edu.wroclaw.pl\/wp-content\/uploads\/sites\/22\/2024\/12\/IMG_0069-225x300.jpeg 225w, https:\/\/przedszkole2.edu.wroclaw.pl\/wp-content\/uploads\/sites\/22\/2024\/12\/IMG_0069-768x1024.jpeg 768w, https:\/\/przedszkole2.edu.wroclaw.pl\/wp-content\/uploads\/sites\/22\/2024\/12\/IMG_0069-1152x1536.jpeg 1152w, https:\/\/przedszkole2.edu.wroclaw.pl\/wp-content\/uploads\/sites\/22\/2024\/12\/IMG_0069-1536x2048.jpeg 1536w, https:\/\/przedszkole2.edu.wroclaw.pl\/wp-content\/uploads\/sites\/22\/2024\/12\/IMG_0069-scaled.jpeg 1920w\" sizes=\"auto, (max-width: 225px) 100vw, 225px\" \/>[\/vc_column_text][vc_row_inner][vc_column_inner][vc_column_text css=&#8221;&#8221;]<img loading=\"lazy\" decoding=\"async\" class=\"wp-image-8689 aligncenter\" src=\"https:\/\/przedszkole2.edu.wroclaw.pl\/wp-content\/uploads\/sites\/22\/2024\/12\/assets_page-editor_akil_logo_1210x1130.1729862646-300x280.jpg\" alt=\"logo Akademia Krokieta I Lamy - edukacja w ruchu\" width=\"199\" height=\"186\" srcset=\"https:\/\/przedszkole2.edu.wroclaw.pl\/wp-content\/uploads\/sites\/22\/2024\/12\/assets_page-editor_akil_logo_1210x1130.1729862646-300x280.jpg 300w, https:\/\/przedszkole2.edu.wroclaw.pl\/wp-content\/uploads\/sites\/22\/2024\/12\/assets_page-editor_akil_logo_1210x1130.1729862646.jpg 600w\" sizes=\"auto, (max-width: 199px) 100vw, 199px\" \/><\/p>\n<p>Uko\u0144czyli\u015bmy #3, ostatnie ju\u017c wyzwanie pierwszego etapu projektu \u201cEdukacja w ruchu\u201d!<\/p>\n<p>W grudniu na dzieci czeka\u0142y zabawy edukacyjno-ruchowe zwi\u0105zane z tematyk\u0105 \u015bwi\u0105teczn\u0105.<\/p>\n<p>Cieszymy si\u0119, \u017ce wzi\u0119li\u015bmy udzia\u0142 w tej inicjatywie i z niecierpliwo\u015bci\u0105 czekamy na informacj\u0119, czy uda\u0142o nam si\u0119 zakwalifikowa\u0107 do drugiego etapu. Wkr\u00f3tce podzielimy si\u0119 tak\u017ce z Wami tymi wie\u015bciami!<\/p>\n<p>#edukacjawruchu #edukacjawruchuWroclaw #PhysicallyActiveLearning @FundacjaV4Sport @awf.wroc @AkademiaKrokietaiLamy @wroclaw.wroclove<\/p>\n<p>Grudzie\u0144 sprzyja zabawom wok\u00f3\u0142 tematyki \u015bwi\u0105tecznej. W tym miesi\u0105cu dzieci bawi\u0142y si\u0119 i uczy\u0142y w ruchu z wykorzystaniem materia\u0142\u00f3w Akademii Krokieta i Lamy, do kt\u00f3rych mamy dost\u0119p w ramach udzia\u0142u w projekcie \u201cEdukacja w ruchu\u201d.<\/p>\n<p>W zabawie dzieci dokonywa\u0142y wybor\u00f3w, wykonuj\u0105c ruchy, a ka\u017cda opcja by\u0142a pe\u0142na humoru i wyobra\u017ani.<br \/>\nCo wolisz: \u015awi\u0105teczne wybory!<br \/>\nCzy dzieci wol\u0105 polecie\u0107 saniami \u015awi\u0119tego Miko\u0142aja, czy wspina\u0107 si\u0119 z nim przez komin?<br \/>\nKolacja z elfami czy z reniferami?<br \/>\nChoinka udekorowana s\u0142odyczami czy naturalna w lesie? \u015awi\u0119ty Miko\u0142aj na skuterze czy na jednoro\u017ccu? Bombki na suficie czy na drzewku li\u015bciastym?<\/p>\n<p>#edukacjawruchu #edukacjawruchuWroclaw #PhysicallyActiveLearning @FundacjaV4Sport @awf.wroc @AkademiaKrokietaiLamy @wroclaw.wroclove[\/vc_column_text][vc_column_text css=&#8221;&#8221;]W\u0142a\u015bnie uko\u0144czyli\u015bmy drugie ju\u017c wyzwanie w ramach projektu \u201cEdukacja w ruchu\u201d!<\/p>\n<div>Drugie wyzwanie projektu &#8222;Edukacja w ruchu&#8221;<\/div>\n<div>W tym miesi\u0105cu dzieci mog\u0142y w ruchu sprawdzi\u0107 swoje zimowe preferencje oraz wybory swoich koleg\u00f3w i kole\u017canek.&#x2744;&#xfe0f; Nie by\u0142y to oczywiste aktywno\u015bci, ale nie b\u0119dziemy zdradza\u0107 naszych wszystkich sekret\u00f3w.<\/div>\n<div>#edukacjawruchu #edukacjawruchuWroclaw #PhysicallyActiveLearning<\/div>\n<div>@FundacjaV4Sport<\/div>\n<div>@awf.wroc<\/div>\n<div>@AkademiaKrokietaiLamy<\/div>\n<p>@wroclaw.wroclove<\/p>\n<p>Bior\u0105c udzia\u0142 w projekcie \u201cEdukacja w ruchu\u201d, mo\u017cemy r\u00f3wnie\u017c korzysta\u0107 z innych materia\u0142\u00f3w Akademii Krokieta i Lamy. W tym miesi\u0105cu dzieci \u0107wiczy\u0142y ogl\u0105daj\u0105c filmik &#8222;Co wolisz? Zimowe zagadki pe\u0142ne \u015bmiechu!&#8221; Film zach\u0119ca\u0142 dzieci do dokonywania wybor\u00f3w poprzez ruch, a ka\u017cda opcja jest zabawna i abstrakcyjna, co gwarantuje du\u017co \u015bmiechu<\/p>\n<p>#edukacjawruchu #edukacjawruchuWroclaw #PhysicallyActiveLearning<\/p>\n<p>@FundacjaV4Sport @awf.wroc @AkademiaKrokietaiLamy @wroclaw.wroclove[\/vc_column_text][vc_column_text css=&#8221;&#8221;]<\/p>\n<div data-olk-copy-source=\"MessageBody\">\n<p><strong>Za nami pierwsze wyzwanie projektu \u201eEdukacja w ruchu\u201d!<\/strong><\/p>\n<div aria-hidden=\"true\"><\/div>\n<div>W tym miesi\u0105cu dzieci w ruchu sprawdzi\u0142y swoje preferencje dotycz\u0105ce jesiennych zagadnie\u0144. Wzi\u0119\u0142y tak\u017ce udzia\u0142 w zabawie integracyjnej.<\/div>\n<div aria-hidden=\"true\"><\/div>\n<div>A Wy co wolicie \u2013 zbiera\u0107 grzyby czy skaka\u0107 w ka\u0142u\u017cach?<\/div>\n<div><\/div>\n<div>#edukacjawruchu #edukacjawruchuWroclaw #PhysicallyActiveLearning<\/div>\n<div>@FundacjaV4Sport<\/div>\n<div>@Akademia Wychowania Fizycznego we Wroc\u0142awiu<\/div>\n<div>@AkademiaKrokietaiLamy<\/div>\n<p>@wroclaw.wroclove<\/p>\n<\/div>\n<div><\/div>\n<div><\/div>\n<div>Zrealizowali\u015bmy r\u00f3wnie\u017c inne zaj\u0119cia z wykorzystaniem dodatkowych materia\u0142\u00f3w Akademii Krokieta i Lamy: Grzybowe wybory- co wolisz? Zadaniem dzieci by\u0142o pokazanie \u0107wiczeniem swoich wybor\u00f3w. Dlaczego bierzemy udzia\u0142 w tej inicjatywie? Juz\u0307 kilka minut ruchu dziennie poprawia koncentracje\u0328, co moz\u0307e prze\u0142oz\u0307yc\u0301 sie\u0328 na lepsze osi\u0105gniecia edukacyjne, dlatego tak wa\u017cne jest by stwarza\u0107 dzieciom dodatkowe preteksty do aktywno\u015bci fizycznej w ci\u0105gu dnia.<\/div>\n<div><\/div>\n<p>[\/vc_column_text][vc_column_text css=&#8221;&#8221;]<strong>Projekt &#8222;Edukacja w ruchu&#8221;<\/strong><\/p>\n<div>Dlaczego realizujemy ten projekt?<\/div>\n<div>Rekomendacje S\u0301wiatowej Organizacji Zdrowia (WHO) mo\u0301wia\u0328 o tym, z\u0307e do prawid\u0142owego rozwoju, dzieci potrzebuja\u0328 co najmniej 60 minut aktywnos\u0301ci fizycznej dziennie, codziennie, aby rozwijac\u0301 sie\u0328 prawid\u0142owo. Tymczasem wyniki wielu badan\u0301 wskazuja\u0328 na to, z\u0307e dzieci sa\u0328 niewystarczaja\u0328co aktywne fizycznie, a statystyki dotycza\u0328ce siedza\u0328cego stylu z\u0307ycia najm\u0142odszych stale sie\u0328 pogarszaja\u0328.<\/div>\n<div>Co wie\u0328cej, duz\u0307o czasu w pozycji siedza\u0328cej dzieci spe\u0328dzaja\u0328 przy nauce &#8211; w szkole, przedszkolu i w domu. Dlatego tak waz\u0307ne jest, by zadbac\u0301 o ruch, kto\u0301ry be\u0328dzie towarzyszy\u0142 im w cia\u0328gu ca\u0142ego dnia \u2013 ro\u0301wniez\u0307 w czasie nauki.<\/div>\n<div>Jakie korzy\u015bci mo\u017ce przynie\u015b\u0107 dzieciom udzia\u0142 w projekcie?<\/div>\n<div>\u25cf PRAWID\u0141OWY ROZWO\u0301J PSYCHOFIZYCZNY<\/div>\n<div>Wie\u0328cej okazji do ruchu w cia\u0328gu dnia to opro\u0301cz oczywistej dba\u0142os\u0301ci o kondycje\u0328 fizyczna\u0328 i psychiczna\u0328 dzieci, niezbe\u0328dny element ich prawid\u0142owego rozwoju.<\/div>\n<div>\u25cf LEPSZE WYNIKI W NAUCE<\/div>\n<div>Juz\u0307 kilka minut ruchu dziennie poprawia koncentracje\u0328, co moz\u0307e prze\u0142oz\u0307yc\u0301 sie\u0328 na lepsze osia\u0328gnie\u0328cia edukacyjne.<\/div>\n<div>\u25cf JESZCZE LEPSZA INTEGRACJA GRUPY<\/div>\n<div>Zabawy ruchowe wzmacniaja\u0328 wie\u0328zi mie\u0328dzy dziec\u0301mi, co wp\u0142ywa na lepsza\u0328 atmosfere\u0328 w grupie.<\/div>\n<div>\u25cf RUCH I DOBRA ZABAWA<\/div>\n<div>Wykonuja\u0328c zadania ruchowe, osadzone w atrakcyjnej fabule, dzieci zostaja\u0328 uczestnikami pasjonuja\u0328cych przygo\u0301d, kto\u0301re nie tylko dostarczaja\u0328 cennych tres\u0301ci edukacyjnych, ale takz\u0307e przynosza\u0328 wiele rados\u0301ci i us\u0301miechu.<\/div>\n<p>Projekt realizowany jest we wsp\u00f3\u0142pracy z Fundacj\u0105 V4Sport, Akademi\u0105 Wychowania Fizycznego im. Polskich Olimpijczyk\u00f3w we Wroc\u0142awiu oraz Akademi\u0105 Krokieta i Lamy. Inicjatywa finansowana jest ze \u015brodk\u00f3w Gminy Wroc\u0142aw.[\/vc_column_text][vc_column_text css=&#8221;&#8221;]<strong>Spartakiada w &#8222;Tajemniczym Ogrodzie&#8221;<\/strong><\/p>\n<p>8.10.2024r. odby\u0142a si\u0119 Mi\u0119dzy przedszkolna Spartakiada w Tajemniczym Ogrodzie. Do udzia\u0142u zosta\u0142y zaproszone przedszkola z Wielkiej Wyspy oraz najbli\u017cszej okolicy. Dzieci bra\u0142y udzia\u0142 w konkurencjach sportowych, podczas kt\u00f3rych mog\u0142y wykaza\u0107 si\u0119 swoj\u0105 sprawno\u015bci\u0105 fizyczn\u0105 oraz sprytem. Dzieciom towarzyszy\u0142o s\u0142o\u0144ce, u\u015bmiech i dobra zabawa.<\/p>\n<p><img loading=\"lazy\" decoding=\"async\" class=\"alignnone size-medium wp-image-8533\" src=\"https:\/\/przedszkole2.edu.wroclaw.pl\/wp-content\/uploads\/sites\/22\/2024\/10\/20241007_100209-300x225.jpg\" alt=\"\" width=\"300\" height=\"225\" srcset=\"https:\/\/przedszkole2.edu.wroclaw.pl\/wp-content\/uploads\/sites\/22\/2024\/10\/20241007_100209-300x225.jpg 300w, https:\/\/przedszkole2.edu.wroclaw.pl\/wp-content\/uploads\/sites\/22\/2024\/10\/20241007_100209-1024x768.jpg 1024w, https:\/\/przedszkole2.edu.wroclaw.pl\/wp-content\/uploads\/sites\/22\/2024\/10\/20241007_100209-768x576.jpg 768w, https:\/\/przedszkole2.edu.wroclaw.pl\/wp-content\/uploads\/sites\/22\/2024\/10\/20241007_100209-1536x1152.jpg 1536w, https:\/\/przedszkole2.edu.wroclaw.pl\/wp-content\/uploads\/sites\/22\/2024\/10\/20241007_100209-2048x1536.jpg 2048w\" sizes=\"auto, (max-width: 300px) 100vw, 300px\" \/><img loading=\"lazy\" decoding=\"async\" class=\"alignnone size-medium wp-image-8534\" src=\"https:\/\/przedszkole2.edu.wroclaw.pl\/wp-content\/uploads\/sites\/22\/2024\/10\/20241007_100216-300x225.jpg\" alt=\"\" width=\"300\" height=\"225\" srcset=\"https:\/\/przedszkole2.edu.wroclaw.pl\/wp-content\/uploads\/sites\/22\/2024\/10\/20241007_100216-300x225.jpg 300w, https:\/\/przedszkole2.edu.wroclaw.pl\/wp-content\/uploads\/sites\/22\/2024\/10\/20241007_100216-1024x768.jpg 1024w, https:\/\/przedszkole2.edu.wroclaw.pl\/wp-content\/uploads\/sites\/22\/2024\/10\/20241007_100216-768x576.jpg 768w, https:\/\/przedszkole2.edu.wroclaw.pl\/wp-content\/uploads\/sites\/22\/2024\/10\/20241007_100216-1536x1152.jpg 1536w, https:\/\/przedszkole2.edu.wroclaw.pl\/wp-content\/uploads\/sites\/22\/2024\/10\/20241007_100216-2048x1536.jpg 2048w\" sizes=\"auto, (max-width: 300px) 100vw, 300px\" \/><img loading=\"lazy\" decoding=\"async\" class=\"alignnone size-medium wp-image-8535\" src=\"https:\/\/przedszkole2.edu.wroclaw.pl\/wp-content\/uploads\/sites\/22\/2024\/10\/20241007_100219-300x225.jpg\" alt=\"\" width=\"300\" height=\"225\" srcset=\"https:\/\/przedszkole2.edu.wroclaw.pl\/wp-content\/uploads\/sites\/22\/2024\/10\/20241007_100219-300x225.jpg 300w, https:\/\/przedszkole2.edu.wroclaw.pl\/wp-content\/uploads\/sites\/22\/2024\/10\/20241007_100219-1024x768.jpg 1024w, https:\/\/przedszkole2.edu.wroclaw.pl\/wp-content\/uploads\/sites\/22\/2024\/10\/20241007_100219-768x576.jpg 768w, https:\/\/przedszkole2.edu.wroclaw.pl\/wp-content\/uploads\/sites\/22\/2024\/10\/20241007_100219-1536x1152.jpg 1536w, https:\/\/przedszkole2.edu.wroclaw.pl\/wp-content\/uploads\/sites\/22\/2024\/10\/20241007_100219-2048x1536.jpg 2048w\" sizes=\"auto, (max-width: 300px) 100vw, 300px\" \/><img loading=\"lazy\" decoding=\"async\" class=\"alignnone size-medium wp-image-8536\" src=\"https:\/\/przedszkole2.edu.wroclaw.pl\/wp-content\/uploads\/sites\/22\/2024\/10\/20241007_100240-300x225.jpg\" alt=\"\" width=\"300\" height=\"225\" srcset=\"https:\/\/przedszkole2.edu.wroclaw.pl\/wp-content\/uploads\/sites\/22\/2024\/10\/20241007_100240-300x225.jpg 300w, https:\/\/przedszkole2.edu.wroclaw.pl\/wp-content\/uploads\/sites\/22\/2024\/10\/20241007_100240-1024x768.jpg 1024w, https:\/\/przedszkole2.edu.wroclaw.pl\/wp-content\/uploads\/sites\/22\/2024\/10\/20241007_100240-768x576.jpg 768w, https:\/\/przedszkole2.edu.wroclaw.pl\/wp-content\/uploads\/sites\/22\/2024\/10\/20241007_100240-1536x1152.jpg 1536w, https:\/\/przedszkole2.edu.wroclaw.pl\/wp-content\/uploads\/sites\/22\/2024\/10\/20241007_100240-2048x1536.jpg 2048w\" sizes=\"auto, (max-width: 300px) 100vw, 300px\" \/><img loading=\"lazy\" decoding=\"async\" class=\"alignnone size-medium wp-image-8537\" src=\"https:\/\/przedszkole2.edu.wroclaw.pl\/wp-content\/uploads\/sites\/22\/2024\/10\/20241007_101017-300x225.jpg\" alt=\"\" width=\"300\" height=\"225\" srcset=\"https:\/\/przedszkole2.edu.wroclaw.pl\/wp-content\/uploads\/sites\/22\/2024\/10\/20241007_101017-300x225.jpg 300w, https:\/\/przedszkole2.edu.wroclaw.pl\/wp-content\/uploads\/sites\/22\/2024\/10\/20241007_101017-1024x768.jpg 1024w, https:\/\/przedszkole2.edu.wroclaw.pl\/wp-content\/uploads\/sites\/22\/2024\/10\/20241007_101017-768x576.jpg 768w, https:\/\/przedszkole2.edu.wroclaw.pl\/wp-content\/uploads\/sites\/22\/2024\/10\/20241007_101017-1536x1152.jpg 1536w, https:\/\/przedszkole2.edu.wroclaw.pl\/wp-content\/uploads\/sites\/22\/2024\/10\/20241007_101017-2048x1536.jpg 2048w\" sizes=\"auto, (max-width: 300px) 100vw, 300px\" \/><img loading=\"lazy\" decoding=\"async\" class=\"alignnone size-medium wp-image-8538\" src=\"https:\/\/przedszkole2.edu.wroclaw.pl\/wp-content\/uploads\/sites\/22\/2024\/10\/20241007_101020-300x225.jpg\" alt=\"\" width=\"300\" height=\"225\" srcset=\"https:\/\/przedszkole2.edu.wroclaw.pl\/wp-content\/uploads\/sites\/22\/2024\/10\/20241007_101020-300x225.jpg 300w, https:\/\/przedszkole2.edu.wroclaw.pl\/wp-content\/uploads\/sites\/22\/2024\/10\/20241007_101020-1024x768.jpg 1024w, https:\/\/przedszkole2.edu.wroclaw.pl\/wp-content\/uploads\/sites\/22\/2024\/10\/20241007_101020-768x576.jpg 768w, https:\/\/przedszkole2.edu.wroclaw.pl\/wp-content\/uploads\/sites\/22\/2024\/10\/20241007_101020-1536x1152.jpg 1536w, https:\/\/przedszkole2.edu.wroclaw.pl\/wp-content\/uploads\/sites\/22\/2024\/10\/20241007_101020-2048x1536.jpg 2048w\" sizes=\"auto, (max-width: 300px) 100vw, 300px\" \/>[\/vc_column_text][vc_column_text css=&#8221;&#8221;]EDSS w &#8222;Tajemniczym Ogrodzie&#8221;<\/p>\n<p><span data-olk-copy-source=\"MessageBody\">Nasza plac\u00f3wka wzi\u0119\u0142a udzia\u0142 w kolejnej edycji Europejskiego Dnia Sportu Szkolnego. Tym razem pod has\u0142em &#8222;Skacz na skakance&#8221;. Dzieci powoli nabieraj\u0105 wprawy w trudnej umiej\u0119tno\u015bci skakania przez skakank\u0119 oraz kabel.<\/span><\/p>\n<p><img loading=\"lazy\" decoding=\"async\" class=\"alignnone size-medium wp-image-8525\" src=\"https:\/\/przedszkole2.edu.wroclaw.pl\/wp-content\/uploads\/sites\/22\/2024\/10\/20240927_103341-225x300.jpg\" alt=\"\" width=\"225\" height=\"300\" srcset=\"https:\/\/przedszkole2.edu.wroclaw.pl\/wp-content\/uploads\/sites\/22\/2024\/10\/20240927_103341-225x300.jpg 225w, https:\/\/przedszkole2.edu.wroclaw.pl\/wp-content\/uploads\/sites\/22\/2024\/10\/20240927_103341-768x1024.jpg 768w, https:\/\/przedszkole2.edu.wroclaw.pl\/wp-content\/uploads\/sites\/22\/2024\/10\/20240927_103341-1152x1536.jpg 1152w, https:\/\/przedszkole2.edu.wroclaw.pl\/wp-content\/uploads\/sites\/22\/2024\/10\/20240927_103341-1536x2048.jpg 1536w, https:\/\/przedszkole2.edu.wroclaw.pl\/wp-content\/uploads\/sites\/22\/2024\/10\/20240927_103341-scaled.jpg 1920w\" sizes=\"auto, (max-width: 225px) 100vw, 225px\" \/><img loading=\"lazy\" decoding=\"async\" class=\"alignnone size-medium wp-image-8526\" src=\"https:\/\/przedszkole2.edu.wroclaw.pl\/wp-content\/uploads\/sites\/22\/2024\/10\/20240927_103343-225x300.jpg\" alt=\"\" width=\"225\" height=\"300\" srcset=\"https:\/\/przedszkole2.edu.wroclaw.pl\/wp-content\/uploads\/sites\/22\/2024\/10\/20240927_103343-225x300.jpg 225w, https:\/\/przedszkole2.edu.wroclaw.pl\/wp-content\/uploads\/sites\/22\/2024\/10\/20240927_103343-768x1024.jpg 768w, https:\/\/przedszkole2.edu.wroclaw.pl\/wp-content\/uploads\/sites\/22\/2024\/10\/20240927_103343-1152x1536.jpg 1152w, https:\/\/przedszkole2.edu.wroclaw.pl\/wp-content\/uploads\/sites\/22\/2024\/10\/20240927_103343-1536x2048.jpg 1536w, https:\/\/przedszkole2.edu.wroclaw.pl\/wp-content\/uploads\/sites\/22\/2024\/10\/20240927_103343-scaled.jpg 1920w\" sizes=\"auto, (max-width: 225px) 100vw, 225px\" \/><img loading=\"lazy\" decoding=\"async\" class=\"alignnone size-medium wp-image-8527\" src=\"https:\/\/przedszkole2.edu.wroclaw.pl\/wp-content\/uploads\/sites\/22\/2024\/10\/20240927_103346-225x300.jpg\" alt=\"\" width=\"225\" height=\"300\" srcset=\"https:\/\/przedszkole2.edu.wroclaw.pl\/wp-content\/uploads\/sites\/22\/2024\/10\/20240927_103346-225x300.jpg 225w, https:\/\/przedszkole2.edu.wroclaw.pl\/wp-content\/uploads\/sites\/22\/2024\/10\/20240927_103346-768x1024.jpg 768w, https:\/\/przedszkole2.edu.wroclaw.pl\/wp-content\/uploads\/sites\/22\/2024\/10\/20240927_103346-1152x1536.jpg 1152w, https:\/\/przedszkole2.edu.wroclaw.pl\/wp-content\/uploads\/sites\/22\/2024\/10\/20240927_103346-1536x2048.jpg 1536w, https:\/\/przedszkole2.edu.wroclaw.pl\/wp-content\/uploads\/sites\/22\/2024\/10\/20240927_103346-scaled.jpg 1920w\" sizes=\"auto, (max-width: 225px) 100vw, 225px\" \/><img loading=\"lazy\" decoding=\"async\" class=\"alignnone size-medium wp-image-8528\" src=\"https:\/\/przedszkole2.edu.wroclaw.pl\/wp-content\/uploads\/sites\/22\/2024\/10\/20240927_103348-225x300.jpg\" alt=\"\" width=\"225\" height=\"300\" srcset=\"https:\/\/przedszkole2.edu.wroclaw.pl\/wp-content\/uploads\/sites\/22\/2024\/10\/20240927_103348-225x300.jpg 225w, https:\/\/przedszkole2.edu.wroclaw.pl\/wp-content\/uploads\/sites\/22\/2024\/10\/20240927_103348-768x1024.jpg 768w, https:\/\/przedszkole2.edu.wroclaw.pl\/wp-content\/uploads\/sites\/22\/2024\/10\/20240927_103348-1152x1536.jpg 1152w, https:\/\/przedszkole2.edu.wroclaw.pl\/wp-content\/uploads\/sites\/22\/2024\/10\/20240927_103348-1536x2048.jpg 1536w, https:\/\/przedszkole2.edu.wroclaw.pl\/wp-content\/uploads\/sites\/22\/2024\/10\/20240927_103348-scaled.jpg 1920w\" sizes=\"auto, (max-width: 225px) 100vw, 225px\" \/><img loading=\"lazy\" decoding=\"async\" class=\"alignnone size-medium wp-image-8529\" src=\"https:\/\/przedszkole2.edu.wroclaw.pl\/wp-content\/uploads\/sites\/22\/2024\/10\/20240927_103404-225x300.jpg\" alt=\"\" width=\"225\" height=\"300\" srcset=\"https:\/\/przedszkole2.edu.wroclaw.pl\/wp-content\/uploads\/sites\/22\/2024\/10\/20240927_103404-225x300.jpg 225w, https:\/\/przedszkole2.edu.wroclaw.pl\/wp-content\/uploads\/sites\/22\/2024\/10\/20240927_103404-768x1024.jpg 768w, https:\/\/przedszkole2.edu.wroclaw.pl\/wp-content\/uploads\/sites\/22\/2024\/10\/20240927_103404-1152x1536.jpg 1152w, https:\/\/przedszkole2.edu.wroclaw.pl\/wp-content\/uploads\/sites\/22\/2024\/10\/20240927_103404-1536x2048.jpg 1536w, https:\/\/przedszkole2.edu.wroclaw.pl\/wp-content\/uploads\/sites\/22\/2024\/10\/20240927_103404-scaled.jpg 1920w\" sizes=\"auto, (max-width: 225px) 100vw, 225px\" \/><img loading=\"lazy\" decoding=\"async\" class=\"alignnone size-medium wp-image-8530\" src=\"https:\/\/przedszkole2.edu.wroclaw.pl\/wp-content\/uploads\/sites\/22\/2024\/10\/20240927_103412-225x300.jpg\" alt=\"\" width=\"225\" height=\"300\" srcset=\"https:\/\/przedszkole2.edu.wroclaw.pl\/wp-content\/uploads\/sites\/22\/2024\/10\/20240927_103412-225x300.jpg 225w, https:\/\/przedszkole2.edu.wroclaw.pl\/wp-content\/uploads\/sites\/22\/2024\/10\/20240927_103412-768x1024.jpg 768w, https:\/\/przedszkole2.edu.wroclaw.pl\/wp-content\/uploads\/sites\/22\/2024\/10\/20240927_103412-1152x1536.jpg 1152w, https:\/\/przedszkole2.edu.wroclaw.pl\/wp-content\/uploads\/sites\/22\/2024\/10\/20240927_103412-1536x2048.jpg 1536w, https:\/\/przedszkole2.edu.wroclaw.pl\/wp-content\/uploads\/sites\/22\/2024\/10\/20240927_103412-scaled.jpg 1920w\" sizes=\"auto, (max-width: 225px) 100vw, 225px\" \/><img loading=\"lazy\" decoding=\"async\" class=\"alignnone size-medium wp-image-8531\" src=\"https:\/\/przedszkole2.edu.wroclaw.pl\/wp-content\/uploads\/sites\/22\/2024\/10\/20240927_105318-225x300.jpg\" alt=\"\" width=\"225\" height=\"300\" srcset=\"https:\/\/przedszkole2.edu.wroclaw.pl\/wp-content\/uploads\/sites\/22\/2024\/10\/20240927_105318-225x300.jpg 225w, https:\/\/przedszkole2.edu.wroclaw.pl\/wp-content\/uploads\/sites\/22\/2024\/10\/20240927_105318-768x1024.jpg 768w, https:\/\/przedszkole2.edu.wroclaw.pl\/wp-content\/uploads\/sites\/22\/2024\/10\/20240927_105318-1152x1536.jpg 1152w, https:\/\/przedszkole2.edu.wroclaw.pl\/wp-content\/uploads\/sites\/22\/2024\/10\/20240927_105318-1536x2048.jpg 1536w, https:\/\/przedszkole2.edu.wroclaw.pl\/wp-content\/uploads\/sites\/22\/2024\/10\/20240927_105318-scaled.jpg 1920w\" sizes=\"auto, (max-width: 225px) 100vw, 225px\" \/>[\/vc_column_text][vc_column_text css=&#8221;&#8221;]<em><strong>Projekt edukacyjny &#8222;Zdrowo i sportowo&#8221;<\/strong><\/em><\/p>\n<p><img loading=\"lazy\" decoding=\"async\" class=\"alignnone size-full wp-image-8458\" src=\"https:\/\/przedszkole2.edu.wroclaw.pl\/wp-content\/uploads\/sites\/22\/2024\/09\/zdrowo-i-sportowo.jpg\" alt=\"\" width=\"240\" height=\"210\" \/><\/p>\n<p>W roku szkolnym 2024\/2025 nasze przedszkole przyst\u0105pi\u0142o do og\u00f3lnopolskiego projektu &#8222;Zdrowo i sportowo&#8221;.\u00a0 Celem projektu jest zwi\u0119kszenie\u00a0 \u015bwiadomo\u015bci na temat roli i wagi aktywno\u015bci fizycznej, odpowiedniego od\u017cywiania i odpoczynku. \u00a0To r\u00f3wnie\u017c kampania skierowana do rodzic\u00f3w i wszystkich opiekun\u00f3w dzieci.[\/vc_column_text][\/vc_column_inner][\/vc_row_inner][vc_column_text]\u015awiatowy Dzie\u0144 Zdrowia<\/p>\n<p><img loading=\"lazy\" decoding=\"async\" class=\"alignnone size-medium wp-image-7958\" src=\"https:\/\/przedszkole2.edu.wroclaw.pl\/wp-content\/uploads\/sites\/22\/2024\/04\/zdrowie-1-300x127.jpg\" alt=\"\" width=\"300\" height=\"127\" srcset=\"https:\/\/przedszkole2.edu.wroclaw.pl\/wp-content\/uploads\/sites\/22\/2024\/04\/zdrowie-1-300x127.jpg 300w, https:\/\/przedszkole2.edu.wroclaw.pl\/wp-content\/uploads\/sites\/22\/2024\/04\/zdrowie-1.jpg 346w\" sizes=\"auto, (max-width: 300px) 100vw, 300px\" \/><\/p>\n<p>8 kwietnia w naszym przedszkolu b\u0119dziemy obchodzi\u0107 \u015awiatowy Dzie\u0144 Zdrowia. Dzieci utrwal\u0105 zasady zdrowego od\u017cywiania, wezm\u0105 udzia\u0142 w quizie na temat zdrowych nawyk\u00f3w \u017cywieniowych, a w ogrodzie przedszkolnym przejd\u0105 \u015bcie\u017ck\u0105 zdrowia.[\/vc_column_text][vc_column_text]<em><strong>Zaj\u0119cia z NFZ<\/strong><\/em><\/p>\n<p>W naszym przedszkolu odby\u0142y si\u0119 zaj\u0119cia edukacyjne we wsp\u00f3\u0142pracy z NFZ. W ramach zaj\u0119\u0107 dzieci zosta\u0142y zapoznane z zasadami zdrowego \u017cywienia, higieny oraz zdrowego trybu \u017cycia. Punktem kulminacyjnym zaj\u0119\u0107 by\u0142a gra planszowa, w kt\u00f3rej bra\u0142y udzia\u0142 wszystkie dzieci. Odpowiadaj\u0105c na kolejne pytania zdobywa\u0142y wiedz\u0119 oraz punkty.<\/p>\n<p><img loading=\"lazy\" decoding=\"async\" class=\"alignnone size-medium wp-image-7688\" src=\"https:\/\/przedszkole2.edu.wroclaw.pl\/wp-content\/uploads\/sites\/22\/2024\/02\/20240213_090804-225x300.jpg\" alt=\"\" width=\"225\" height=\"300\" srcset=\"https:\/\/przedszkole2.edu.wroclaw.pl\/wp-content\/uploads\/sites\/22\/2024\/02\/20240213_090804-225x300.jpg 225w, https:\/\/przedszkole2.edu.wroclaw.pl\/wp-content\/uploads\/sites\/22\/2024\/02\/20240213_090804-768x1024.jpg 768w, https:\/\/przedszkole2.edu.wroclaw.pl\/wp-content\/uploads\/sites\/22\/2024\/02\/20240213_090804-1152x1536.jpg 1152w, https:\/\/przedszkole2.edu.wroclaw.pl\/wp-content\/uploads\/sites\/22\/2024\/02\/20240213_090804-1536x2048.jpg 1536w, https:\/\/przedszkole2.edu.wroclaw.pl\/wp-content\/uploads\/sites\/22\/2024\/02\/20240213_090804-scaled.jpg 1920w\" sizes=\"auto, (max-width: 225px) 100vw, 225px\" \/><img loading=\"lazy\" decoding=\"async\" class=\"alignnone size-medium wp-image-7690\" src=\"https:\/\/przedszkole2.edu.wroclaw.pl\/wp-content\/uploads\/sites\/22\/2024\/02\/20240213_091402-225x300.jpg\" alt=\"\" width=\"225\" height=\"300\" srcset=\"https:\/\/przedszkole2.edu.wroclaw.pl\/wp-content\/uploads\/sites\/22\/2024\/02\/20240213_091402-225x300.jpg 225w, https:\/\/przedszkole2.edu.wroclaw.pl\/wp-content\/uploads\/sites\/22\/2024\/02\/20240213_091402-768x1024.jpg 768w, https:\/\/przedszkole2.edu.wroclaw.pl\/wp-content\/uploads\/sites\/22\/2024\/02\/20240213_091402-1152x1536.jpg 1152w, https:\/\/przedszkole2.edu.wroclaw.pl\/wp-content\/uploads\/sites\/22\/2024\/02\/20240213_091402-1536x2048.jpg 1536w, https:\/\/przedszkole2.edu.wroclaw.pl\/wp-content\/uploads\/sites\/22\/2024\/02\/20240213_091402-scaled.jpg 1920w\" sizes=\"auto, (max-width: 225px) 100vw, 225px\" \/><img loading=\"lazy\" decoding=\"async\" class=\"alignnone size-medium wp-image-7691\" src=\"https:\/\/przedszkole2.edu.wroclaw.pl\/wp-content\/uploads\/sites\/22\/2024\/02\/20240213_091616-225x300.jpg\" alt=\"\" width=\"225\" height=\"300\" srcset=\"https:\/\/przedszkole2.edu.wroclaw.pl\/wp-content\/uploads\/sites\/22\/2024\/02\/20240213_091616-225x300.jpg 225w, https:\/\/przedszkole2.edu.wroclaw.pl\/wp-content\/uploads\/sites\/22\/2024\/02\/20240213_091616-768x1024.jpg 768w, https:\/\/przedszkole2.edu.wroclaw.pl\/wp-content\/uploads\/sites\/22\/2024\/02\/20240213_091616-1152x1536.jpg 1152w, https:\/\/przedszkole2.edu.wroclaw.pl\/wp-content\/uploads\/sites\/22\/2024\/02\/20240213_091616-1536x2048.jpg 1536w, https:\/\/przedszkole2.edu.wroclaw.pl\/wp-content\/uploads\/sites\/22\/2024\/02\/20240213_091616-scaled.jpg 1920w\" sizes=\"auto, (max-width: 225px) 100vw, 225px\" \/><img loading=\"lazy\" decoding=\"async\" class=\"alignnone size-medium wp-image-7692\" src=\"https:\/\/przedszkole2.edu.wroclaw.pl\/wp-content\/uploads\/sites\/22\/2024\/02\/20240213_092533-300x225.jpg\" alt=\"\" width=\"300\" height=\"225\" srcset=\"https:\/\/przedszkole2.edu.wroclaw.pl\/wp-content\/uploads\/sites\/22\/2024\/02\/20240213_092533-300x225.jpg 300w, https:\/\/przedszkole2.edu.wroclaw.pl\/wp-content\/uploads\/sites\/22\/2024\/02\/20240213_092533-1024x768.jpg 1024w, https:\/\/przedszkole2.edu.wroclaw.pl\/wp-content\/uploads\/sites\/22\/2024\/02\/20240213_092533-768x576.jpg 768w, https:\/\/przedszkole2.edu.wroclaw.pl\/wp-content\/uploads\/sites\/22\/2024\/02\/20240213_092533-1536x1152.jpg 1536w, https:\/\/przedszkole2.edu.wroclaw.pl\/wp-content\/uploads\/sites\/22\/2024\/02\/20240213_092533-2048x1536.jpg 2048w\" sizes=\"auto, (max-width: 300px) 100vw, 300px\" \/><img loading=\"lazy\" decoding=\"async\" class=\"alignnone size-medium wp-image-7693\" src=\"https:\/\/przedszkole2.edu.wroclaw.pl\/wp-content\/uploads\/sites\/22\/2024\/02\/20240213_092744-225x300.jpg\" alt=\"\" width=\"225\" height=\"300\" srcset=\"https:\/\/przedszkole2.edu.wroclaw.pl\/wp-content\/uploads\/sites\/22\/2024\/02\/20240213_092744-225x300.jpg 225w, https:\/\/przedszkole2.edu.wroclaw.pl\/wp-content\/uploads\/sites\/22\/2024\/02\/20240213_092744-768x1024.jpg 768w, https:\/\/przedszkole2.edu.wroclaw.pl\/wp-content\/uploads\/sites\/22\/2024\/02\/20240213_092744-1152x1536.jpg 1152w, https:\/\/przedszkole2.edu.wroclaw.pl\/wp-content\/uploads\/sites\/22\/2024\/02\/20240213_092744-1536x2048.jpg 1536w, https:\/\/przedszkole2.edu.wroclaw.pl\/wp-content\/uploads\/sites\/22\/2024\/02\/20240213_092744-scaled.jpg 1920w\" sizes=\"auto, (max-width: 225px) 100vw, 225px\" \/><img loading=\"lazy\" decoding=\"async\" class=\"alignnone size-medium wp-image-7695\" src=\"https:\/\/przedszkole2.edu.wroclaw.pl\/wp-content\/uploads\/sites\/22\/2024\/02\/20240213_093036-225x300.jpg\" alt=\"\" width=\"225\" height=\"300\" srcset=\"https:\/\/przedszkole2.edu.wroclaw.pl\/wp-content\/uploads\/sites\/22\/2024\/02\/20240213_093036-225x300.jpg 225w, https:\/\/przedszkole2.edu.wroclaw.pl\/wp-content\/uploads\/sites\/22\/2024\/02\/20240213_093036-768x1024.jpg 768w, https:\/\/przedszkole2.edu.wroclaw.pl\/wp-content\/uploads\/sites\/22\/2024\/02\/20240213_093036-1152x1536.jpg 1152w, https:\/\/przedszkole2.edu.wroclaw.pl\/wp-content\/uploads\/sites\/22\/2024\/02\/20240213_093036-1536x2048.jpg 1536w, https:\/\/przedszkole2.edu.wroclaw.pl\/wp-content\/uploads\/sites\/22\/2024\/02\/20240213_093036-scaled.jpg 1920w\" sizes=\"auto, (max-width: 225px) 100vw, 225px\" \/><img loading=\"lazy\" decoding=\"async\" class=\"alignnone size-medium wp-image-7697\" src=\"https:\/\/przedszkole2.edu.wroclaw.pl\/wp-content\/uploads\/sites\/22\/2024\/02\/20240213_093848-225x300.jpg\" alt=\"\" width=\"225\" height=\"300\" srcset=\"https:\/\/przedszkole2.edu.wroclaw.pl\/wp-content\/uploads\/sites\/22\/2024\/02\/20240213_093848-225x300.jpg 225w, https:\/\/przedszkole2.edu.wroclaw.pl\/wp-content\/uploads\/sites\/22\/2024\/02\/20240213_093848-768x1024.jpg 768w, https:\/\/przedszkole2.edu.wroclaw.pl\/wp-content\/uploads\/sites\/22\/2024\/02\/20240213_093848-1152x1536.jpg 1152w, https:\/\/przedszkole2.edu.wroclaw.pl\/wp-content\/uploads\/sites\/22\/2024\/02\/20240213_093848-1536x2048.jpg 1536w, https:\/\/przedszkole2.edu.wroclaw.pl\/wp-content\/uploads\/sites\/22\/2024\/02\/20240213_093848-scaled.jpg 1920w\" sizes=\"auto, (max-width: 225px) 100vw, 225px\" \/><img loading=\"lazy\" decoding=\"async\" class=\"alignnone size-medium wp-image-7698\" src=\"https:\/\/przedszkole2.edu.wroclaw.pl\/wp-content\/uploads\/sites\/22\/2024\/02\/20240213_093853-225x300.jpg\" alt=\"\" width=\"225\" height=\"300\" srcset=\"https:\/\/przedszkole2.edu.wroclaw.pl\/wp-content\/uploads\/sites\/22\/2024\/02\/20240213_093853-225x300.jpg 225w, https:\/\/przedszkole2.edu.wroclaw.pl\/wp-content\/uploads\/sites\/22\/2024\/02\/20240213_093853-768x1024.jpg 768w, https:\/\/przedszkole2.edu.wroclaw.pl\/wp-content\/uploads\/sites\/22\/2024\/02\/20240213_093853-1152x1536.jpg 1152w, https:\/\/przedszkole2.edu.wroclaw.pl\/wp-content\/uploads\/sites\/22\/2024\/02\/20240213_093853-1536x2048.jpg 1536w, https:\/\/przedszkole2.edu.wroclaw.pl\/wp-content\/uploads\/sites\/22\/2024\/02\/20240213_093853-scaled.jpg 1920w\" sizes=\"auto, (max-width: 225px) 100vw, 225px\" \/><img loading=\"lazy\" decoding=\"async\" class=\"alignnone size-medium wp-image-7694\" src=\"https:\/\/przedszkole2.edu.wroclaw.pl\/wp-content\/uploads\/sites\/22\/2024\/02\/20240213_092851-225x300.jpg\" alt=\"\" width=\"225\" height=\"300\" srcset=\"https:\/\/przedszkole2.edu.wroclaw.pl\/wp-content\/uploads\/sites\/22\/2024\/02\/20240213_092851-225x300.jpg 225w, https:\/\/przedszkole2.edu.wroclaw.pl\/wp-content\/uploads\/sites\/22\/2024\/02\/20240213_092851-768x1024.jpg 768w, https:\/\/przedszkole2.edu.wroclaw.pl\/wp-content\/uploads\/sites\/22\/2024\/02\/20240213_092851-1152x1536.jpg 1152w, https:\/\/przedszkole2.edu.wroclaw.pl\/wp-content\/uploads\/sites\/22\/2024\/02\/20240213_092851-1536x2048.jpg 1536w, https:\/\/przedszkole2.edu.wroclaw.pl\/wp-content\/uploads\/sites\/22\/2024\/02\/20240213_092851-scaled.jpg 1920w\" sizes=\"auto, (max-width: 225px) 100vw, 225px\" \/>[\/vc_column_text][vc_column_text]22.06.2023 Dzie\u0144 \u017b\u00f3\u0142ty\u201e\u015acie\u017cka zdrowia w ogrodzie\u201d oraz posmakujemy zdrowego truskawkowego sorbetu ( lody dla och\u0142ody).<\/p>\n<p>Ju\u017c 22 maja rozpocznie si\u0119 dwunasta edycja <strong>Tygodnia Ruchu (MOVE Week). MOVE Week<\/strong> to coroczne globalne wydarzenie, kt\u00f3re promuje korzy\u015bci p\u0142yn\u0105ce z aktywnego stylu \u017cycia oraz regularnego uprawiania sportu i aktywno\u015bci fizycznej.<br aria-hidden=\"true\" \/>Przez ca\u0142y tydzie\u0144 na terenie Europy b\u0119d\u0105 odbywa\u0142y si\u0119 wydarzenia sportowe, kt\u00f3rych g\u0142\u00f3wnym celem jest promowanie r\u00f3\u017cnych form ruchu i zdrowego stylu \u017cycia. Od swojej pierwszej edycji, MOVE Week zebra\u0142 ponad 4 miliony uczestnik\u00f3w i sta\u0142 si\u0119 jednym z najwi\u0119kszych na \u015bwiecie wydarze\u0144 sportowych promuj\u0105cych korzy\u015bci z regularnego uprawiania sportu i aktywno\u015bci fizycznej. Nasze przedszkole bierze udzia\u0142 w ty sportowym wydarzeniu.<\/p>\n<div class=\"pe-article-content\">\n<section class=\"wpb-content-wrapper\">\n<div class=\"vc_row wpb_row vc_row-fluid\">\n<div class=\"wpb_column vc_column_container vc_col-sm-12\">\n<div class=\"vc_column-inner\">\n<div class=\"wpb_wrapper\">\n<div class=\"wpb_text_column wpb_content_element \">\n<div class=\"wpb_wrapper\">\n<p data-normal-size=\"16\"><strong>Rowerowy Maj<\/strong> to najwi\u0119ksza kampania w Polsce promuj\u0105ca przemieszczanie si\u0119 na rowerze, hulajnodze, rolkach czy deskorolce w\u015br\u00f3d uczni\u00f3w szk\u00f3\u0142 podstawowych oraz przedszkolak\u00f3w. Zrodzi\u0142a si\u0119 w 2014 w Gda\u0144sku, a od 2016 roku do kampanii przy\u0142\u0105czy\u0142 si\u0119 Wroc\u0142aw.<\/p>\n<p data-normal-size=\"16\">Poprzez kampani\u0119:<\/p>\n<p data-normal-size=\"16\">\u2013 wp\u0142ywamy na kszta\u0142towanie pozytywnych nawyk\u00f3w transportowych,<\/p>\n<p data-normal-size=\"16\">\u2013 promujemy zdrowy styl \u017cycia,<\/p>\n<p data-normal-size=\"16\">\u2013 wspieramy samodzielno\u015b\u0107 dzieci,<\/p>\n<p data-normal-size=\"16\">\u2013 poprawiamy bezpiecze\u0144stwo komunikacyjne przy szko\u0142ach i przedszkolach,<\/p>\n<p data-normal-size=\"16\">\u2013 dbamy o \u015brodowisko.<\/p>\n<p data-normal-size=\"16\">Serdecznie zapraszamy naszych uczni\u00f3w\/przedszkolak\u00f3w do aktywnego uczestnictwa w akcji. W celu zg\u0142oszenia dziecka do rywalizacji nale\u017cy wype\u0142ni\u0107 zgod\u0119 na udzia\u0142 osoby niepe\u0142noletniej w kampanii Rowerowy Maj 2023.<\/p>\n<p data-normal-size=\"16\">Wi\u0119cej informacji o akcji znajduje si\u0119 na stronach internetowych: https:\/\/rowerowymaj.eu\/ i https:\/\/www.wroclaw.pl\/komunikacja\/rowerowy-maj<\/p>\n<\/div>\n<\/div>\n<\/div>\n<\/div>\n<\/div>\n<\/div>\n<\/section>\n<\/div>\n<p><em><strong>Kampania edukacyjna \u201eZapobieganie kr\u00f3tkowzroczno\u015bci u dzieci\u201d<\/strong><\/em><\/p>\n<p>Fundacja Wspierania Rozwoju Okulistyki \u201eOKULISTYKA 21\u201d od wrze\u015bnia 2022 roku rozpocz\u0119\u0142a realizacj\u0119 Kampanii edukacyjnej pn. \u201eZapobieganie kr\u00f3tkowzroczno\u015bci u dzieci\u201d, skierowanej do dzieci ucz\u0119szczaj\u0105cych do wroc\u0142awskich przedszkoli i szk\u00f3\u0142 podstawowych oraz ich rodzic\u00f3w\/opiekun\u00f3w.<\/p>\n<p><img loading=\"lazy\" decoding=\"async\" class=\"alignnone size-medium wp-image-5891\" src=\"https:\/\/przedszkole2.edu.wroclaw.pl\/wp-content\/uploads\/sites\/22\/2022\/12\/1a.-KROTKOWZROCZOSC-U-DZIECI_-MIOPIA-212x300.png\" alt=\"kr\u00f3tkowzroczno\u015b\u0107\" width=\"212\" height=\"300\" srcset=\"https:\/\/przedszkole2.edu.wroclaw.pl\/wp-content\/uploads\/sites\/22\/2022\/12\/1a.-KROTKOWZROCZOSC-U-DZIECI_-MIOPIA-212x300.png 212w, https:\/\/przedszkole2.edu.wroclaw.pl\/wp-content\/uploads\/sites\/22\/2022\/12\/1a.-KROTKOWZROCZOSC-U-DZIECI_-MIOPIA-724x1024.png 724w, https:\/\/przedszkole2.edu.wroclaw.pl\/wp-content\/uploads\/sites\/22\/2022\/12\/1a.-KROTKOWZROCZOSC-U-DZIECI_-MIOPIA-768x1086.png 768w, https:\/\/przedszkole2.edu.wroclaw.pl\/wp-content\/uploads\/sites\/22\/2022\/12\/1a.-KROTKOWZROCZOSC-U-DZIECI_-MIOPIA-600x849.png 600w, https:\/\/przedszkole2.edu.wroclaw.pl\/wp-content\/uploads\/sites\/22\/2022\/12\/1a.-KROTKOWZROCZOSC-U-DZIECI_-MIOPIA-1086x1536.png 1086w, https:\/\/przedszkole2.edu.wroclaw.pl\/wp-content\/uploads\/sites\/22\/2022\/12\/1a.-KROTKOWZROCZOSC-U-DZIECI_-MIOPIA.png 1414w\" sizes=\"auto, (max-width: 212px) 100vw, 212px\" \/><img loading=\"lazy\" decoding=\"async\" class=\"alignnone size-medium wp-image-5892\" src=\"https:\/\/przedszkole2.edu.wroclaw.pl\/wp-content\/uploads\/sites\/22\/2022\/12\/1b.-KROTKOWZROCZNOSC_CZYNNIKI-RYZYKA-212x300.png\" alt=\"\" width=\"212\" height=\"300\" srcset=\"https:\/\/przedszkole2.edu.wroclaw.pl\/wp-content\/uploads\/sites\/22\/2022\/12\/1b.-KROTKOWZROCZNOSC_CZYNNIKI-RYZYKA-212x300.png 212w, https:\/\/przedszkole2.edu.wroclaw.pl\/wp-content\/uploads\/sites\/22\/2022\/12\/1b.-KROTKOWZROCZNOSC_CZYNNIKI-RYZYKA-724x1024.png 724w, https:\/\/przedszkole2.edu.wroclaw.pl\/wp-content\/uploads\/sites\/22\/2022\/12\/1b.-KROTKOWZROCZNOSC_CZYNNIKI-RYZYKA-768x1086.png 768w, https:\/\/przedszkole2.edu.wroclaw.pl\/wp-content\/uploads\/sites\/22\/2022\/12\/1b.-KROTKOWZROCZNOSC_CZYNNIKI-RYZYKA-600x849.png 600w, https:\/\/przedszkole2.edu.wroclaw.pl\/wp-content\/uploads\/sites\/22\/2022\/12\/1b.-KROTKOWZROCZNOSC_CZYNNIKI-RYZYKA-1086x1536.png 1086w, https:\/\/przedszkole2.edu.wroclaw.pl\/wp-content\/uploads\/sites\/22\/2022\/12\/1b.-KROTKOWZROCZNOSC_CZYNNIKI-RYZYKA.png 1414w\" sizes=\"auto, (max-width: 212px) 100vw, 212px\" \/><img loading=\"lazy\" decoding=\"async\" class=\"alignnone size-medium wp-image-5893\" src=\"https:\/\/przedszkole2.edu.wroclaw.pl\/wp-content\/uploads\/sites\/22\/2022\/12\/2.-KROTKOWZROCZNOSC_PROFILAKTYKA-212x300.png\" alt=\"\" width=\"212\" height=\"300\" srcset=\"https:\/\/przedszkole2.edu.wroclaw.pl\/wp-content\/uploads\/sites\/22\/2022\/12\/2.-KROTKOWZROCZNOSC_PROFILAKTYKA-212x300.png 212w, https:\/\/przedszkole2.edu.wroclaw.pl\/wp-content\/uploads\/sites\/22\/2022\/12\/2.-KROTKOWZROCZNOSC_PROFILAKTYKA-724x1024.png 724w, https:\/\/przedszkole2.edu.wroclaw.pl\/wp-content\/uploads\/sites\/22\/2022\/12\/2.-KROTKOWZROCZNOSC_PROFILAKTYKA-768x1086.png 768w, https:\/\/przedszkole2.edu.wroclaw.pl\/wp-content\/uploads\/sites\/22\/2022\/12\/2.-KROTKOWZROCZNOSC_PROFILAKTYKA-600x849.png 600w, https:\/\/przedszkole2.edu.wroclaw.pl\/wp-content\/uploads\/sites\/22\/2022\/12\/2.-KROTKOWZROCZNOSC_PROFILAKTYKA-1086x1536.png 1086w, https:\/\/przedszkole2.edu.wroclaw.pl\/wp-content\/uploads\/sites\/22\/2022\/12\/2.-KROTKOWZROCZNOSC_PROFILAKTYKA.png 1414w\" sizes=\"auto, (max-width: 212px) 100vw, 212px\" \/><img loading=\"lazy\" decoding=\"async\" class=\"alignnone size-medium wp-image-5894\" src=\"https:\/\/przedszkole2.edu.wroclaw.pl\/wp-content\/uploads\/sites\/22\/2022\/12\/3.-KROTKOWZROCZNOSC_METODY-KOREKCJI-212x300.png\" alt=\"\" width=\"212\" height=\"300\" srcset=\"https:\/\/przedszkole2.edu.wroclaw.pl\/wp-content\/uploads\/sites\/22\/2022\/12\/3.-KROTKOWZROCZNOSC_METODY-KOREKCJI-212x300.png 212w, https:\/\/przedszkole2.edu.wroclaw.pl\/wp-content\/uploads\/sites\/22\/2022\/12\/3.-KROTKOWZROCZNOSC_METODY-KOREKCJI-724x1024.png 724w, https:\/\/przedszkole2.edu.wroclaw.pl\/wp-content\/uploads\/sites\/22\/2022\/12\/3.-KROTKOWZROCZNOSC_METODY-KOREKCJI-768x1086.png 768w, https:\/\/przedszkole2.edu.wroclaw.pl\/wp-content\/uploads\/sites\/22\/2022\/12\/3.-KROTKOWZROCZNOSC_METODY-KOREKCJI-600x849.png 600w, https:\/\/przedszkole2.edu.wroclaw.pl\/wp-content\/uploads\/sites\/22\/2022\/12\/3.-KROTKOWZROCZNOSC_METODY-KOREKCJI-1086x1536.png 1086w, https:\/\/przedszkole2.edu.wroclaw.pl\/wp-content\/uploads\/sites\/22\/2022\/12\/3.-KROTKOWZROCZNOSC_METODY-KOREKCJI.png 1414w\" sizes=\"auto, (max-width: 212px) 100vw, 212px\" \/>[\/vc_column_text][vc_column_text]<em><strong>Zaj\u0119cia pokazowe z &#8222;Akademii Krokieta i Lamy&#8221;<\/strong><\/em><\/p>\n<p><img loading=\"lazy\" decoding=\"async\" class=\"alignnone size-medium wp-image-5862\" src=\"https:\/\/przedszkole2.edu.wroclaw.pl\/wp-content\/uploads\/sites\/22\/2022\/12\/20221130_091228-300x135.jpg\" alt=\"dzieci \u0107wicz\u0105\" width=\"300\" height=\"135\" srcset=\"https:\/\/przedszkole2.edu.wroclaw.pl\/wp-content\/uploads\/sites\/22\/2022\/12\/20221130_091228-300x135.jpg 300w, https:\/\/przedszkole2.edu.wroclaw.pl\/wp-content\/uploads\/sites\/22\/2022\/12\/20221130_091228-1024x461.jpg 1024w, https:\/\/przedszkole2.edu.wroclaw.pl\/wp-content\/uploads\/sites\/22\/2022\/12\/20221130_091228-768x346.jpg 768w, https:\/\/przedszkole2.edu.wroclaw.pl\/wp-content\/uploads\/sites\/22\/2022\/12\/20221130_091228-600x270.jpg 600w, https:\/\/przedszkole2.edu.wroclaw.pl\/wp-content\/uploads\/sites\/22\/2022\/12\/20221130_091228-1536x691.jpg 1536w, https:\/\/przedszkole2.edu.wroclaw.pl\/wp-content\/uploads\/sites\/22\/2022\/12\/20221130_091228-2048x922.jpg 2048w\" sizes=\"auto, (max-width: 300px) 100vw, 300px\" \/><img loading=\"lazy\" decoding=\"async\" class=\"alignnone size-medium wp-image-5863\" src=\"https:\/\/przedszkole2.edu.wroclaw.pl\/wp-content\/uploads\/sites\/22\/2022\/12\/20221130_091249-300x135.jpg\" alt=\"\" width=\"300\" height=\"135\" srcset=\"https:\/\/przedszkole2.edu.wroclaw.pl\/wp-content\/uploads\/sites\/22\/2022\/12\/20221130_091249-300x135.jpg 300w, https:\/\/przedszkole2.edu.wroclaw.pl\/wp-content\/uploads\/sites\/22\/2022\/12\/20221130_091249-1024x461.jpg 1024w, https:\/\/przedszkole2.edu.wroclaw.pl\/wp-content\/uploads\/sites\/22\/2022\/12\/20221130_091249-768x346.jpg 768w, https:\/\/przedszkole2.edu.wroclaw.pl\/wp-content\/uploads\/sites\/22\/2022\/12\/20221130_091249-600x270.jpg 600w, https:\/\/przedszkole2.edu.wroclaw.pl\/wp-content\/uploads\/sites\/22\/2022\/12\/20221130_091249-1536x691.jpg 1536w, https:\/\/przedszkole2.edu.wroclaw.pl\/wp-content\/uploads\/sites\/22\/2022\/12\/20221130_091249-2048x922.jpg 2048w\" sizes=\"auto, (max-width: 300px) 100vw, 300px\" \/><img loading=\"lazy\" decoding=\"async\" class=\"alignnone size-medium wp-image-5866\" src=\"https:\/\/przedszkole2.edu.wroclaw.pl\/wp-content\/uploads\/sites\/22\/2022\/12\/20221130_091423-300x135.jpg\" alt=\"\" width=\"300\" height=\"135\" srcset=\"https:\/\/przedszkole2.edu.wroclaw.pl\/wp-content\/uploads\/sites\/22\/2022\/12\/20221130_091423-300x135.jpg 300w, https:\/\/przedszkole2.edu.wroclaw.pl\/wp-content\/uploads\/sites\/22\/2022\/12\/20221130_091423-1024x461.jpg 1024w, https:\/\/przedszkole2.edu.wroclaw.pl\/wp-content\/uploads\/sites\/22\/2022\/12\/20221130_091423-768x346.jpg 768w, https:\/\/przedszkole2.edu.wroclaw.pl\/wp-content\/uploads\/sites\/22\/2022\/12\/20221130_091423-600x270.jpg 600w, https:\/\/przedszkole2.edu.wroclaw.pl\/wp-content\/uploads\/sites\/22\/2022\/12\/20221130_091423-1536x691.jpg 1536w, https:\/\/przedszkole2.edu.wroclaw.pl\/wp-content\/uploads\/sites\/22\/2022\/12\/20221130_091423-2048x922.jpg 2048w\" sizes=\"auto, (max-width: 300px) 100vw, 300px\" \/><img loading=\"lazy\" decoding=\"async\" class=\"alignnone size-medium wp-image-5867\" src=\"https:\/\/przedszkole2.edu.wroclaw.pl\/wp-content\/uploads\/sites\/22\/2022\/12\/20221130_092341-300x135.jpg\" alt=\"dzieci stoj\u0105 w kole\" width=\"300\" height=\"135\" srcset=\"https:\/\/przedszkole2.edu.wroclaw.pl\/wp-content\/uploads\/sites\/22\/2022\/12\/20221130_092341-300x135.jpg 300w, https:\/\/przedszkole2.edu.wroclaw.pl\/wp-content\/uploads\/sites\/22\/2022\/12\/20221130_092341-1024x461.jpg 1024w, https:\/\/przedszkole2.edu.wroclaw.pl\/wp-content\/uploads\/sites\/22\/2022\/12\/20221130_092341-768x346.jpg 768w, https:\/\/przedszkole2.edu.wroclaw.pl\/wp-content\/uploads\/sites\/22\/2022\/12\/20221130_092341-600x270.jpg 600w, https:\/\/przedszkole2.edu.wroclaw.pl\/wp-content\/uploads\/sites\/22\/2022\/12\/20221130_092341-1536x691.jpg 1536w, https:\/\/przedszkole2.edu.wroclaw.pl\/wp-content\/uploads\/sites\/22\/2022\/12\/20221130_092341-2048x922.jpg 2048w\" sizes=\"auto, (max-width: 300px) 100vw, 300px\" \/><img loading=\"lazy\" decoding=\"async\" class=\"alignnone size-medium wp-image-5868\" src=\"https:\/\/przedszkole2.edu.wroclaw.pl\/wp-content\/uploads\/sites\/22\/2022\/12\/20221130_092623-300x135.jpg\" alt=\"\" width=\"300\" height=\"135\" srcset=\"https:\/\/przedszkole2.edu.wroclaw.pl\/wp-content\/uploads\/sites\/22\/2022\/12\/20221130_092623-300x135.jpg 300w, https:\/\/przedszkole2.edu.wroclaw.pl\/wp-content\/uploads\/sites\/22\/2022\/12\/20221130_092623-1024x461.jpg 1024w, https:\/\/przedszkole2.edu.wroclaw.pl\/wp-content\/uploads\/sites\/22\/2022\/12\/20221130_092623-768x346.jpg 768w, https:\/\/przedszkole2.edu.wroclaw.pl\/wp-content\/uploads\/sites\/22\/2022\/12\/20221130_092623-600x270.jpg 600w, https:\/\/przedszkole2.edu.wroclaw.pl\/wp-content\/uploads\/sites\/22\/2022\/12\/20221130_092623-1536x691.jpg 1536w, https:\/\/przedszkole2.edu.wroclaw.pl\/wp-content\/uploads\/sites\/22\/2022\/12\/20221130_092623-2048x922.jpg 2048w\" sizes=\"auto, (max-width: 300px) 100vw, 300px\" \/><img loading=\"lazy\" decoding=\"async\" class=\"alignnone size-medium wp-image-5870\" src=\"https:\/\/przedszkole2.edu.wroclaw.pl\/wp-content\/uploads\/sites\/22\/2022\/12\/20221130_093231-300x135.jpg\" alt=\"\" width=\"300\" height=\"135\" srcset=\"https:\/\/przedszkole2.edu.wroclaw.pl\/wp-content\/uploads\/sites\/22\/2022\/12\/20221130_093231-300x135.jpg 300w, https:\/\/przedszkole2.edu.wroclaw.pl\/wp-content\/uploads\/sites\/22\/2022\/12\/20221130_093231-1024x461.jpg 1024w, https:\/\/przedszkole2.edu.wroclaw.pl\/wp-content\/uploads\/sites\/22\/2022\/12\/20221130_093231-768x346.jpg 768w, https:\/\/przedszkole2.edu.wroclaw.pl\/wp-content\/uploads\/sites\/22\/2022\/12\/20221130_093231-600x270.jpg 600w, https:\/\/przedszkole2.edu.wroclaw.pl\/wp-content\/uploads\/sites\/22\/2022\/12\/20221130_093231-1536x691.jpg 1536w, https:\/\/przedszkole2.edu.wroclaw.pl\/wp-content\/uploads\/sites\/22\/2022\/12\/20221130_093231-2048x922.jpg 2048w\" sizes=\"auto, (max-width: 300px) 100vw, 300px\" \/><img loading=\"lazy\" decoding=\"async\" class=\"alignnone size-medium wp-image-5871\" src=\"https:\/\/przedszkole2.edu.wroclaw.pl\/wp-content\/uploads\/sites\/22\/2022\/12\/20221130_093800-135x300.jpg\" alt=\"dzieci stoj\u0105 w kole\" width=\"135\" height=\"300\" srcset=\"https:\/\/przedszkole2.edu.wroclaw.pl\/wp-content\/uploads\/sites\/22\/2022\/12\/20221130_093800-135x300.jpg 135w, https:\/\/przedszkole2.edu.wroclaw.pl\/wp-content\/uploads\/sites\/22\/2022\/12\/20221130_093800-461x1024.jpg 461w, https:\/\/przedszkole2.edu.wroclaw.pl\/wp-content\/uploads\/sites\/22\/2022\/12\/20221130_093800-768x1707.jpg 768w, https:\/\/przedszkole2.edu.wroclaw.pl\/wp-content\/uploads\/sites\/22\/2022\/12\/20221130_093800-600x1333.jpg 600w, https:\/\/przedszkole2.edu.wroclaw.pl\/wp-content\/uploads\/sites\/22\/2022\/12\/20221130_093800-691x1536.jpg 691w, https:\/\/przedszkole2.edu.wroclaw.pl\/wp-content\/uploads\/sites\/22\/2022\/12\/20221130_093800-922x2048.jpg 922w, https:\/\/przedszkole2.edu.wroclaw.pl\/wp-content\/uploads\/sites\/22\/2022\/12\/20221130_093800-rotated.jpg 1152w\" sizes=\"auto, (max-width: 135px) 100vw, 135px\" \/>[\/vc_column_text][vc_column_text]<em><strong>Wyniki konkursu &#8222;Aktywne przedszkolaki&#8221;<\/strong><\/em><\/p>\n<p>&nbsp;<\/p>\n<p><em><strong>Mi\u0142o nam og\u0142osi\u0107 wyniki konkursu &#8222;Aktywne przedszkolaki&#8221;<\/strong><\/em><\/p>\n<p><em><strong>I miejsce &#8222;Jesienny spacer po parku&#8221; grupa III &#8222;Zuchy&#8221; &#8211; Przedszkole nr 7 w Zespole Szkolno-Przedszkolnym nr 5<\/strong><\/em><\/p>\n<p><em><strong>II miejsce &#8222;Sportowy szlak&#8221; grupa 6-latki Przedszkole nr 79<\/strong><\/em><\/p>\n<p><em><strong>III miejsce &#8222;W zdrowym ciele &#8211; zdrowy duch&#8221; Grupa IV Przedszkole nr 36 im. Wandy Chmielowskiej<\/strong><\/em><\/p>\n<p>&nbsp;<\/p>\n<p><strong>Wyro\u017cnienie:<\/strong><\/p>\n<p><em>&#8222;Jesienna rozgrzewka&#8221; grupa &#8222;Zaj\u0105czki&#8221; Przedszkole nr 1 &#8222;Planeta U\u015bmiechu&#8221;<\/em><\/p>\n<p><em>&#8222;Gimnastyka dla smyka &#8211; gra gigant&#8221; grupa &#8222;Myszki&#8221; Przedszkole nr 87 &#8222;Wroc\u0142awskie Dzieciaki&#8221;<\/em><\/p>\n<p><em>&#8222;\u015acie\u017cka zdrowia&#8221; grupa &#8222;Biedronki&#8221; Przedszkole nr 77 &#8222;T\u0119czowe si\u00f3demki&#8221;<\/em><\/p>\n<p><em>&#8222;Prawdziwe \u017cycie&#8221; grupa &#8222;Odkrywcy&#8221; Przedszkole nr 54 &#8222;Pod Kasztanami&#8221;<\/em><\/p>\n<p><em>Gra planszowa grupa 6 Przedszkole nr 49 im. Tysi\u0105clecia Miasta Wroc\u0142awia<\/em><\/p>\n<p><em>&#8222;W Zoo&#8221; grupa &#8222;Listki&#8221; Przedszkole nr 47 &#8222;Le\u015bny Ludek&#8221;<\/em><\/p>\n<p>Serdecznie gratulujemy!!!<\/p>\n<p>Zapraszamy po odbi\u00f3r dyplom\u00f3w i nagr\u00f3d od dnia 12.12.2022r.<\/p>\n<p><img loading=\"lazy\" decoding=\"async\" class=\"alignnone size-medium wp-image-5790\" src=\"https:\/\/przedszkole2.edu.wroclaw.pl\/wp-content\/uploads\/sites\/22\/2022\/11\/IMG-20221115-WA0001-300x225.jpg\" alt=\"zdj\u0119cia gier planszowych\" width=\"300\" height=\"225\" srcset=\"https:\/\/przedszkole2.edu.wroclaw.pl\/wp-content\/uploads\/sites\/22\/2022\/11\/IMG-20221115-WA0001-300x225.jpg 300w, https:\/\/przedszkole2.edu.wroclaw.pl\/wp-content\/uploads\/sites\/22\/2022\/11\/IMG-20221115-WA0001-768x576.jpg 768w, https:\/\/przedszkole2.edu.wroclaw.pl\/wp-content\/uploads\/sites\/22\/2022\/11\/IMG-20221115-WA0001-600x450.jpg 600w, https:\/\/przedszkole2.edu.wroclaw.pl\/wp-content\/uploads\/sites\/22\/2022\/11\/IMG-20221115-WA0001.jpg 1024w\" sizes=\"auto, (max-width: 300px) 100vw, 300px\" \/><img loading=\"lazy\" decoding=\"async\" class=\"alignnone size-medium wp-image-5791\" src=\"https:\/\/przedszkole2.edu.wroclaw.pl\/wp-content\/uploads\/sites\/22\/2022\/11\/IMG-20221115-WA0000-300x225.jpg\" alt=\"\" width=\"300\" height=\"225\" srcset=\"https:\/\/przedszkole2.edu.wroclaw.pl\/wp-content\/uploads\/sites\/22\/2022\/11\/IMG-20221115-WA0000-300x225.jpg 300w, https:\/\/przedszkole2.edu.wroclaw.pl\/wp-content\/uploads\/sites\/22\/2022\/11\/IMG-20221115-WA0000-768x576.jpg 768w, https:\/\/przedszkole2.edu.wroclaw.pl\/wp-content\/uploads\/sites\/22\/2022\/11\/IMG-20221115-WA0000-600x450.jpg 600w, https:\/\/przedszkole2.edu.wroclaw.pl\/wp-content\/uploads\/sites\/22\/2022\/11\/IMG-20221115-WA0000.jpg 1024w\" sizes=\"auto, (max-width: 300px) 100vw, 300px\" \/>[\/vc_column_text][vc_column_text]<em><strong>Zaj\u0119cia edukacyjne &#8222;Pierwsza pomoc&#8221;<\/strong><\/em><\/p>\n<p>Dzieci z &#8222;Tajemniczego Ogrodu&#8221; bra\u0142y udzia\u0142 w zaj\u0119ciach edukacyjnych z zakresu udzielania pierwszej pomocy przedmedycznej. Zaj\u0119cia prowadzi\u0142y Panie ze Stra\u017cy Miejskiej.<\/p>\n<p><img loading=\"lazy\" decoding=\"async\" class=\"alignnone size-medium wp-image-5675\" src=\"https:\/\/przedszkole2.edu.wroclaw.pl\/wp-content\/uploads\/sites\/22\/2022\/10\/IMG-20221026-WA0009-225x300.jpg\" alt=\"Stra\u017cniczka Miejska siedzi na dywanie i pokazuje zgromadzonym dzieciom zawarto\u015b\u0107 apteczki\" width=\"225\" height=\"300\" \/><img loading=\"lazy\" decoding=\"async\" class=\"alignnone size-medium wp-image-5676\" src=\"https:\/\/przedszkole2.edu.wroclaw.pl\/wp-content\/uploads\/sites\/22\/2022\/10\/IMG-20221026-WA0010-225x300.jpg\" alt=\"Stra\u017cniczka Miejska siedzi na dywanie, przed ni\u0105 le\u017c\u0105 fantom, apteczka, itp. Pokazuje dzieciom jak udziela\u0107 pierwszej pomocy\" width=\"225\" height=\"300\" \/><img loading=\"lazy\" decoding=\"async\" class=\"alignnone size-medium wp-image-5678\" src=\"https:\/\/przedszkole2.edu.wroclaw.pl\/wp-content\/uploads\/sites\/22\/2022\/10\/IMG-20221026-WA0012-300x225.jpg\" alt=\"Stra\u017cniczka Miejska siedzi na dywanie i pokazuje zgromadzonym dzieciom zawarto\u015b\u0107 apteczki\" width=\"300\" height=\"225\" \/>[\/vc_column_text][vc_column_text]<em><strong>Certyfikat Europejskiego Sportu Szkolnego<\/strong><\/em><\/p>\n<p><a href=\"https:\/\/przedszkole2.edu.wroclaw.pl\/wp-content\/uploads\/sites\/22\/2022\/10\/Certyfikat-ESS.pdf\">Certyfikat ESS<\/a>[\/vc_column_text][vc_column_text]<em><strong>Europejski Dzie\u0144 Sportu Szkolnego<\/strong><\/em><\/p>\n<p>30.10.2022r. obchodzili\u015bmy w naszym przedszkolu po raz pierwszy Europejski Dzie\u0144 Sportu Szkolnego. Wsp\u00f3lnie z Akademi\u0105 Krokieta i Lamy aktywnie sp\u0119dzili\u015bmy czas na wsp\u00f3lnej zabawie.<\/p>\n<p><img loading=\"lazy\" decoding=\"async\" class=\"alignnone size-medium wp-image-5501\" src=\"https:\/\/przedszkole2.edu.wroclaw.pl\/wp-content\/uploads\/sites\/22\/2022\/10\/IMG-20221003-WA0011-169x300.jpg\" alt=\"zabawy ruchowe \" width=\"169\" height=\"300\" \/><img loading=\"lazy\" decoding=\"async\" class=\"alignnone size-medium wp-image-5502\" src=\"https:\/\/przedszkole2.edu.wroclaw.pl\/wp-content\/uploads\/sites\/22\/2022\/10\/IMG-20221003-WA0012-225x300.jpg\" alt=\"\" width=\"225\" height=\"300\" \/><img loading=\"lazy\" decoding=\"async\" class=\"alignnone size-medium wp-image-5503\" src=\"https:\/\/przedszkole2.edu.wroclaw.pl\/wp-content\/uploads\/sites\/22\/2022\/10\/IMG-20221003-WA0014-169x300.jpg\" alt=\"\" width=\"169\" height=\"300\" \/><img loading=\"lazy\" decoding=\"async\" class=\"alignnone size-medium wp-image-5504\" src=\"https:\/\/przedszkole2.edu.wroclaw.pl\/wp-content\/uploads\/sites\/22\/2022\/10\/IMG-20221003-WA0015-169x300.jpg\" alt=\"\" width=\"169\" height=\"300\" \/>[\/vc_column_text][vc_gallery type=&#8221;image_grid&#8221; images=&#8221;5655,5658&#8243; img_size=&#8221;200&#215;100&#8243; title=&#8221;\u015awiatowy Dzie\u0144 Warzyw i Owoc\u00f3w\/ 21.10.2022r.&#8221;][vc_column_text]<em><strong>Zdrowe lizaki \ud83d\ude42<\/strong><\/em><\/p>\n<p><img loading=\"lazy\" decoding=\"async\" class=\"alignnone size-medium wp-image-5493\" src=\"https:\/\/przedszkole2.edu.wroclaw.pl\/wp-content\/uploads\/sites\/22\/2022\/10\/20220930_102743-300x135.jpg\" alt=\"dzieci jedz\u0105 kiwi\" width=\"300\" height=\"135\" \/><img loading=\"lazy\" decoding=\"async\" class=\"alignnone size-medium wp-image-5492\" src=\"https:\/\/przedszkole2.edu.wroclaw.pl\/wp-content\/uploads\/sites\/22\/2022\/10\/20220930_102735-300x135.jpg\" alt=\"jedz\u0105 kiwi\" width=\"300\" height=\"135\" \/><img loading=\"lazy\" decoding=\"async\" class=\"alignnone size-medium wp-image-5491\" src=\"https:\/\/przedszkole2.edu.wroclaw.pl\/wp-content\/uploads\/sites\/22\/2022\/10\/20220930_102731-300x135.jpg\" alt=\"\" width=\"300\" height=\"135\" \/>[\/vc_column_text][vc_column_text]<em><strong>Zaj\u0119cia pokazowe z pi\u0142ki no\u017cnej<\/strong><\/em><\/p>\n<p>W naszym przedszkolu odby\u0142y si\u0119 zaj\u0119cia pokazowe z pi\u0142ki no\u017cnej poprowadzone przez trenera z klubu sportowego &#8222;Spartan&#8221;.<\/p>\n<p><img loading=\"lazy\" decoding=\"async\" class=\"alignnone size-medium wp-image-5343\" src=\"https:\/\/przedszkole2.edu.wroclaw.pl\/wp-content\/uploads\/sites\/22\/2022\/09\/20220916_091129-135x300.jpg\" alt=\"dzieci skacz\u0105\" width=\"135\" height=\"300\" \/><img loading=\"lazy\" decoding=\"async\" class=\"alignnone size-medium wp-image-5350\" src=\"https:\/\/przedszkole2.edu.wroclaw.pl\/wp-content\/uploads\/sites\/22\/2022\/09\/20220916_093444-300x135.jpg\" alt=\"dzieci biegn\u0105\" width=\"300\" height=\"135\" \/><img loading=\"lazy\" decoding=\"async\" class=\"alignnone size-medium wp-image-5340\" src=\"https:\/\/przedszkole2.edu.wroclaw.pl\/wp-content\/uploads\/sites\/22\/2022\/09\/20220916_090919-135x300.jpg\" alt=\"trener pi\u0142ki no\u017cnej\" width=\"135\" height=\"300\" \/><img loading=\"lazy\" decoding=\"async\" class=\"alignnone size-medium wp-image-5341\" src=\"https:\/\/przedszkole2.edu.wroclaw.pl\/wp-content\/uploads\/sites\/22\/2022\/09\/20220916_090951-300x135.jpg\" alt=\"\" width=\"300\" height=\"135\" \/><img loading=\"lazy\" decoding=\"async\" class=\"alignnone size-medium wp-image-5342\" src=\"https:\/\/przedszkole2.edu.wroclaw.pl\/wp-content\/uploads\/sites\/22\/2022\/09\/20220916_091021-135x300.jpg\" alt=\"\" width=\"135\" height=\"300\" \/><img loading=\"lazy\" decoding=\"async\" class=\"alignnone size-medium wp-image-5349\" src=\"https:\/\/przedszkole2.edu.wroclaw.pl\/wp-content\/uploads\/sites\/22\/2022\/09\/20220916_093439-300x135.jpg\" alt=\"dzieci kopi\u0105 pi\u0142k\u0119\" width=\"300\" height=\"135\" \/>[\/vc_column_text][vc_column_text]<em><strong>25 Maja \u015bwiatowy dzie\u0144 mleka<\/strong><\/em><\/p>\n<p><img loading=\"lazy\" decoding=\"async\" class=\"alignnone size-full wp-image-5028\" src=\"https:\/\/przedszkole2.edu.wroclaw.pl\/wp-content\/uploads\/sites\/22\/2022\/05\/dzien-mleka.jpg\" alt=\"\" width=\"225\" height=\"225\" srcset=\"https:\/\/przedszkole2.edu.wroclaw.pl\/wp-content\/uploads\/sites\/22\/2022\/05\/dzien-mleka.jpg 225w, https:\/\/przedszkole2.edu.wroclaw.pl\/wp-content\/uploads\/sites\/22\/2022\/05\/dzien-mleka-150x150.jpg 150w\" sizes=\"auto, (max-width: 225px) 100vw, 225px\" \/><\/p>\n<p><strong>Dlaczego mleko?<\/strong><\/p>\n<p>Mleko powinno by\u0107 podstaw\u0105 \u017cywienia, w szczeg\u00f3lno\u015bci dzieci. Jednak nie mog\u0105 o nim zapomina\u0107 osoby starsze, kobiety w ci\u0105\u017cy oraz matki karmi\u0105ce, no i m\u0119\u017cczy\u017ani. Mleko to nie tylko \u017ar\u00f3d\u0142o pe\u0142nowarto\u015bciowego bia\u0142ka, ale tak\u017ce doskona\u0142a ochrona przed chorobami serca czy nowotworami.<\/p>\n<p>Dzieci poni\u017cej 12. roku \u017cycia powinni wypija\u0107 3 do 4 pe\u0142ne szklanki mleka dziennie, aby zaspokoi\u0107 dzienne zapotrzebowanie na wap\u0144.<\/p>\n<p>Mleko zawiera du\u017ce ilo\u015bci wapnia, kt\u00f3ry oczywi\u015bcie jest\u00a0 niezb\u0119dny do zdrowego \u017cycia. Zwi\u0105zany z fosforanami w postaci hydroksyapatytu, jest podstawowym sk\u0142adnikiem mineralnym ko\u015bci i z\u0119b\u00f3w. Dlatego pami\u0119tajmy, \u017ce aby by\u0142y mocne i zdrowe nasze ko\u015bci musimy spo\u017cywa\u0107 codziennie odpowiednie ilo\u015bci wapnia.<\/p>\n<p>Pami\u0119taj, \u017ce zapotrzebowanie na wap\u0144 zmienia si\u0119 wraz z wiekiem i jest magazynowany do 30 roku \u017cycia.<\/p>\n<p>Najwi\u0119ksz\u0105 ilo\u015b\u0107 wapnia potrzebuj\u0105 dzieci, m\u0142odzie\u017c w wieku 14-18 lat oraz kobiety po 50. roku \u017cycia. W ci\u0105gu \u017cycia ko\u015bci ulegaj\u0105 ci\u0105g\u0142ej przebudowie. Wap\u0144 jest pobierany z uk\u0142adu kostnego, a jego niedobory uzupe\u0142niane wraz z po\u017cywieniem. Jednak po 35. roku \u017cycia proces ten nie jest w pe\u0142ni r\u00f3wnowa\u017cony, co przyczynia si\u0119 do s\u0142abni\u0119cia ko\u015bci.<\/p>\n<p><img loading=\"lazy\" decoding=\"async\" class=\"alignnone size-full wp-image-5030\" src=\"https:\/\/przedszkole2.edu.wroclaw.pl\/wp-content\/uploads\/sites\/22\/2022\/05\/pobrane-8.jpg\" alt=\"\" width=\"275\" height=\"183\" \/><\/p>\n<p>12 Kwietnia \u015bwiatowy dzie\u0144 czekolady<\/p>\n<p><em><strong><img loading=\"lazy\" decoding=\"async\" class=\"alignnone wp-image-4808 size-medium\" src=\"https:\/\/przedszkole2.edu.wroclaw.pl\/wp-content\/uploads\/sites\/22\/2022\/04\/swiatowy-dzien-czekolady-300x200.png\" alt=\"12 kwietnia \u015bwiatowy dzie\u0144 czekolady\" width=\"300\" height=\"200\" \/><\/strong><\/em><\/p>\n<p>&nbsp;<\/p>\n<p><em><strong>&#8222;Konkurs rodzinny &#8222;Rodzina w formie&#8221;<\/strong><\/em><\/p>\n<p>7 kwietnia z okazji \u015awiatowego Dnia Zdrowia odby\u0142a si\u0119 wystawa prac konkursowych &#8222;Rodzina w formie&#8221;. Gratulujemy pomys\u0142\u00f3w na wsp\u00f3lne aktywne sp\u0119dzanie czasu \ud83d\ude42<\/p>\n<p><img loading=\"lazy\" decoding=\"async\" class=\"alignnone wp-image-4785 size-medium\" src=\"https:\/\/przedszkole2.edu.wroclaw.pl\/wp-content\/uploads\/sites\/22\/2022\/04\/20220407_100750-300x225.jpg\" alt=\" 2 ch\u0142opc\u00f3w i 5 dziewczynek preznetuje dyplomy \" width=\"300\" height=\"225\" \/><img loading=\"lazy\" decoding=\"async\" class=\"alignnone size-medium wp-image-4786\" src=\"https:\/\/przedszkole2.edu.wroclaw.pl\/wp-content\/uploads\/sites\/22\/2022\/04\/20220407_100759-300x225.jpg\" alt=\"\" width=\"300\" height=\"225\" \/><img loading=\"lazy\" decoding=\"async\" class=\"alignnone size-medium wp-image-4787\" src=\"https:\/\/przedszkole2.edu.wroclaw.pl\/wp-content\/uploads\/sites\/22\/2022\/04\/20220407_100803-300x225.jpg\" alt=\"\" width=\"300\" height=\"225\" \/><img loading=\"lazy\" decoding=\"async\" class=\"alignnone size-medium wp-image-4788\" src=\"https:\/\/przedszkole2.edu.wroclaw.pl\/wp-content\/uploads\/sites\/22\/2022\/04\/20220407_100807-300x225.jpg\" alt=\"\" width=\"300\" height=\"225\" \/> <img loading=\"lazy\" decoding=\"async\" class=\"alignnone size-medium wp-image-4789\" src=\"https:\/\/przedszkole2.edu.wroclaw.pl\/wp-content\/uploads\/sites\/22\/2022\/04\/20220407_100813-300x225.jpg\" alt=\"\" width=\"300\" height=\"225\" \/><img loading=\"lazy\" decoding=\"async\" class=\"alignnone size-medium wp-image-4790\" src=\"https:\/\/przedszkole2.edu.wroclaw.pl\/wp-content\/uploads\/sites\/22\/2022\/04\/20220407_100818-300x225.jpg\" alt=\"\" width=\"300\" height=\"225\" \/><img loading=\"lazy\" decoding=\"async\" class=\"alignnone size-medium wp-image-4791\" src=\"https:\/\/przedszkole2.edu.wroclaw.pl\/wp-content\/uploads\/sites\/22\/2022\/04\/20220407_100820-300x225.jpg\" alt=\"\" width=\"300\" height=\"225\" \/>[\/vc_column_text][vc_column_text]<strong>\u015awiatowy Dzie\u0144 Zdrowia<\/strong><\/p>\n<p>7 kwietnia obchodzili\u015bmy \u015awiatowy Dzie\u0144 Zdrowia. Z tej okazji przedszkolaki uda\u0142y si\u0119 do Krainy Zdrowia, gdzie mieszka\u0144cy ch\u0119tnie si\u0119gaj\u0105 po zdrowe przek\u0105ski i aktywnie sp\u0119dzaj\u0105 czas. Dzieci stworzy\u0142y plakat zach\u0119caj\u0105cy do zamieszkania w Zdrowej Krainie. Sp\u0119dzi\u0142y r\u00f3wnie\u017c weso\u0142o czas w ogrodzie przedszkolnym, gdzie w czasie zabawy doskonali\u0142y swoje umiej\u0119tno\u015bci skok\u00f3w przez skakank\u0119, kabel oraz przez gum\u0119.<\/p>\n<p><img loading=\"lazy\" decoding=\"async\" class=\"alignnone size-medium wp-image-4768\" src=\"https:\/\/przedszkole2.edu.wroclaw.pl\/wp-content\/uploads\/sites\/22\/2022\/04\/20220407_101418-300x225.jpg\" alt=\"\" width=\"300\" height=\"225\" \/><img loading=\"lazy\" decoding=\"async\" class=\"alignnone size-medium wp-image-4769\" src=\"https:\/\/przedszkole2.edu.wroclaw.pl\/wp-content\/uploads\/sites\/22\/2022\/04\/20220407_101421-300x225.jpg\" alt=\"\" width=\"300\" height=\"225\" \/><img loading=\"lazy\" decoding=\"async\" class=\"alignnone size-medium wp-image-4770\" src=\"https:\/\/przedszkole2.edu.wroclaw.pl\/wp-content\/uploads\/sites\/22\/2022\/04\/20220407_101425-300x225.jpg\" alt=\"\" width=\"300\" height=\"225\" \/><img loading=\"lazy\" decoding=\"async\" class=\"alignnone size-medium wp-image-4771\" src=\"https:\/\/przedszkole2.edu.wroclaw.pl\/wp-content\/uploads\/sites\/22\/2022\/04\/20220407_101431-300x225.jpg\" alt=\"\" width=\"300\" height=\"225\" \/><img loading=\"lazy\" decoding=\"async\" class=\"alignnone size-medium wp-image-4772\" src=\"https:\/\/przedszkole2.edu.wroclaw.pl\/wp-content\/uploads\/sites\/22\/2022\/04\/20220407_101907-225x300.jpg\" alt=\"\" width=\"225\" height=\"300\" \/><img loading=\"lazy\" decoding=\"async\" class=\"alignnone size-medium wp-image-4773\" src=\"https:\/\/przedszkole2.edu.wroclaw.pl\/wp-content\/uploads\/sites\/22\/2022\/04\/20220407_101932-225x300.jpg\" alt=\"\" width=\"225\" height=\"300\" \/><img loading=\"lazy\" decoding=\"async\" class=\"alignnone size-medium wp-image-4774\" src=\"https:\/\/przedszkole2.edu.wroclaw.pl\/wp-content\/uploads\/sites\/22\/2022\/04\/20220407_102002-225x300.jpg\" alt=\"\" width=\"225\" height=\"300\" \/><img loading=\"lazy\" decoding=\"async\" class=\"alignnone size-medium wp-image-4775\" src=\"https:\/\/przedszkole2.edu.wroclaw.pl\/wp-content\/uploads\/sites\/22\/2022\/04\/20220407_102401-225x300.jpg\" alt=\"\" width=\"225\" height=\"300\" \/><img loading=\"lazy\" decoding=\"async\" class=\"alignnone size-medium wp-image-4776\" src=\"https:\/\/przedszkole2.edu.wroclaw.pl\/wp-content\/uploads\/sites\/22\/2022\/04\/20220407_102444-225x300.jpg\" alt=\"\" width=\"225\" height=\"300\" \/><img loading=\"lazy\" decoding=\"async\" class=\"alignnone size-medium wp-image-4777\" src=\"https:\/\/przedszkole2.edu.wroclaw.pl\/wp-content\/uploads\/sites\/22\/2022\/04\/20220407_102449-225x300.jpg\" alt=\"\" width=\"225\" height=\"300\" \/><img loading=\"lazy\" decoding=\"async\" class=\"alignnone size-medium wp-image-4778\" src=\"https:\/\/przedszkole2.edu.wroclaw.pl\/wp-content\/uploads\/sites\/22\/2022\/04\/20220407_102621-225x300.jpg\" alt=\"\" width=\"225\" height=\"300\" \/><img loading=\"lazy\" decoding=\"async\" class=\"alignnone size-medium wp-image-4779\" src=\"https:\/\/przedszkole2.edu.wroclaw.pl\/wp-content\/uploads\/sites\/22\/2022\/04\/20220407_102623-225x300.jpg\" alt=\"\" width=\"225\" height=\"300\" \/><img loading=\"lazy\" decoding=\"async\" class=\"alignnone size-medium wp-image-4780\" src=\"https:\/\/przedszkole2.edu.wroclaw.pl\/wp-content\/uploads\/sites\/22\/2022\/04\/20220407_102918-225x300.jpg\" alt=\"\" width=\"225\" height=\"300\" \/><img loading=\"lazy\" decoding=\"async\" class=\"alignnone size-medium wp-image-4781\" src=\"https:\/\/przedszkole2.edu.wroclaw.pl\/wp-content\/uploads\/sites\/22\/2022\/04\/20220407_102920-225x300.jpg\" alt=\"\" width=\"225\" height=\"300\" \/><img loading=\"lazy\" decoding=\"async\" class=\"alignnone size-medium wp-image-4782\" src=\"https:\/\/przedszkole2.edu.wroclaw.pl\/wp-content\/uploads\/sites\/22\/2022\/04\/20220407_103651-225x300.jpg\" alt=\"\" width=\"225\" height=\"300\" \/><img loading=\"lazy\" decoding=\"async\" class=\"alignnone size-medium wp-image-4783\" src=\"https:\/\/przedszkole2.edu.wroclaw.pl\/wp-content\/uploads\/sites\/22\/2022\/04\/20220407_103657-225x300.jpg\" alt=\"\" width=\"225\" height=\"300\" \/>[\/vc_column_text][vc_column_text]<strong>Dzie\u0144 Budyniu &#8211; 31 marca<\/strong><\/p>\n<p><img loading=\"lazy\" decoding=\"async\" class=\"alignnone size-full wp-image-4566\" src=\"https:\/\/przedszkole2.edu.wroclaw.pl\/wp-content\/uploads\/sites\/22\/2022\/03\/pobrane-6.jpg\" alt=\"\" width=\"236\" height=\"214\" \/><\/p>\n<p><strong>31 marca to \u015awiatowy Dzie\u0144 Budyniu<\/strong>. Deser ten cieszy si\u0119 popularno\u015bci\u0105 od wielu lat i podawany jest na r\u00f3\u017cne sposoby &#8211; od wersji podstawowej jako oddzielny deser w miseczce z dodatkami (np. bit\u0105 \u015bmietan\u0105, owocami czy polewami o rozmaitych smakach), po deser, w kt\u00f3rego sk\u0142adzie znajdziemy budy\u0144 jako dodatek, np. ciasta, bu\u0142ki s\u0142odkie, p\u0105czki, nale\u015bniki itd.<\/p>\n<p>\u015awiatowy Dzie\u0144 Budyniu to doskona\u0142a okazja do tego, aby samodzielnie zrobi\u0107 budy\u0144 w domu, bez u\u017cycia gotowych p\u00f3\u0142produkt\u00f3w. Ka\u017cdy z nas zna budy\u0144 dost\u0119pny w sklepach, w formie proszku, kt\u00f3ry nale\u017cy rozpu\u015bci\u0107 w niewielkiej ilo\u015bci mleka i dola\u0107 do pozosta\u0142ej cz\u0119\u015bci gotuj\u0105cego si\u0119 mleka, a nast\u0119pnie zagotowa\u0107. Jednak samodzielnie w domu mo\u017cemy wykona\u0107 w\u0142asny budy\u0144, w zdrowszej wersji! Jak to zrobi\u0107? Wystarczy zagotowa\u0107 w mleku kasz\u0119 jaglan\u0105 (najlepiej u\u017cy\u0107 w tym celu mleka ro\u015blinnego bio), nast\u0119pnie zblendowa\u0107 ugotowan\u0105 kasz\u0119 wraz z ksylitolem (najzdrowsza wersja cukru), doda\u0107 ulubione dodatki i gotowe! Taki deser posmakuje nawet tym, kt\u00f3rzy nie lubi\u0105 tradycyjnego budyniu ze wzgl\u0119du na jego konsystencj\u0119 \ud83d\ude09<\/p>\n<p><img loading=\"lazy\" decoding=\"async\" class=\"alignnone size-medium wp-image-4567\" src=\"https:\/\/przedszkole2.edu.wroclaw.pl\/wp-content\/uploads\/sites\/22\/2022\/03\/budyn-300x223.jpg\" alt=\"\" width=\"300\" height=\"223\" srcset=\"https:\/\/przedszkole2.edu.wroclaw.pl\/wp-content\/uploads\/sites\/22\/2022\/03\/budyn-300x223.jpg 300w, https:\/\/przedszkole2.edu.wroclaw.pl\/wp-content\/uploads\/sites\/22\/2022\/03\/budyn-600x445.jpg 600w, https:\/\/przedszkole2.edu.wroclaw.pl\/wp-content\/uploads\/sites\/22\/2022\/03\/budyn.jpg 640w\" sizes=\"auto, (max-width: 300px) 100vw, 300px\" \/><\/p>\n<p>&nbsp;<\/p>\n<p><em><strong><img loading=\"lazy\" decoding=\"async\" class=\"alignnone wp-image-4438\" src=\"https:\/\/przedszkole2.edu.wroclaw.pl\/wp-content\/uploads\/sites\/22\/2022\/03\/26-marzec-news_1-2-300x88.png\" alt=\"\" width=\"372\" height=\"109\" srcset=\"https:\/\/przedszkole2.edu.wroclaw.pl\/wp-content\/uploads\/sites\/22\/2022\/03\/26-marzec-news_1-2-300x88.png 300w, https:\/\/przedszkole2.edu.wroclaw.pl\/wp-content\/uploads\/sites\/22\/2022\/03\/26-marzec-news_1-2-1024x300.png 1024w, https:\/\/przedszkole2.edu.wroclaw.pl\/wp-content\/uploads\/sites\/22\/2022\/03\/26-marzec-news_1-2-768x225.png 768w, https:\/\/przedszkole2.edu.wroclaw.pl\/wp-content\/uploads\/sites\/22\/2022\/03\/26-marzec-news_1-2-600x176.png 600w, https:\/\/przedszkole2.edu.wroclaw.pl\/wp-content\/uploads\/sites\/22\/2022\/03\/26-marzec-news_1-2.png 1200w\" sizes=\"auto, (max-width: 372px) 100vw, 372px\" \/><\/strong><\/em><\/p>\n<p><strong>Szpinak<\/strong>\u00a0jest w Polsce popularn\u0105, sezonow\u0105 ro\u015blin\u0105 warzywn\u0105, uprawian\u0105 prawdopodobniej od ko\u0144ca XVII wieku. Pochodzi chyba z Azji, z Persji. W Chinach pojawi\u0142 si\u0119 w VII wieku i zosta\u0142 nazwany w\u0142a\u015bnie \u201eperskim warzywem\u201d.<\/p>\n<p>Spo\u017cywaj\u0105c szpinak, fundujemy naszemu organizmowi du\u017c\u0105 porcj\u0119 \u03b2-karotenu, witamin, g\u0142\u00f3wnie C, A, E, K, B1, B2, kwasu foliowego oraz sk\u0142adnik\u00f3w mineralnych, takich jak potas, wap\u0144, magnez, fosfor i \u017celazo.<\/p>\n<p><img loading=\"lazy\" decoding=\"async\" class=\"alignnone size-medium wp-image-4440\" src=\"https:\/\/przedszkole2.edu.wroclaw.pl\/wp-content\/uploads\/sites\/22\/2022\/03\/szpinak-1-300x138.jpg\" alt=\"\" width=\"300\" height=\"138\" srcset=\"https:\/\/przedszkole2.edu.wroclaw.pl\/wp-content\/uploads\/sites\/22\/2022\/03\/szpinak-1-300x138.jpg 300w, https:\/\/przedszkole2.edu.wroclaw.pl\/wp-content\/uploads\/sites\/22\/2022\/03\/szpinak-1-1024x470.jpg 1024w, https:\/\/przedszkole2.edu.wroclaw.pl\/wp-content\/uploads\/sites\/22\/2022\/03\/szpinak-1-768x352.jpg 768w, https:\/\/przedszkole2.edu.wroclaw.pl\/wp-content\/uploads\/sites\/22\/2022\/03\/szpinak-1-600x275.jpg 600w, https:\/\/przedszkole2.edu.wroclaw.pl\/wp-content\/uploads\/sites\/22\/2022\/03\/szpinak-1.jpg 1090w\" sizes=\"auto, (max-width: 300px) 100vw, 300px\" \/><img loading=\"lazy\" decoding=\"async\" class=\"alignnone size-medium wp-image-4441\" src=\"https:\/\/przedszkole2.edu.wroclaw.pl\/wp-content\/uploads\/sites\/22\/2022\/03\/szpinak_454_lrg-300x228.png\" alt=\"\" width=\"300\" height=\"228\" srcset=\"https:\/\/przedszkole2.edu.wroclaw.pl\/wp-content\/uploads\/sites\/22\/2022\/03\/szpinak_454_lrg-300x228.png 300w, https:\/\/przedszkole2.edu.wroclaw.pl\/wp-content\/uploads\/sites\/22\/2022\/03\/szpinak_454_lrg-768x584.png 768w, https:\/\/przedszkole2.edu.wroclaw.pl\/wp-content\/uploads\/sites\/22\/2022\/03\/szpinak_454_lrg-600x456.png 600w, https:\/\/przedszkole2.edu.wroclaw.pl\/wp-content\/uploads\/sites\/22\/2022\/03\/szpinak_454_lrg.png 789w\" sizes=\"auto, (max-width: 300px) 100vw, 300px\" \/><\/p>\n<p>&nbsp;<\/p>\n<p><em><strong>Pietruszkowy zawr\u00f3t g\u0142owy czyli wiosenne nowalijki z okazji obchod\u00f3w &#8222;Pierwszego Dnia Wiosny&#8221;\u00a0<\/strong><\/em><\/p>\n<p>Wczoraj z okazji obchod\u00f3w &#8222;Pierwszego Dnia Wiosny&#8221;, a tym samym dnia zielonego sporz\u0105dzili\u015bmy i kosztowali\u015bmy smacznego i zdrowego napoju pietruszkowo-cytrynowo-miodowego \ud83d\ude1b Ale\u017c to by\u0142o smaaaakowite &lt;3 , a na dodatek zdrowe \ud83d\ude1b<\/p>\n<p>&nbsp;<\/p>\n<p><img loading=\"lazy\" decoding=\"async\" class=\"size-medium wp-image-4362 alignleft\" src=\"https:\/\/przedszkole2.edu.wroclaw.pl\/wp-content\/uploads\/sites\/22\/2022\/03\/IMG_20220321_144033-225x300.jpg\" alt=\"\" width=\"225\" height=\"300\" srcset=\"https:\/\/przedszkole2.edu.wroclaw.pl\/wp-content\/uploads\/sites\/22\/2022\/03\/IMG_20220321_144033-225x300.jpg 225w, https:\/\/przedszkole2.edu.wroclaw.pl\/wp-content\/uploads\/sites\/22\/2022\/03\/IMG_20220321_144033-768x1024.jpg 768w, https:\/\/przedszkole2.edu.wroclaw.pl\/wp-content\/uploads\/sites\/22\/2022\/03\/IMG_20220321_144033-600x800.jpg 600w, https:\/\/przedszkole2.edu.wroclaw.pl\/wp-content\/uploads\/sites\/22\/2022\/03\/IMG_20220321_144033-1152x1536.jpg 1152w, https:\/\/przedszkole2.edu.wroclaw.pl\/wp-content\/uploads\/sites\/22\/2022\/03\/IMG_20220321_144033-1536x2048.jpg 1536w, https:\/\/przedszkole2.edu.wroclaw.pl\/wp-content\/uploads\/sites\/22\/2022\/03\/IMG_20220321_144033-scaled.jpg 1920w\" sizes=\"auto, (max-width: 225px) 100vw, 225px\" \/><img loading=\"lazy\" decoding=\"async\" class=\"size-medium wp-image-4363 alignleft\" src=\"https:\/\/przedszkole2.edu.wroclaw.pl\/wp-content\/uploads\/sites\/22\/2022\/03\/IMG_20220321_144222-225x300.jpg\" alt=\"\" width=\"225\" height=\"300\" srcset=\"https:\/\/przedszkole2.edu.wroclaw.pl\/wp-content\/uploads\/sites\/22\/2022\/03\/IMG_20220321_144222-225x300.jpg 225w, https:\/\/przedszkole2.edu.wroclaw.pl\/wp-content\/uploads\/sites\/22\/2022\/03\/IMG_20220321_144222-768x1024.jpg 768w, https:\/\/przedszkole2.edu.wroclaw.pl\/wp-content\/uploads\/sites\/22\/2022\/03\/IMG_20220321_144222-600x800.jpg 600w, https:\/\/przedszkole2.edu.wroclaw.pl\/wp-content\/uploads\/sites\/22\/2022\/03\/IMG_20220321_144222-1152x1536.jpg 1152w, https:\/\/przedszkole2.edu.wroclaw.pl\/wp-content\/uploads\/sites\/22\/2022\/03\/IMG_20220321_144222-1536x2048.jpg 1536w, https:\/\/przedszkole2.edu.wroclaw.pl\/wp-content\/uploads\/sites\/22\/2022\/03\/IMG_20220321_144222-scaled.jpg 1920w\" sizes=\"auto, (max-width: 225px) 100vw, 225px\" \/><img loading=\"lazy\" decoding=\"async\" class=\"size-medium wp-image-4364 alignleft\" src=\"https:\/\/przedszkole2.edu.wroclaw.pl\/wp-content\/uploads\/sites\/22\/2022\/03\/IMG_20220321_144408-225x300.jpg\" alt=\"\" width=\"225\" height=\"300\" srcset=\"https:\/\/przedszkole2.edu.wroclaw.pl\/wp-content\/uploads\/sites\/22\/2022\/03\/IMG_20220321_144408-225x300.jpg 225w, https:\/\/przedszkole2.edu.wroclaw.pl\/wp-content\/uploads\/sites\/22\/2022\/03\/IMG_20220321_144408-768x1024.jpg 768w, https:\/\/przedszkole2.edu.wroclaw.pl\/wp-content\/uploads\/sites\/22\/2022\/03\/IMG_20220321_144408-600x800.jpg 600w, https:\/\/przedszkole2.edu.wroclaw.pl\/wp-content\/uploads\/sites\/22\/2022\/03\/IMG_20220321_144408-1152x1536.jpg 1152w, https:\/\/przedszkole2.edu.wroclaw.pl\/wp-content\/uploads\/sites\/22\/2022\/03\/IMG_20220321_144408-1536x2048.jpg 1536w, https:\/\/przedszkole2.edu.wroclaw.pl\/wp-content\/uploads\/sites\/22\/2022\/03\/IMG_20220321_144408-scaled.jpg 1920w\" sizes=\"auto, (max-width: 225px) 100vw, 225px\" \/><img loading=\"lazy\" decoding=\"async\" class=\"size-medium wp-image-4365 alignleft\" src=\"https:\/\/przedszkole2.edu.wroclaw.pl\/wp-content\/uploads\/sites\/22\/2022\/03\/IMG_20220321_145705-225x300.jpg\" alt=\"\" width=\"225\" height=\"300\" srcset=\"https:\/\/przedszkole2.edu.wroclaw.pl\/wp-content\/uploads\/sites\/22\/2022\/03\/IMG_20220321_145705-225x300.jpg 225w, https:\/\/przedszkole2.edu.wroclaw.pl\/wp-content\/uploads\/sites\/22\/2022\/03\/IMG_20220321_145705-768x1024.jpg 768w, https:\/\/przedszkole2.edu.wroclaw.pl\/wp-content\/uploads\/sites\/22\/2022\/03\/IMG_20220321_145705-600x800.jpg 600w, https:\/\/przedszkole2.edu.wroclaw.pl\/wp-content\/uploads\/sites\/22\/2022\/03\/IMG_20220321_145705-1152x1536.jpg 1152w, https:\/\/przedszkole2.edu.wroclaw.pl\/wp-content\/uploads\/sites\/22\/2022\/03\/IMG_20220321_145705-1536x2048.jpg 1536w, https:\/\/przedszkole2.edu.wroclaw.pl\/wp-content\/uploads\/sites\/22\/2022\/03\/IMG_20220321_145705-scaled.jpg 1920w\" sizes=\"auto, (max-width: 225px) 100vw, 225px\" \/><img loading=\"lazy\" decoding=\"async\" class=\"size-medium wp-image-4367 alignleft\" src=\"https:\/\/przedszkole2.edu.wroclaw.pl\/wp-content\/uploads\/sites\/22\/2022\/03\/IMG_20220321_144054-225x300.jpg\" alt=\"\" width=\"225\" height=\"300\" srcset=\"https:\/\/przedszkole2.edu.wroclaw.pl\/wp-content\/uploads\/sites\/22\/2022\/03\/IMG_20220321_144054-225x300.jpg 225w, https:\/\/przedszkole2.edu.wroclaw.pl\/wp-content\/uploads\/sites\/22\/2022\/03\/IMG_20220321_144054-768x1024.jpg 768w, https:\/\/przedszkole2.edu.wroclaw.pl\/wp-content\/uploads\/sites\/22\/2022\/03\/IMG_20220321_144054-600x800.jpg 600w, https:\/\/przedszkole2.edu.wroclaw.pl\/wp-content\/uploads\/sites\/22\/2022\/03\/IMG_20220321_144054-1152x1536.jpg 1152w, https:\/\/przedszkole2.edu.wroclaw.pl\/wp-content\/uploads\/sites\/22\/2022\/03\/IMG_20220321_144054-1536x2048.jpg 1536w, https:\/\/przedszkole2.edu.wroclaw.pl\/wp-content\/uploads\/sites\/22\/2022\/03\/IMG_20220321_144054-scaled.jpg 1920w\" sizes=\"auto, (max-width: 225px) 100vw, 225px\" \/><img loading=\"lazy\" decoding=\"async\" class=\"size-medium wp-image-4368 alignleft\" src=\"https:\/\/przedszkole2.edu.wroclaw.pl\/wp-content\/uploads\/sites\/22\/2022\/03\/IMG_20220321_144140-225x300.jpg\" alt=\"\" width=\"225\" height=\"300\" srcset=\"https:\/\/przedszkole2.edu.wroclaw.pl\/wp-content\/uploads\/sites\/22\/2022\/03\/IMG_20220321_144140-225x300.jpg 225w, https:\/\/przedszkole2.edu.wroclaw.pl\/wp-content\/uploads\/sites\/22\/2022\/03\/IMG_20220321_144140-768x1024.jpg 768w, https:\/\/przedszkole2.edu.wroclaw.pl\/wp-content\/uploads\/sites\/22\/2022\/03\/IMG_20220321_144140-600x800.jpg 600w, https:\/\/przedszkole2.edu.wroclaw.pl\/wp-content\/uploads\/sites\/22\/2022\/03\/IMG_20220321_144140-1152x1536.jpg 1152w, https:\/\/przedszkole2.edu.wroclaw.pl\/wp-content\/uploads\/sites\/22\/2022\/03\/IMG_20220321_144140-1536x2048.jpg 1536w, https:\/\/przedszkole2.edu.wroclaw.pl\/wp-content\/uploads\/sites\/22\/2022\/03\/IMG_20220321_144140-scaled.jpg 1920w\" sizes=\"auto, (max-width: 225px) 100vw, 225px\" \/><img loading=\"lazy\" decoding=\"async\" class=\"size-medium wp-image-4369 alignleft\" src=\"https:\/\/przedszkole2.edu.wroclaw.pl\/wp-content\/uploads\/sites\/22\/2022\/03\/IMG_20220321_144418-225x300.jpg\" alt=\"\" width=\"225\" height=\"300\" srcset=\"https:\/\/przedszkole2.edu.wroclaw.pl\/wp-content\/uploads\/sites\/22\/2022\/03\/IMG_20220321_144418-225x300.jpg 225w, https:\/\/przedszkole2.edu.wroclaw.pl\/wp-content\/uploads\/sites\/22\/2022\/03\/IMG_20220321_144418-768x1024.jpg 768w, https:\/\/przedszkole2.edu.wroclaw.pl\/wp-content\/uploads\/sites\/22\/2022\/03\/IMG_20220321_144418-600x800.jpg 600w, https:\/\/przedszkole2.edu.wroclaw.pl\/wp-content\/uploads\/sites\/22\/2022\/03\/IMG_20220321_144418-1152x1536.jpg 1152w, https:\/\/przedszkole2.edu.wroclaw.pl\/wp-content\/uploads\/sites\/22\/2022\/03\/IMG_20220321_144418-1536x2048.jpg 1536w, https:\/\/przedszkole2.edu.wroclaw.pl\/wp-content\/uploads\/sites\/22\/2022\/03\/IMG_20220321_144418-scaled.jpg 1920w\" sizes=\"auto, (max-width: 225px) 100vw, 225px\" \/><\/p>\n<figure id=\"attachment_4370\" aria-describedby=\"caption-attachment-4370\" style=\"width: 225px\" class=\"wp-caption alignleft\"><img loading=\"lazy\" decoding=\"async\" class=\"size-medium wp-image-4370\" src=\"https:\/\/przedszkole2.edu.wroclaw.pl\/wp-content\/uploads\/sites\/22\/2022\/03\/IMG_20220321_144644-225x300.jpg\" alt=\"\" width=\"225\" height=\"300\" srcset=\"https:\/\/przedszkole2.edu.wroclaw.pl\/wp-content\/uploads\/sites\/22\/2022\/03\/IMG_20220321_144644-225x300.jpg 225w, https:\/\/przedszkole2.edu.wroclaw.pl\/wp-content\/uploads\/sites\/22\/2022\/03\/IMG_20220321_144644-768x1024.jpg 768w, https:\/\/przedszkole2.edu.wroclaw.pl\/wp-content\/uploads\/sites\/22\/2022\/03\/IMG_20220321_144644-600x800.jpg 600w, https:\/\/przedszkole2.edu.wroclaw.pl\/wp-content\/uploads\/sites\/22\/2022\/03\/IMG_20220321_144644-1152x1536.jpg 1152w, https:\/\/przedszkole2.edu.wroclaw.pl\/wp-content\/uploads\/sites\/22\/2022\/03\/IMG_20220321_144644-1536x2048.jpg 1536w, https:\/\/przedszkole2.edu.wroclaw.pl\/wp-content\/uploads\/sites\/22\/2022\/03\/IMG_20220321_144644-scaled.jpg 1920w\" sizes=\"auto, (max-width: 225px) 100vw, 225px\" \/><figcaption id=\"caption-attachment-4370\" class=\"wp-caption-text\">rpt<\/figcaption><\/figure>\n<p><img loading=\"lazy\" decoding=\"async\" class=\"alignnone size-medium wp-image-4366\" src=\"https:\/\/przedszkole2.edu.wroclaw.pl\/wp-content\/uploads\/sites\/22\/2022\/03\/IMG_20220321_145724-225x300.jpg\" alt=\"\" width=\"225\" height=\"300\" srcset=\"https:\/\/przedszkole2.edu.wroclaw.pl\/wp-content\/uploads\/sites\/22\/2022\/03\/IMG_20220321_145724-225x300.jpg 225w, https:\/\/przedszkole2.edu.wroclaw.pl\/wp-content\/uploads\/sites\/22\/2022\/03\/IMG_20220321_145724-768x1024.jpg 768w, https:\/\/przedszkole2.edu.wroclaw.pl\/wp-content\/uploads\/sites\/22\/2022\/03\/IMG_20220321_145724-600x800.jpg 600w, https:\/\/przedszkole2.edu.wroclaw.pl\/wp-content\/uploads\/sites\/22\/2022\/03\/IMG_20220321_145724-1152x1536.jpg 1152w, https:\/\/przedszkole2.edu.wroclaw.pl\/wp-content\/uploads\/sites\/22\/2022\/03\/IMG_20220321_145724-1536x2048.jpg 1536w, https:\/\/przedszkole2.edu.wroclaw.pl\/wp-content\/uploads\/sites\/22\/2022\/03\/IMG_20220321_145724-scaled.jpg 1920w\" sizes=\"auto, (max-width: 225px) 100vw, 225px\" \/>[\/vc_column_text][vc_column_text]<em><strong>Certyfikat Promowania Aktywno\u015bci Fizycznej<\/strong><\/em><\/p>\n<p>Mi\u0142o nam poinformowa\u0107, \u017ce nasze przedszkole uzyska\u0142o certyfikat promowania aktywno\u015bci fizycznej. To nasz wsp\u00f3lny sukces, a tak\u017ce kolejny krok w celu propagowania zdrowego tryby \u017cycia w\u015br\u00f3d naszych przedszkolak\u00f3w.<\/p>\n<p><img loading=\"lazy\" decoding=\"async\" class=\"alignnone size-medium wp-image-3987\" src=\"https:\/\/przedszkole2.edu.wroclaw.pl\/wp-content\/uploads\/sites\/22\/2022\/03\/certyfikat-225x300.jpg\" alt=\"\" width=\"225\" height=\"300\" srcset=\"https:\/\/przedszkole2.edu.wroclaw.pl\/wp-content\/uploads\/sites\/22\/2022\/03\/certyfikat-225x300.jpg 225w, https:\/\/przedszkole2.edu.wroclaw.pl\/wp-content\/uploads\/sites\/22\/2022\/03\/certyfikat-768x1024.jpg 768w, https:\/\/przedszkole2.edu.wroclaw.pl\/wp-content\/uploads\/sites\/22\/2022\/03\/certyfikat-600x800.jpg 600w, https:\/\/przedszkole2.edu.wroclaw.pl\/wp-content\/uploads\/sites\/22\/2022\/03\/certyfikat-1152x1536.jpg 1152w, https:\/\/przedszkole2.edu.wroclaw.pl\/wp-content\/uploads\/sites\/22\/2022\/03\/certyfikat-1536x2048.jpg 1536w, https:\/\/przedszkole2.edu.wroclaw.pl\/wp-content\/uploads\/sites\/22\/2022\/03\/certyfikat-scaled.jpg 1920w\" sizes=\"auto, (max-width: 225px) 100vw, 225px\" \/>[\/vc_column_text][vc_column_text]<em><strong>T\u0142usty czwartek<\/strong><\/em><\/p>\n<p><strong><em><img loading=\"lazy\" decoding=\"async\" class=\"alignnone size-full wp-image-3947\" src=\"https:\/\/przedszkole2.edu.wroclaw.pl\/wp-content\/uploads\/sites\/22\/2022\/02\/paczek-zdj.jpg\" alt=\"\" width=\"275\" height=\"183\" \/><\/em><\/strong><\/p>\n<p><strong><em>P\u0105czek<\/em><\/strong><\/p>\n<p><em>By\u0142 sobie p\u0105czek, co nie mia\u0142 r\u0105czek<\/em><\/p>\n<p><em>i okr\u0105glutki by\u0142 jak miesi\u0105czek.<\/em><\/p>\n<p><em>Mia\u0142 lukrowan\u0105 z\u0142ocist\u0105 sk\u00f3rk\u0119,<\/em><\/p>\n<p><em>a w \u015brodku dziurk\u0119 na konfiturk\u0119.<\/em><\/p>\n<p>&nbsp;<\/p>\n<p><em>Wszyscy go lubi\u0105 \u2013 starsi i dzieci.<\/em><\/p>\n<p><em>Na jego widok, a\u017c \u015blinka leci.<\/em><\/p>\n<p><em>Lecz co naprawd\u0119 p\u0105czki s\u0105 warte,<\/em><\/p>\n<p><em>To wie najlepiej &#8230; T\u0142usty Czwartek.<\/em><\/p>\n<p>T\u0142usty czwartek to tradycja, kt\u00f3ra by\u0142a kultywowana przez naszych rodzic\u00f3w i dziadk\u00f3w i powinna by\u0107 te\u017c kultywowana przez nas tak, aby nauczy\u0142y si\u0119 jej te\u017c nasze dzieci i mog\u0142y potem przekaza\u0107 j\u0105 swoim dzieciom. Chodzi po prostu o to, aby w tym dniu nie przesadza\u0107 z ilo\u015bci\u0105 spo\u017cytych p\u0105czk\u00f3w i fawork\u00f3w. Je\u015bli zachowamy zdrowy rozs\u0105dek i umiar, to na pewno nie odbije si\u0119 to negatywnie na naszym zdrowiu i r\u00f3wnowaga naszego organizmu nie zostanie z \u017caden spos\u00f3b zachwiana. A zjadaj\u0105c w t\u0142usty czwartek jednego p\u0105czka b\u0119dziemy mieli t\u0119 \u015bwiadomo\u015b\u0107, \u017ce w\u0142a\u015bnie podtrzymujemy star\u0105 tradycj\u0119, zgodnie z kt\u00f3r\u0105 nasze \u017cycie b\u0119dzie pozbawione przykro\u015bci i czeka nas tylko szcz\u0119\u015bcie!<\/p>\n<p><strong>Historia p\u0105czka<\/strong><\/p>\n<p>Dzieci lubi\u0105 barwne opowie\u015bci&#8230; Warto zacz\u0105\u0107 od tego, \u017ce dawno temu&#8230; ju\u017c w staro\u017cytnym Rzymie \u015bwi\u0119towa\u0142o si\u0119 w taki spos\u00f3b ostatnie dni ko\u0144cz\u0105cej si\u0119 zimy i nadchodz\u0105c\u0105 wiosn\u0119. By\u0142 to, tak jak teraz, czas zabawy, ta\u0144c\u00f3w, picia i jedzenia smakowitych potraw. W Polsce tradycja sma\u017cenia p\u0105czk\u00f3w narodzi\u0142a si\u0119 w XIX wieku. Jednak ju\u017c wcze\u015bniej, w ostatnim tygodniu karnawa\u0142u, pojawia\u0142y si\u0119 inne smako\u0142yki sma\u017cone na t\u0142uszczu, takie jak racuchy czy pampuchy.<\/p>\n<p><strong><em>Pierwsze p\u0105czki<\/em><\/strong><\/p>\n<p>Pierwsze p\u0105czki wcale nie przypomina\u0142y dzisiejszych apetycznych s\u0142odko\u015bci &#8211; by\u0142y wypiekane z innego rodzaju ciasta (twardszego) i nadziewanego s\u0142onin\u0105. Wok\u00f3\u0142 tradycji jedzenia p\u0105czk\u00f3w w t\u0142usty czwartek, naros\u0142o wiele innych zwyczaj\u00f3w, w tym przes\u0105d, \u017ce je\u015bli kto\u015b w t\u0142usty czwartek nie zje przynajmniej jednego p\u0105czka, to nie b\u0119dzie si\u0119 mu wiod\u0142o. Poza tym, dawniej, przygotowuj\u0105c p\u0105czki, niekt\u00f3re nadziewa\u0142o si\u0119 migda\u0142em lub orzechem. Wierzono, \u017ce kto na taki trafi, b\u0119dzie mia\u0142 w \u017cyciu szcz\u0119\u015bcie.<\/p>\n<p><strong><em>Wsp\u00f3lne gotowanie<\/em><\/strong><\/p>\n<p>To prawda, \u017ce przygotowanie na t\u0142usty czwartek tradycyjnych s\u0142odyczy jest bardzo pracoch\u0142onne i czasoch\u0142onne, tym bardziej je\u015bli uczestniczy w tym dziecko. Jednak wsp\u00f3lne gotowanie mo\u017ce przynie\u015b\u0107 Wam wiele rado\u015bci. Na pewno Tw\u00f3j maluch b\u0119dzie zachwycony je\u015bli dasz mu kawa\u0142ek ciasta, z kt\u00f3rego b\u0119dzie m\u00f3g\u0142 co\u015b ulepi\u0107 a potem zje\u015b\u0107 swoje dzie\u0142o. Jednocze\u015bnie musisz pami\u0119ta\u0107, \u017ce cz\u0119\u015b\u0107 ciasta, kt\u00f3re dasz dziecku, z g\u00f3ry trzeba b\u0119dzie przeznaczy\u0107 na straty.<\/p>\n<p>&nbsp;<\/p>\n<p>Zatem, ze starych zapis\u00f3w babuni oryginalny przepis na s\u0142odkie \u0142akomstwo:<\/p>\n<p>1 kg m\u0105ki<\/p>\n<p>6 \u017c\u00f3\u0142tek<\/p>\n<p>1 jajo<\/p>\n<p>15 dag dro\u017cd\u017cy<\/p>\n<p>\u00bd 1 mleka<\/p>\n<p>5 \u0142y\u017cek oleju<\/p>\n<p>15 dag cukru kryszta\u0142u<\/p>\n<p>cukier waniliowy<\/p>\n<p>marmolada<\/p>\n<p>1 kieliszek spirytusu lub \u00bd kieliszka octu<\/p>\n<p>cukier puder do posypania<\/p>\n<p>1 kg smalcu<\/p>\n<p>Dro\u017cd\u017ce rozetrze\u0107 zjedna \u0142y\u017ck\u0105 cukru, doda\u0107 1-2 \u0142y\u017cki m\u0105ki, nast\u0119pnie 1-2 \u0142y\u017cki ciep\u0142ego mleka, zostawi\u0107 do wyro\u015bni\u0119cia<\/p>\n<p>w ciep\u0142ym miejscu. \u017b\u00f3\u0142tka i jajo utrze\u0107 z cukrem kryszta\u0142em<\/p>\n<p>i waniliowym. Do wyro\u015bni\u0119tych dro\u017cd\u017cy doda\u0107 reszt\u0119 m\u0105ki.<\/p>\n<p>Utarte \u017c\u00f3\u0142tka wyrobi\u0107.<\/p>\n<p>Nast\u0119pnie doda\u0107 podgrzanego mleka tyle aby ciasto by\u0142o w sam raz. P\u00f3\u017aniej doda\u0107 olej, wyrobi\u0107, doda\u0107 ocet. Ciasto wyrobi\u0107 na l\u015bni\u0105ce. Wyrabia\u0107 przez oko\u0142o 15 min.<\/p>\n<p>Po wyrobieniu pozostawi\u0107 w ciep\u0142ym miejscu a\u017c podwoi swoj\u0105 obj\u0119to\u015b\u0107. Nast\u0119pnie rozwa\u0142kowa\u0107 cz\u0119\u015b\u0107 ciasta na grubo\u015b\u0107 1 \u00bd centymetra.<\/p>\n<p>Wykrawa\u0107 szklank\u0105 kr\u0105\u017cki, na \u015brodek kr\u0105\u017cka na\u0142o\u017cy\u0107 marmolad\u0119<\/p>\n<p>i przykry\u0107 go drugim kr\u0105\u017ckiem. Zlepi\u0107 obcinaj\u0105c boki szklank\u0105<\/p>\n<p>i pozostawi\u0107 do wyro\u015bni\u0119cia. Piec w dobrze nagrzanym t\u0142uszczu na z\u0142oty kolor.<\/p>\n<p>Smacznego![\/vc_column_text][vc_column_text]<em><strong><span style=\"vertical-align: inherit\"><span style=\"vertical-align: inherit\">Zdrowe Nawyki \u017bywieniowe<\/span><\/span><\/strong><\/em><\/p>\n<p>Zapraszamy do zapoznania si\u0119 ze produktami zawieraj\u0105cymi zdrowe t\u0142uszcze.<\/p>\n<p><img loading=\"lazy\" decoding=\"async\" class=\"alignnone size-medium wp-image-3945\" src=\"https:\/\/przedszkole2.edu.wroclaw.pl\/wp-content\/uploads\/sites\/22\/2022\/02\/tabelka-zdrowe-tluszcze-240x300.jpg\" alt=\"\" width=\"240\" height=\"300\" srcset=\"https:\/\/przedszkole2.edu.wroclaw.pl\/wp-content\/uploads\/sites\/22\/2022\/02\/tabelka-zdrowe-tluszcze-240x300.jpg 240w, https:\/\/przedszkole2.edu.wroclaw.pl\/wp-content\/uploads\/sites\/22\/2022\/02\/tabelka-zdrowe-tluszcze-768x960.jpg 768w, https:\/\/przedszkole2.edu.wroclaw.pl\/wp-content\/uploads\/sites\/22\/2022\/02\/tabelka-zdrowe-tluszcze-600x750.jpg 600w, https:\/\/przedszkole2.edu.wroclaw.pl\/wp-content\/uploads\/sites\/22\/2022\/02\/tabelka-zdrowe-tluszcze.jpg 819w\" sizes=\"auto, (max-width: 240px) 100vw, 240px\" \/>[\/vc_column_text][vc_column_text]<strong>Wygrywamy!<\/strong><\/p>\n<p>Mi\u0142o nam poinformowa\u0107, \u017ce grupa &#8222;Tropiciele&#8221; wygra\u0142a\u00a0 konkursu \u2018\u2019Moje zdrowe przedszkole\u2019\u2019 realizowanego w ramach projektu\u00a0 ,,Dzia\u0142ania edukacyjne z zakresu promocji zdrowia oraz profilaktyki zachowa\u0144 ryzykownych w plac\u00f3wkach nale\u017c\u0105cych do Wroc\u0142awskiej Sieci Przedszkoli i Szk\u00f3\u0142 Promuj\u0105cych Zdrowie &#8211; Zdrowa Misja.<\/p>\n<p>Wszystkim przedszkolakom gratulujemy!!!<\/p>\n<p><img loading=\"lazy\" decoding=\"async\" class=\"alignnone size-medium wp-image-3593\" src=\"https:\/\/przedszkole2.edu.wroclaw.pl\/wp-content\/uploads\/sites\/22\/2022\/01\/20220124_093621-225x300.jpg\" alt=\"\" width=\"225\" height=\"300\" srcset=\"https:\/\/przedszkole2.edu.wroclaw.pl\/wp-content\/uploads\/sites\/22\/2022\/01\/20220124_093621-225x300.jpg 225w, https:\/\/przedszkole2.edu.wroclaw.pl\/wp-content\/uploads\/sites\/22\/2022\/01\/20220124_093621-768x1024.jpg 768w, https:\/\/przedszkole2.edu.wroclaw.pl\/wp-content\/uploads\/sites\/22\/2022\/01\/20220124_093621-600x800.jpg 600w, https:\/\/przedszkole2.edu.wroclaw.pl\/wp-content\/uploads\/sites\/22\/2022\/01\/20220124_093621-1152x1536.jpg 1152w, https:\/\/przedszkole2.edu.wroclaw.pl\/wp-content\/uploads\/sites\/22\/2022\/01\/20220124_093621-1536x2048.jpg 1536w, https:\/\/przedszkole2.edu.wroclaw.pl\/wp-content\/uploads\/sites\/22\/2022\/01\/20220124_093621-scaled.jpg 1920w\" sizes=\"auto, (max-width: 225px) 100vw, 225px\" \/>[\/vc_column_text][vc_column_text]<strong>Zaj\u0119cia edukacyjne &#8222;Witaminki&#8221;<\/strong><\/p>\n<p>Zabawa i nauka &#8211; przedszkolaki poznaj\u0105 walory warzyw i owoc\u00f3w poprzez zmys\u0142y w\u0119chu, dotyku i smaku.<\/p>\n<p><img loading=\"lazy\" decoding=\"async\" class=\"alignnone size-medium wp-image-2162\" src=\"https:\/\/przedszkole2.edu.wroclaw.pl\/wp-content\/uploads\/sites\/22\/2021\/10\/IMG_5034-300x225.jpg\" alt=\"\" width=\"300\" height=\"225\" srcset=\"https:\/\/przedszkole2.edu.wroclaw.pl\/wp-content\/uploads\/sites\/22\/2021\/10\/IMG_5034-300x225.jpg 300w, https:\/\/przedszkole2.edu.wroclaw.pl\/wp-content\/uploads\/sites\/22\/2021\/10\/IMG_5034-1024x768.jpg 1024w, https:\/\/przedszkole2.edu.wroclaw.pl\/wp-content\/uploads\/sites\/22\/2021\/10\/IMG_5034-768x576.jpg 768w, https:\/\/przedszkole2.edu.wroclaw.pl\/wp-content\/uploads\/sites\/22\/2021\/10\/IMG_5034-600x450.jpg 600w, https:\/\/przedszkole2.edu.wroclaw.pl\/wp-content\/uploads\/sites\/22\/2021\/10\/IMG_5034-1536x1152.jpg 1536w, https:\/\/przedszkole2.edu.wroclaw.pl\/wp-content\/uploads\/sites\/22\/2021\/10\/IMG_5034-2048x1536.jpg 2048w\" sizes=\"auto, (max-width: 300px) 100vw, 300px\" \/><img loading=\"lazy\" decoding=\"async\" class=\"alignnone size-medium wp-image-2163\" src=\"https:\/\/przedszkole2.edu.wroclaw.pl\/wp-content\/uploads\/sites\/22\/2021\/10\/IMG_5035-300x225.jpg\" alt=\"\" width=\"300\" height=\"225\" srcset=\"https:\/\/przedszkole2.edu.wroclaw.pl\/wp-content\/uploads\/sites\/22\/2021\/10\/IMG_5035-300x225.jpg 300w, https:\/\/przedszkole2.edu.wroclaw.pl\/wp-content\/uploads\/sites\/22\/2021\/10\/IMG_5035-1024x768.jpg 1024w, https:\/\/przedszkole2.edu.wroclaw.pl\/wp-content\/uploads\/sites\/22\/2021\/10\/IMG_5035-768x576.jpg 768w, https:\/\/przedszkole2.edu.wroclaw.pl\/wp-content\/uploads\/sites\/22\/2021\/10\/IMG_5035-600x450.jpg 600w, https:\/\/przedszkole2.edu.wroclaw.pl\/wp-content\/uploads\/sites\/22\/2021\/10\/IMG_5035-1536x1152.jpg 1536w, https:\/\/przedszkole2.edu.wroclaw.pl\/wp-content\/uploads\/sites\/22\/2021\/10\/IMG_5035-2048x1536.jpg 2048w\" sizes=\"auto, (max-width: 300px) 100vw, 300px\" \/><img loading=\"lazy\" decoding=\"async\" class=\"alignnone size-medium wp-image-2165\" src=\"https:\/\/przedszkole2.edu.wroclaw.pl\/wp-content\/uploads\/sites\/22\/2021\/10\/IMG_5037-300x225.jpg\" alt=\"\" width=\"300\" height=\"225\" srcset=\"https:\/\/przedszkole2.edu.wroclaw.pl\/wp-content\/uploads\/sites\/22\/2021\/10\/IMG_5037-300x225.jpg 300w, https:\/\/przedszkole2.edu.wroclaw.pl\/wp-content\/uploads\/sites\/22\/2021\/10\/IMG_5037-1024x768.jpg 1024w, https:\/\/przedszkole2.edu.wroclaw.pl\/wp-content\/uploads\/sites\/22\/2021\/10\/IMG_5037-768x576.jpg 768w, https:\/\/przedszkole2.edu.wroclaw.pl\/wp-content\/uploads\/sites\/22\/2021\/10\/IMG_5037-600x450.jpg 600w, https:\/\/przedszkole2.edu.wroclaw.pl\/wp-content\/uploads\/sites\/22\/2021\/10\/IMG_5037-1536x1152.jpg 1536w, https:\/\/przedszkole2.edu.wroclaw.pl\/wp-content\/uploads\/sites\/22\/2021\/10\/IMG_5037-2048x1536.jpg 2048w\" sizes=\"auto, (max-width: 300px) 100vw, 300px\" \/>[\/vc_column_text][vc_column_text]<strong>Program &#8222;Zdrowa Misja&#8221;<\/strong><\/p>\n<p>W ramach warsztat\u00f3w kulinarnych nasze przedszkolaki samodzielnie przygotowuj\u0105 posi\u0142ki. W\u00f3wczas wszystko smakuje lepiej \ud83d\ude42<\/p>\n<p><img loading=\"lazy\" decoding=\"async\" class=\"alignnone size-medium wp-image-3182\" src=\"https:\/\/przedszkole2.edu.wroclaw.pl\/wp-content\/uploads\/sites\/22\/2021\/12\/IMG_5646-225x300.jpg\" alt=\"\" width=\"225\" height=\"300\" \/><img loading=\"lazy\" decoding=\"async\" class=\"alignnone size-medium wp-image-3174\" src=\"https:\/\/przedszkole2.edu.wroclaw.pl\/wp-content\/uploads\/sites\/22\/2021\/12\/IMG_5638-225x300.jpg\" alt=\"\" width=\"225\" height=\"300\" \/><img loading=\"lazy\" decoding=\"async\" class=\"alignnone size-medium wp-image-3176\" src=\"https:\/\/przedszkole2.edu.wroclaw.pl\/wp-content\/uploads\/sites\/22\/2021\/12\/IMG_5640-225x300.jpg\" alt=\"\" width=\"225\" height=\"300\" \/><img loading=\"lazy\" decoding=\"async\" class=\"alignnone size-medium wp-image-3185\" src=\"https:\/\/przedszkole2.edu.wroclaw.pl\/wp-content\/uploads\/sites\/22\/2021\/12\/IMG_5649-225x300.jpg\" alt=\"\" width=\"225\" height=\"300\" \/>[\/vc_column_text][vc_column_text]<img loading=\"lazy\" decoding=\"async\" class=\"alignnone size-medium wp-image-2615\" src=\"https:\/\/przedszkole2.edu.wroclaw.pl\/wp-content\/uploads\/sites\/22\/2021\/11\/6496384_preview-300x101.jpg\" alt=\"\" width=\"300\" height=\"101\" srcset=\"https:\/\/przedszkole2.edu.wroclaw.pl\/wp-content\/uploads\/sites\/22\/2021\/11\/6496384_preview-300x101.jpg 300w, https:\/\/przedszkole2.edu.wroclaw.pl\/wp-content\/uploads\/sites\/22\/2021\/11\/6496384_preview-768x259.jpg 768w, https:\/\/przedszkole2.edu.wroclaw.pl\/wp-content\/uploads\/sites\/22\/2021\/11\/6496384_preview-600x202.jpg 600w, https:\/\/przedszkole2.edu.wroclaw.pl\/wp-content\/uploads\/sites\/22\/2021\/11\/6496384_preview.jpg 920w\" sizes=\"auto, (max-width: 300px) 100vw, 300px\" \/><\/p>\n<p><strong>IX Spartakiada w Tajemniczym Ogrodzie- Inaczej<\/strong><\/p>\n<p>Mi\u0142o nam poinformowa\u0107, \u017ce konkurs plastyczny \u201eNasza aktywno\u015b\u0107 ruchowa\u201d w ramach mi\u0119dzyprzedszkolnej IX Spartakiady w Tajemniczym Ogrodzie- Inaczej zosta\u0142 rozstrzygni\u0119ty! Dzi\u0119kujemy i gratulujemy wszystkim, kt\u00f3rzy podj\u0119li wyzwanie. Jury mia\u0142o bardzo trudne zadanie z wy\u0142onieniem zwyci\u0119zc\u00f3w, gdy\u017c wszystkie nades\u0142ane prace by\u0142y bardzo tw\u00f3rcze. Serdecznie zapraszamy wszystkich opiekun\u00f3w laureat\u00f3w po odbi\u00f3r dyplomu oraz nagr\u00f3d dla grupy.<\/p>\n<p>Wy\u0142oniono nast\u0119puj\u0105cych laureat\u00f3w:<\/p>\n<p>Wyr\u00f3\u017cnienie otrzymali:<\/p>\n<ul>\n<li>Przedszkole nr 23, Ul. Zwyci\u0119ska 8A, Wroc\u0142aw; Grupa Sportowcy \u2013 4-latki.<\/li>\n<li>Przedszkole nr 77, Ul. Niemcewicza 4, Wroc\u0142aw; Grupa \u015awietliki \u2013 5-latki.<\/li>\n<li>Przedszkole nr 74 \u201eMa\u0142y Piekarczyk\u201d, Ul. Krzywa 3, Wroc\u0142aw; Grupa III \u2013 4,5-latki.<\/li>\n<li>Przedszkole nr 123, Ul. Wojrowicka 3, Wroc\u0142aw; Grupa Le\u015bne Ludki \u2013 6-latki.<\/li>\n<li>Zesp\u00f3\u0142 Szkolno- Przedszkolny nr 22 &#8211; Przedszkole nr 27, Ul. E. Dembowskiego 37, Wroc\u0142aw; Grupa II \u017buczki \u2013 3,4-latki.<\/li>\n<li>Przedszkole nr 35 z oddzia\u0142ami integracyjnymi \u201eT\u0119czowy domek\u201d, Ul. Pu\u0142askiego 20A, Wroc\u0142aw; Grupa T\u0119czowe S\u0142oneczka \u2013 5-latki.<\/li>\n<li>Przedszkole nr 99, Ul. Inowroc\u0142awska 9, Wroc\u0142aw; Grupa IV \u2013 6-latka.<\/li>\n<li>Przedszkole nr 25 \u201eS\u0142owia\u0144skie Maluchy\u201d, Ul. Kr\u0119ta 1A, Wroc\u0142aw; Grupa VII \u2013 6-latki.<\/li>\n<\/ul>\n<p>III miejsce<\/p>\n<ul>\n<li>Przedszkole nr 54 \u201ePod Kasztanami\u201d, Ul. E. Wittiga 3, Wroc\u0142aw; Grupa III, Supersmyki \u2013 5, 6-latki<\/li>\n<\/ul>\n<p>II miejsce<\/p>\n<ul>\n<li>Przedszkole nr 121 \u201eZielone Przedszkole\u201d, Ul. Tramwajowa 34, Wroc\u0142aw; Grupa S\u00f3wki \u2013 6-latki<\/li>\n<\/ul>\n<p>I miejsce<\/p>\n<ul>\n<li>Przedszkole nr 109 z oddzia\u0142ami integracyjnymi, Ul. Nowowiejska 80A, Wroc\u0142aw; Grupa IV \u2013 6-latki.<\/li>\n<\/ul>\n<p>&nbsp;<\/p>\n<p>Zapraszamy po osobisty odbi\u00f3r nagr\u00f3d w dniach od 15.11.2021r. do 19.11.2021r. w godzinach 6<sup>30<\/sup> &#8211; 17<sup>00<\/sup> do Naszego Przedszkola Nr 2 \u201eTajemniczy Ogr\u00f3d\u201d.<\/p>\n<p>Jeszcze raz serdecznie gratulujemy !<\/p>\n<p>&nbsp;<\/p>\n<p><img loading=\"lazy\" decoding=\"async\" class=\"alignnone size-medium wp-image-2584\" src=\"https:\/\/przedszkole2.edu.wroclaw.pl\/wp-content\/uploads\/sites\/22\/2021\/11\/1-300x225.jpg\" alt=\"\" width=\"300\" height=\"225\" srcset=\"https:\/\/przedszkole2.edu.wroclaw.pl\/wp-content\/uploads\/sites\/22\/2021\/11\/1-300x225.jpg 300w, https:\/\/przedszkole2.edu.wroclaw.pl\/wp-content\/uploads\/sites\/22\/2021\/11\/1-1024x768.jpg 1024w, https:\/\/przedszkole2.edu.wroclaw.pl\/wp-content\/uploads\/sites\/22\/2021\/11\/1-768x576.jpg 768w, https:\/\/przedszkole2.edu.wroclaw.pl\/wp-content\/uploads\/sites\/22\/2021\/11\/1-600x450.jpg 600w, https:\/\/przedszkole2.edu.wroclaw.pl\/wp-content\/uploads\/sites\/22\/2021\/11\/1-1536x1152.jpg 1536w, https:\/\/przedszkole2.edu.wroclaw.pl\/wp-content\/uploads\/sites\/22\/2021\/11\/1-2048x1536.jpg 2048w\" sizes=\"auto, (max-width: 300px) 100vw, 300px\" \/><img loading=\"lazy\" decoding=\"async\" class=\"alignnone size-medium wp-image-2585\" src=\"https:\/\/przedszkole2.edu.wroclaw.pl\/wp-content\/uploads\/sites\/22\/2021\/11\/2-300x225.jpg\" alt=\"\" width=\"300\" height=\"225\" srcset=\"https:\/\/przedszkole2.edu.wroclaw.pl\/wp-content\/uploads\/sites\/22\/2021\/11\/2-300x225.jpg 300w, https:\/\/przedszkole2.edu.wroclaw.pl\/wp-content\/uploads\/sites\/22\/2021\/11\/2-1024x768.jpg 1024w, https:\/\/przedszkole2.edu.wroclaw.pl\/wp-content\/uploads\/sites\/22\/2021\/11\/2-768x576.jpg 768w, https:\/\/przedszkole2.edu.wroclaw.pl\/wp-content\/uploads\/sites\/22\/2021\/11\/2-600x450.jpg 600w, https:\/\/przedszkole2.edu.wroclaw.pl\/wp-content\/uploads\/sites\/22\/2021\/11\/2-1536x1152.jpg 1536w, https:\/\/przedszkole2.edu.wroclaw.pl\/wp-content\/uploads\/sites\/22\/2021\/11\/2-2048x1536.jpg 2048w\" sizes=\"auto, (max-width: 300px) 100vw, 300px\" \/><img loading=\"lazy\" decoding=\"async\" class=\"alignnone size-medium wp-image-2586\" src=\"https:\/\/przedszkole2.edu.wroclaw.pl\/wp-content\/uploads\/sites\/22\/2021\/11\/3-300x225.jpg\" alt=\"\" width=\"300\" height=\"225\" srcset=\"https:\/\/przedszkole2.edu.wroclaw.pl\/wp-content\/uploads\/sites\/22\/2021\/11\/3-300x225.jpg 300w, https:\/\/przedszkole2.edu.wroclaw.pl\/wp-content\/uploads\/sites\/22\/2021\/11\/3-1024x768.jpg 1024w, https:\/\/przedszkole2.edu.wroclaw.pl\/wp-content\/uploads\/sites\/22\/2021\/11\/3-768x576.jpg 768w, https:\/\/przedszkole2.edu.wroclaw.pl\/wp-content\/uploads\/sites\/22\/2021\/11\/3-600x450.jpg 600w, https:\/\/przedszkole2.edu.wroclaw.pl\/wp-content\/uploads\/sites\/22\/2021\/11\/3-1536x1152.jpg 1536w, https:\/\/przedszkole2.edu.wroclaw.pl\/wp-content\/uploads\/sites\/22\/2021\/11\/3-2048x1536.jpg 2048w\" sizes=\"auto, (max-width: 300px) 100vw, 300px\" \/><img loading=\"lazy\" decoding=\"async\" class=\"alignnone size-medium wp-image-2587\" src=\"https:\/\/przedszkole2.edu.wroclaw.pl\/wp-content\/uploads\/sites\/22\/2021\/11\/4-300x225.jpg\" alt=\"\" width=\"300\" height=\"225\" srcset=\"https:\/\/przedszkole2.edu.wroclaw.pl\/wp-content\/uploads\/sites\/22\/2021\/11\/4-300x225.jpg 300w, https:\/\/przedszkole2.edu.wroclaw.pl\/wp-content\/uploads\/sites\/22\/2021\/11\/4-1024x768.jpg 1024w, https:\/\/przedszkole2.edu.wroclaw.pl\/wp-content\/uploads\/sites\/22\/2021\/11\/4-768x576.jpg 768w, https:\/\/przedszkole2.edu.wroclaw.pl\/wp-content\/uploads\/sites\/22\/2021\/11\/4-600x450.jpg 600w, https:\/\/przedszkole2.edu.wroclaw.pl\/wp-content\/uploads\/sites\/22\/2021\/11\/4-1536x1152.jpg 1536w, https:\/\/przedszkole2.edu.wroclaw.pl\/wp-content\/uploads\/sites\/22\/2021\/11\/4-2048x1536.jpg 2048w\" sizes=\"auto, (max-width: 300px) 100vw, 300px\" \/><img loading=\"lazy\" decoding=\"async\" class=\"alignnone size-medium wp-image-2588\" src=\"https:\/\/przedszkole2.edu.wroclaw.pl\/wp-content\/uploads\/sites\/22\/2021\/11\/5-300x225.jpg\" alt=\"\" width=\"300\" height=\"225\" srcset=\"https:\/\/przedszkole2.edu.wroclaw.pl\/wp-content\/uploads\/sites\/22\/2021\/11\/5-300x225.jpg 300w, https:\/\/przedszkole2.edu.wroclaw.pl\/wp-content\/uploads\/sites\/22\/2021\/11\/5-1024x768.jpg 1024w, https:\/\/przedszkole2.edu.wroclaw.pl\/wp-content\/uploads\/sites\/22\/2021\/11\/5-768x576.jpg 768w, https:\/\/przedszkole2.edu.wroclaw.pl\/wp-content\/uploads\/sites\/22\/2021\/11\/5-600x450.jpg 600w, https:\/\/przedszkole2.edu.wroclaw.pl\/wp-content\/uploads\/sites\/22\/2021\/11\/5-1536x1152.jpg 1536w, https:\/\/przedszkole2.edu.wroclaw.pl\/wp-content\/uploads\/sites\/22\/2021\/11\/5-2048x1536.jpg 2048w\" sizes=\"auto, (max-width: 300px) 100vw, 300px\" \/><img loading=\"lazy\" decoding=\"async\" class=\"alignnone size-medium wp-image-2589\" src=\"https:\/\/przedszkole2.edu.wroclaw.pl\/wp-content\/uploads\/sites\/22\/2021\/11\/6-300x225.jpg\" alt=\"\" width=\"300\" height=\"225\" srcset=\"https:\/\/przedszkole2.edu.wroclaw.pl\/wp-content\/uploads\/sites\/22\/2021\/11\/6-300x225.jpg 300w, https:\/\/przedszkole2.edu.wroclaw.pl\/wp-content\/uploads\/sites\/22\/2021\/11\/6-1024x768.jpg 1024w, https:\/\/przedszkole2.edu.wroclaw.pl\/wp-content\/uploads\/sites\/22\/2021\/11\/6-768x576.jpg 768w, https:\/\/przedszkole2.edu.wroclaw.pl\/wp-content\/uploads\/sites\/22\/2021\/11\/6-600x450.jpg 600w, https:\/\/przedszkole2.edu.wroclaw.pl\/wp-content\/uploads\/sites\/22\/2021\/11\/6-1536x1152.jpg 1536w, https:\/\/przedszkole2.edu.wroclaw.pl\/wp-content\/uploads\/sites\/22\/2021\/11\/6-2048x1536.jpg 2048w\" sizes=\"auto, (max-width: 300px) 100vw, 300px\" \/><img loading=\"lazy\" decoding=\"async\" class=\"alignnone size-medium wp-image-2590\" src=\"https:\/\/przedszkole2.edu.wroclaw.pl\/wp-content\/uploads\/sites\/22\/2021\/11\/7a-300x225.jpg\" alt=\"\" width=\"300\" height=\"225\" srcset=\"https:\/\/przedszkole2.edu.wroclaw.pl\/wp-content\/uploads\/sites\/22\/2021\/11\/7a-300x225.jpg 300w, https:\/\/przedszkole2.edu.wroclaw.pl\/wp-content\/uploads\/sites\/22\/2021\/11\/7a-1024x768.jpg 1024w, https:\/\/przedszkole2.edu.wroclaw.pl\/wp-content\/uploads\/sites\/22\/2021\/11\/7a-768x576.jpg 768w, https:\/\/przedszkole2.edu.wroclaw.pl\/wp-content\/uploads\/sites\/22\/2021\/11\/7a-600x450.jpg 600w, https:\/\/przedszkole2.edu.wroclaw.pl\/wp-content\/uploads\/sites\/22\/2021\/11\/7a-1536x1152.jpg 1536w, https:\/\/przedszkole2.edu.wroclaw.pl\/wp-content\/uploads\/sites\/22\/2021\/11\/7a-2048x1536.jpg 2048w\" sizes=\"auto, (max-width: 300px) 100vw, 300px\" \/><img loading=\"lazy\" decoding=\"async\" class=\"alignnone size-medium wp-image-2591\" src=\"https:\/\/przedszkole2.edu.wroclaw.pl\/wp-content\/uploads\/sites\/22\/2021\/11\/7b-300x225.jpg\" alt=\"\" width=\"300\" height=\"225\" srcset=\"https:\/\/przedszkole2.edu.wroclaw.pl\/wp-content\/uploads\/sites\/22\/2021\/11\/7b-300x225.jpg 300w, https:\/\/przedszkole2.edu.wroclaw.pl\/wp-content\/uploads\/sites\/22\/2021\/11\/7b-1024x768.jpg 1024w, https:\/\/przedszkole2.edu.wroclaw.pl\/wp-content\/uploads\/sites\/22\/2021\/11\/7b-768x576.jpg 768w, https:\/\/przedszkole2.edu.wroclaw.pl\/wp-content\/uploads\/sites\/22\/2021\/11\/7b-600x450.jpg 600w, https:\/\/przedszkole2.edu.wroclaw.pl\/wp-content\/uploads\/sites\/22\/2021\/11\/7b-1536x1152.jpg 1536w, https:\/\/przedszkole2.edu.wroclaw.pl\/wp-content\/uploads\/sites\/22\/2021\/11\/7b-2048x1536.jpg 2048w\" sizes=\"auto, (max-width: 300px) 100vw, 300px\" \/><img loading=\"lazy\" decoding=\"async\" class=\"alignnone size-medium wp-image-2592\" src=\"https:\/\/przedszkole2.edu.wroclaw.pl\/wp-content\/uploads\/sites\/22\/2021\/11\/8-300x225.jpg\" alt=\"\" width=\"300\" height=\"225\" srcset=\"https:\/\/przedszkole2.edu.wroclaw.pl\/wp-content\/uploads\/sites\/22\/2021\/11\/8-300x225.jpg 300w, https:\/\/przedszkole2.edu.wroclaw.pl\/wp-content\/uploads\/sites\/22\/2021\/11\/8-1024x768.jpg 1024w, https:\/\/przedszkole2.edu.wroclaw.pl\/wp-content\/uploads\/sites\/22\/2021\/11\/8-768x576.jpg 768w, https:\/\/przedszkole2.edu.wroclaw.pl\/wp-content\/uploads\/sites\/22\/2021\/11\/8-600x450.jpg 600w, https:\/\/przedszkole2.edu.wroclaw.pl\/wp-content\/uploads\/sites\/22\/2021\/11\/8-1536x1152.jpg 1536w, https:\/\/przedszkole2.edu.wroclaw.pl\/wp-content\/uploads\/sites\/22\/2021\/11\/8-2048x1536.jpg 2048w\" sizes=\"auto, (max-width: 300px) 100vw, 300px\" \/><img loading=\"lazy\" decoding=\"async\" class=\"alignnone size-medium wp-image-2593\" src=\"https:\/\/przedszkole2.edu.wroclaw.pl\/wp-content\/uploads\/sites\/22\/2021\/11\/9-300x225.jpg\" alt=\"\" width=\"300\" height=\"225\" srcset=\"https:\/\/przedszkole2.edu.wroclaw.pl\/wp-content\/uploads\/sites\/22\/2021\/11\/9-300x225.jpg 300w, https:\/\/przedszkole2.edu.wroclaw.pl\/wp-content\/uploads\/sites\/22\/2021\/11\/9-1024x768.jpg 1024w, https:\/\/przedszkole2.edu.wroclaw.pl\/wp-content\/uploads\/sites\/22\/2021\/11\/9-768x576.jpg 768w, https:\/\/przedszkole2.edu.wroclaw.pl\/wp-content\/uploads\/sites\/22\/2021\/11\/9-600x450.jpg 600w, https:\/\/przedszkole2.edu.wroclaw.pl\/wp-content\/uploads\/sites\/22\/2021\/11\/9-1536x1152.jpg 1536w, https:\/\/przedszkole2.edu.wroclaw.pl\/wp-content\/uploads\/sites\/22\/2021\/11\/9-2048x1536.jpg 2048w\" sizes=\"auto, (max-width: 300px) 100vw, 300px\" \/><img loading=\"lazy\" decoding=\"async\" class=\"alignnone size-medium wp-image-2594\" src=\"https:\/\/przedszkole2.edu.wroclaw.pl\/wp-content\/uploads\/sites\/22\/2021\/11\/10-300x225.jpg\" alt=\"\" width=\"300\" height=\"225\" srcset=\"https:\/\/przedszkole2.edu.wroclaw.pl\/wp-content\/uploads\/sites\/22\/2021\/11\/10-300x225.jpg 300w, https:\/\/przedszkole2.edu.wroclaw.pl\/wp-content\/uploads\/sites\/22\/2021\/11\/10-1024x768.jpg 1024w, https:\/\/przedszkole2.edu.wroclaw.pl\/wp-content\/uploads\/sites\/22\/2021\/11\/10-768x576.jpg 768w, https:\/\/przedszkole2.edu.wroclaw.pl\/wp-content\/uploads\/sites\/22\/2021\/11\/10-600x450.jpg 600w, https:\/\/przedszkole2.edu.wroclaw.pl\/wp-content\/uploads\/sites\/22\/2021\/11\/10-1536x1152.jpg 1536w, https:\/\/przedszkole2.edu.wroclaw.pl\/wp-content\/uploads\/sites\/22\/2021\/11\/10-2048x1536.jpg 2048w\" sizes=\"auto, (max-width: 300px) 100vw, 300px\" \/>[\/vc_column_text][vc_column_text]<strong>Sport to zdrowie<\/strong><\/p>\n<p>Staramy si\u0119 wykorzysta\u0107 ka\u017cd\u0105 okazj\u0119 do propagowania ruchu i aktywnego sp\u0119dzania czasu w\u015br\u00f3d naszych przedszkolak\u00f3w. Ch\u0119tnie udost\u0119pniamy nasze sale, ogr\u00f3d i sprz\u0119t sportowy do przeprowadzenia zaj\u0119\u0107 pokazowych przez kluby sportowe. Ostatnio dzieci mia\u0142y okazj\u0119 \u0107wiczy\u0107 z trenerem pi\u0142ki no\u017cnej. Mamy nadziej\u0119, \u017ce przedszkolaki b\u0119d\u0105 chcia\u0142y kontynuowa\u0107 swoj\u0105 przygod\u0119 z pi\u0142k\u0105 \ud83d\ude42<\/p>\n<p><img loading=\"lazy\" decoding=\"async\" class=\"alignnone size-medium wp-image-2330\" src=\"https:\/\/przedszkole2.edu.wroclaw.pl\/wp-content\/uploads\/sites\/22\/2021\/10\/IMG_20211021_102212-300x225.jpg\" alt=\"\" width=\"300\" height=\"225\" srcset=\"https:\/\/przedszkole2.edu.wroclaw.pl\/wp-content\/uploads\/sites\/22\/2021\/10\/IMG_20211021_102212-300x225.jpg 300w, https:\/\/przedszkole2.edu.wroclaw.pl\/wp-content\/uploads\/sites\/22\/2021\/10\/IMG_20211021_102212-1024x768.jpg 1024w, https:\/\/przedszkole2.edu.wroclaw.pl\/wp-content\/uploads\/sites\/22\/2021\/10\/IMG_20211021_102212-768x576.jpg 768w, https:\/\/przedszkole2.edu.wroclaw.pl\/wp-content\/uploads\/sites\/22\/2021\/10\/IMG_20211021_102212-600x450.jpg 600w, https:\/\/przedszkole2.edu.wroclaw.pl\/wp-content\/uploads\/sites\/22\/2021\/10\/IMG_20211021_102212-1536x1152.jpg 1536w, https:\/\/przedszkole2.edu.wroclaw.pl\/wp-content\/uploads\/sites\/22\/2021\/10\/IMG_20211021_102212-2048x1536.jpg 2048w\" sizes=\"auto, (max-width: 300px) 100vw, 300px\" \/>[\/vc_column_text][vc_column_text]<strong>Projekt &#8222;Zdrowa Misja&#8221;<\/strong><\/p>\n<p>Nasze przedszkole bierze udzia\u0142 w projekcie edukacyjnym finansowanym przez Gmin\u0119 Wroc\u0142aw. Celem programu jest promocja zdrowego stylu \u017cycia w\u015br\u00f3d dzieci i m\u0142odzie\u017cy oraz przeciwdzia\u0142anie zagro\u017ceniom zdrowotnym spowodowanym nieodpowiedni\u0105 diet\u0105 oraz\u00a0 brakiem ruchu. Cykliczne spotkania i warsztaty kulinarne dostarczaj\u0105 dzieciom wiedzy na temat zdrowego \u017cywienia. Przedszkolaki maj\u0105 okazj\u0119 samodzielnie przygotowywa\u0107 zdrowe posi\u0142ki, przek\u0105ski i soki. Jest to najlepsza droga do wyrobienia w sobie nawyk\u00f3w zwi\u0105zanych ze zdrowym stylem \u017cycia.<\/p>\n<p><img loading=\"lazy\" decoding=\"async\" class=\"alignnone size-medium wp-image-2111\" src=\"https:\/\/przedszkole2.edu.wroclaw.pl\/wp-content\/uploads\/sites\/22\/2021\/10\/IMG_4731-225x300.png\" alt=\"\" width=\"225\" height=\"300\" srcset=\"https:\/\/przedszkole2.edu.wroclaw.pl\/wp-content\/uploads\/sites\/22\/2021\/10\/IMG_4731-225x300.png 225w, https:\/\/przedszkole2.edu.wroclaw.pl\/wp-content\/uploads\/sites\/22\/2021\/10\/IMG_4731-768x1024.png 768w, https:\/\/przedszkole2.edu.wroclaw.pl\/wp-content\/uploads\/sites\/22\/2021\/10\/IMG_4731-600x800.png 600w, https:\/\/przedszkole2.edu.wroclaw.pl\/wp-content\/uploads\/sites\/22\/2021\/10\/IMG_4731-1152x1536.png 1152w, https:\/\/przedszkole2.edu.wroclaw.pl\/wp-content\/uploads\/sites\/22\/2021\/10\/IMG_4731-1536x2048.png 1536w\" sizes=\"auto, (max-width: 225px) 100vw, 225px\" \/><img loading=\"lazy\" decoding=\"async\" class=\"alignnone size-medium wp-image-2124\" src=\"https:\/\/przedszkole2.edu.wroclaw.pl\/wp-content\/uploads\/sites\/22\/2021\/10\/IMG_4747-225x300.jpg\" alt=\"\" width=\"225\" height=\"300\" srcset=\"https:\/\/przedszkole2.edu.wroclaw.pl\/wp-content\/uploads\/sites\/22\/2021\/10\/IMG_4747-225x300.jpg 225w, https:\/\/przedszkole2.edu.wroclaw.pl\/wp-content\/uploads\/sites\/22\/2021\/10\/IMG_4747-768x1024.jpg 768w, https:\/\/przedszkole2.edu.wroclaw.pl\/wp-content\/uploads\/sites\/22\/2021\/10\/IMG_4747-600x800.jpg 600w, https:\/\/przedszkole2.edu.wroclaw.pl\/wp-content\/uploads\/sites\/22\/2021\/10\/IMG_4747-1152x1536.jpg 1152w, https:\/\/przedszkole2.edu.wroclaw.pl\/wp-content\/uploads\/sites\/22\/2021\/10\/IMG_4747-1536x2048.jpg 1536w, https:\/\/przedszkole2.edu.wroclaw.pl\/wp-content\/uploads\/sites\/22\/2021\/10\/IMG_4747-scaled.jpg 1920w\" sizes=\"auto, (max-width: 225px) 100vw, 225px\" \/>[\/vc_column_text][vc_column_text]Nasze Przedszkole nale\u017cy do Wroc\u0142awskiej Sieci Przedszkoli Promuj\u0105cych Zdrowie.[\/vc_column_text][vc_single_image image=&#8221;659&#8243;][\/vc_column][vc_column][\/vc_column][vc_column][\/vc_column][\/vc_row][vc_row][vc_column][vc_column_text]Program Przedszkola nr2\u00a0 &#8222;Tajemniczy Ogr\u00f3d&#8221;<\/p>\n<p><img loading=\"lazy\" decoding=\"async\" class=\"wp-image-1586 alignright\" src=\"https:\/\/przedszkole2.edu.wroclaw.pl\/wp-content\/uploads\/sites\/22\/2021\/06\/indeks.jpg\" alt=\"\" width=\"149\" height=\"149\" srcset=\"https:\/\/przedszkole2.edu.wroclaw.pl\/wp-content\/uploads\/sites\/22\/2021\/06\/indeks.jpg 225w, https:\/\/przedszkole2.edu.wroclaw.pl\/wp-content\/uploads\/sites\/22\/2021\/06\/indeks-150x150.jpg 150w\" sizes=\"auto, (max-width: 149px) 100vw, 149px\" \/><\/p>\n<p>Promuj\u0105cego Edukacj\u0119 Zdrowotn\u0105<\/p>\n<p>&#8222;DZIECI Z OGRODU TAJEMNICZEGO<\/p>\n<p>\u017bYJ\u0104 WED\u0141UG PROGRAMU ZDROWEGO&#8221;<\/p>\n<p>&nbsp;<\/p>\n<p>&nbsp;<\/p>\n<p>&#8222;Sport to zdrowie&#8221;<img loading=\"lazy\" decoding=\"async\" class=\"size-medium wp-image-1584 alignright\" src=\"https:\/\/przedszkole2.edu.wroclaw.pl\/wp-content\/uploads\/sites\/22\/2021\/06\/images-300x140.jpg\" alt=\"\" width=\"300\" height=\"140\" srcset=\"https:\/\/przedszkole2.edu.wroclaw.pl\/wp-content\/uploads\/sites\/22\/2021\/06\/images-300x140.jpg 300w, https:\/\/przedszkole2.edu.wroclaw.pl\/wp-content\/uploads\/sites\/22\/2021\/06\/images.jpg 329w\" sizes=\"auto, (max-width: 300px) 100vw, 300px\" \/><\/p>\n<p>Gimnastyka og\u00f3lnorozwojowa z elementami gimnastyki korekcyjnej<\/p>\n<p>Prowadz\u0105cy zaj\u0119cia &#8211; mgr Agnieszka Huber, nauczyciel wychowania fizycznego i gimnastyki korekcyjnej<\/p>\n<p>W naszym\u00a0 przedszkolu zaj\u0119cia odbywaj\u0105 si\u0119 2 razy w tygodniu (wtorki i czwartki) w godzinach porannych dla ka\u017cdej grupy. Czas trwania jednych zaj\u0119\u0107 to 30 minut.<\/p>\n<p>Zaj\u0119cia prowadzone s\u0105 zar\u00f3wno w salach przedszkolnych na dywanie, jak i na powietrzu w ogrodzie przedszkolnym w postaci gier i zabaw terenowych, sprawno\u015bciowego toru przeszk\u00f3d.<\/p>\n<p>Tematyka zaj\u0119\u0107 og\u00f3lnorozwojowych z elementami gimnastyki korekcyjnej dotyczy:<\/p>\n<p>&#8211; wyrabiania nawyku utrzymywania prawid\u0142owej postawy cia\u0142a<\/p>\n<p>&#8211; rozwijania sprawno\u015bci ruchowej dziecka<\/p>\n<p>&#8211; kszta\u0142towania nawyku zdrowego stylu \u017cycia<\/p>\n<p>Do realizacji tych zada\u0144 w postaci \u0107wicze\u0144 i zabaw ruchowych wykorzystywany jest sprz\u0119t gimnastyczny, zar\u00f3wno przybory typowe: szarfy, obr\u0119cze, woreczki, pi\u0142eczki, k\u00f3\u0142ka, pacho\u0142ki skakanki,\u00a0\u00a0 pi\u0142ki du\u017ce, jak i przybory nietypowe : gazety, pi\u00f3rka, balony.<\/p>\n<p>Kszta\u0142towane s\u0105 cechy motoryczne takie, jak: szybko\u015b\u0107, si\u0142a, zr\u0119czno\u015b\u0107, zwinno\u015b\u0107, koordynacja ruchowa,\u00a0 orientacja w przestrzeni.<\/p>\n<p>Metody stosowane: opowie\u015bci ruchowej (g\u0142\u00f3wnie w grupie 3 latk\u00f3w), na\u015bladowcza, zadaniowa, inwencji tw\u00f3rczej (w grupie 4-5, i 6 latk\u00f3w)<\/p>\n<p>Formy: wy\u015bcigi rz\u0119d\u00f3w, pokazowa, w parach, indywidualna, ma\u0142ych grup, obwod\u00f3w \u0107wiczebnych<\/p>\n<p>W zaj\u0119ciach wykorzystuje si\u0119 muzyk\u0119, stosuje piosenki znane i mniej znane dzieciom. Dzieci na\u015bladuj\u0105 ruchem elementy opowie\u015bci s\u0142ownej b\u0105d\u017a utworu.\u00a0 Kszta\u0142towane jest poczucie rytmu w\u00a0 grupowych uk\u0142adach tanecznych i ta\u0144cach np. polonezie.[\/vc_column_text][\/vc_column][\/vc_row]<\/p>\n<\/div>","protected":false},"excerpt":{"rendered":"<p>[vc_row][vc_column width=&#8221;1\/2&#8243;][vc_column_text css=&#8221;&#8221;]Sportowe powitanie wiosny W naszym przedszkolu w wyj\u0105tkowo radosny spos\u00f3b przywitali\u015bmy wiosn\u0119! Tego dnia dzieci uczestniczy\u0142y w sportowych zabawach i zadaniach ruchowych, kt\u00f3re pozwoli\u0142y im rozgrza\u0107 si\u0119 po [&hellip;]<\/p>\n","protected":false},"author":72,"featured_media":0,"parent":33,"menu_order":0,"comment_status":"closed","ping_status":"closed","template":"","meta":{"ngg_post_thumbnail":0,"footnotes":""},"class_list":["post-555","page","type-page","status-publish","hentry","clearfix"],"_links":{"self":[{"href":"https:\/\/przedszkole2.edu.wroclaw.pl\/index.php\/wp-json\/wp\/v2\/pages\/555","targetHints":{"allow":["GET"]}}],"collection":[{"href":"https:\/\/przedszkole2.edu.wroclaw.pl\/index.php\/wp-json\/wp\/v2\/pages"}],"about":[{"href":"https:\/\/przedszkole2.edu.wroclaw.pl\/index.php\/wp-json\/wp\/v2\/types\/page"}],"author":[{"embeddable":true,"href":"https:\/\/przedszkole2.edu.wroclaw.pl\/index.php\/wp-json\/wp\/v2\/users\/72"}],"replies":[{"embeddable":true,"href":"https:\/\/przedszkole2.edu.wroclaw.pl\/index.php\/wp-json\/wp\/v2\/comments?post=555"}],"version-history":[{"count":103,"href":"https:\/\/przedszkole2.edu.wroclaw.pl\/index.php\/wp-json\/wp\/v2\/pages\/555\/revisions"}],"predecessor-version":[{"id":9873,"href":"https:\/\/przedszkole2.edu.wroclaw.pl\/index.php\/wp-json\/wp\/v2\/pages\/555\/revisions\/9873"}],"up":[{"embeddable":true,"href":"https:\/\/przedszkole2.edu.wroclaw.pl\/index.php\/wp-json\/wp\/v2\/pages\/33"}],"wp:attachment":[{"href":"https:\/\/przedszkole2.edu.wroclaw.pl\/index.php\/wp-json\/wp\/v2\/media?parent=555"}],"curies":[{"name":"wp","href":"https:\/\/api.w.org\/{rel}","templated":true}]}}