
{"id":981,"date":"2021-03-05T11:42:41","date_gmt":"2021-03-05T10:42:41","guid":{"rendered":"https:\/\/przedszkole2.edu.wroclaw.pl\/?page_id=981"},"modified":"2026-01-29T14:08:14","modified_gmt":"2026-01-29T13:08:14","slug":"rekrutacja-2","status":"publish","type":"page","link":"https:\/\/przedszkole2.edu.wroclaw.pl\/index.php\/rekrutacja-2\/","title":{"rendered":"Rekrutacja 2025\/2026"},"content":{"rendered":"<div class=\"wpb-content-wrapper\"><p>[vc_row][vc_column][\/vc_column][\/vc_row][vc_row][vc_column][vc_column_text css=&#8221;.vc_custom_1769692092142{border-color: #dd3333 !important;}&#8221;]<\/p>\n<header class=\"page-header\"><strong>REKRUTACJA DZIECI DO NASZEGO PRZEDSZKOLA &#8211; <\/strong><strong><strong>NA\u00a0 ROK SZKOLNY 2026\/2027<\/strong><\/strong><\/header>\n<header class=\"page-header\">\n<h1 class=\"entry-title\" style=\"text-align: center\" data-normal-size=\"32\"><span style=\"text-decoration: underline\">Drzwi otwarte<\/span><\/h1>\n<h1 class=\"entry-title\" style=\"text-align: center\" data-normal-size=\"32\"><span style=\"text-decoration: underline\">w \u201eTajemniczym Ogrodzie\u201d.<\/span><\/h1>\n<\/header>\n<div class=\"pe-article-content\">\n<div class=\"vc_row wpb_row vc_row-fluid\">\n<div class=\"wpb_column vc_column_container vc_col-sm-12\">\n<div class=\"vc_column-inner\">\n<div class=\"wpb_wrapper\">\n<div class=\"wpb_text_column wpb_content_element \">\n<div class=\"wpb_wrapper\">\n<p data-normal-size=\"16\">Serdecznie zapraszamy Rodzic\u00f3w, kt\u00f3rzy chcieliby zapisa\u0107 swoje dziecko do przedszkola \u201eTajemniczy Ogr\u00f3d\u201d na drzwi otwarte,<\/p>\n<p data-normal-size=\"16\">kt\u00f3re odb\u0119d\u0105 si\u0119 w dniach: <strong>11.03.2026r. oraz 12.03.2026r\u00a0 w godzinach 16.00 \u2013 17.00<\/strong><\/p>\n<p data-normal-size=\"16\"><strong>ZACH\u0118CAMY PA\u0143STWA DO ZAPOZNANIA SI\u0118\u00a0 <\/strong><strong>Z OFERT\u0104 NASZEGO PRZEDSZKOLA.<\/strong><\/p>\n<p class=\"fontSize13\"><strong>W PRZYPADKU JAKICHKOLWIEK PYTA\u0143, W\u0104TPLIWO\u015aCI, NIEJASNO\u015aCI &#8211; PROSIMY O KONTAKT tel.717986776, <\/strong><\/p>\n<p class=\"fontSize13\"><strong>e-mail: sekretariat.p002@wroclawskaedukacja.pl<\/strong><\/p>\n<p style=\"text-align: center\"><span style=\"text-decoration: underline\"><strong>Informacje og\u00f3lne<\/strong><\/span><\/p>\n<\/div>\n<p><strong>Rekrutacja prowadzona jest w systemie elektronicznym poprzez stron\u0119 rekrutacje.edu.wroclaw.pl<\/strong><\/p>\n<p><strong>W dniach 20-25 marca 2026 elektroniczny system rekrutacji dost\u0119pny jest\u00a0 24 godziny na dob\u0119. W dniu rozpocz\u0119cia rekrutacji tj. 20 marca od godz. 12.00,\u00a0 a w dniu zako\u0144czenia tj. 25 marca\u00a0 do godz. 15.00. <\/strong><\/p>\n<p><strong>W przypadku braku mo\u017cliwo\u015bci skorzystania z systemu elektronicznego istnieje mo\u017cliwo\u015b\u0107 z\u0142o\u017cenia wniosku wraz z za\u0142\u0105cznikami bezpo\u015brednio w plac\u00f3wce.<\/strong><\/p>\n<p><strong>Post\u0119powanie rekrutacyjne przeprowadza komisja rekrutacyjna powo\u0142ana przez dyrektora w plac\u00f3wce.<\/strong><\/p>\n<p><span style=\"text-decoration: underline\">Zapraszamy do zapoznania si\u0119 z harmonogramem i zasadami rekrutacji na wolne miejsca od wrze\u015bnia 2026.<\/span><\/p>\n<p>Ilo\u015b\u0107 wolnych miejsc: podana b\u0119dzie w p\u00f3\u017aniejszym terminie.<\/p>\n<p><strong>Rodzice dzieci ucz\u0119szczaj\u0105cych do przedszkola maj\u0105cy zamiar pozostawi\u0107 dziecko w tej plac\u00f3wce w kolejnym roku szkolnym, sk\u0142adaj\u0105 w przedszkolu wol\u0119 kontynuacji.<\/strong><\/p>\n<p><strong>Rodzice dzieci ucz\u0119szczaj\u0105cych do przedszkola maj\u0105cy zamiar zmieni\u0107 dziecku plac\u00f3wk\u0119 w kolejnym roku szkolnym, nie sk\u0142adaj\u0105 woli kontynuacji w macierzystym przedszkolu i bior\u0105 udzia\u0142 w rekrutacji.<\/strong><\/p>\n<p><strong><span style=\"text-decoration: underline\">Harmonogram rekrutacji dla rodzic\u00f3w- etap podstawowy<\/span><\/strong><\/p>\n<p><strong><a href=\"https:\/\/przedszkole2.edu.wroclaw.pl\/wp-content\/uploads\/sites\/22\/2026\/01\/HARMONOGRAM-DLA-RODZICOW-ETAP-PODSTAWOWY-119-KB.docx\">HARMONOGRAM DLA RODZIC\u00d3W &#8211; ETAP PODSTAWOWY (11,9 KB)<\/a><\/strong><\/p>\n<p><strong>11 marca 2026 od godz. 12.00<\/strong><\/p>\n<p><strong>Zapoznaj si\u0119<\/strong> z ofert\u0105\u00a0 przedszkoli<\/p>\n<p><strong>20 marca 2026 od godz. 12.00 do 25 marca 2026 do godz. 15.00<\/strong><\/p>\n<p><strong>Wype\u0142nij <\/strong>wniosek w systemie<\/p>\n<p><strong>\u00a0<\/strong><strong>21 kwietnia 2026 <\/strong><\/p>\n<p><strong>Sprawd\u017a<\/strong> wyniki dzieci zakwalifikowanych i niezakwalifikowanych<\/p>\n<p><strong>\u00a0<\/strong><strong>21 do 22 kwietnia 2026<\/strong><\/p>\n<p><strong>Z\u0142\u00f3\u017c <\/strong>ewentualn\u0105 rezygnacj\u0119 z miejsca w systemie<\/p>\n<p><strong>\u00a0<\/strong><strong>24 kwietnia 2026 od godz. 14.00<\/strong><\/p>\n<p><strong>Sprawd\u017a <\/strong>list\u0119 kandydat\u00f3w przyj\u0119tych i nieprzyj\u0119tych<\/p>\n<\/div>\n<div class=\"wpb_text_column wpb_content_element \">\n<p><span style=\"text-decoration: underline\"><strong>Harmonogram rekrutacji dla rodzic\u00f3w \u2013 post\u0119powanie uzupe\u0142niaj\u0105ce<\/strong><\/span><\/p>\n<p><span style=\"text-decoration: underline\"><strong> <a href=\"https:\/\/przedszkole2.edu.wroclaw.pl\/wp-content\/uploads\/sites\/22\/2026\/01\/HARMONOGRAM-DLA-RODZICOW-ETAP-UZUPELNIAJACY119-KB.docx\">HARMONOGRAM DLA RODZIC\u00d3W &#8211; ETAP UZUPE\u0141NIAJ\u0104CY(11,9 KB)<\/a><\/strong><\/span><\/p>\n<p><strong>20 maja 2026 \u00a0od godz. 12.00 \u00a0do 22 maja 2026 \u00a0do godz. 15.00<\/strong><\/p>\n<p><strong>Wype\u0142nij <\/strong>wniosek w systemie<\/p>\n<p><strong>5 czerwca 2026<\/strong><\/p>\n<p><strong>Sprawd\u017a<\/strong> wyniki dzieci zakwalifikowanych i niezakwalifikowanych<\/p>\n<p><strong>\u00a0<\/strong><strong>5 czerwca do 8 czerwca 2026<\/strong><\/p>\n<p><strong>Z\u0142\u00f3\u017c <\/strong>ewentualn\u0105 rezygnacj\u0119 z miejsca w systemie<\/p>\n<p><strong>\u00a0<\/strong><strong>10 czerwca 2026 \u00a0od godz. 14.00<\/strong><\/p>\n<p><strong>Sprawd\u017a <\/strong>list\u0119 kandydat\u00f3w przyj\u0119tych i nieprzyj\u0119tych<\/p>\n<p><strong>Kryteria naboru:<a href=\"https:\/\/przedszkole2.edu.wroclaw.pl\/wp-content\/uploads\/sites\/22\/2026\/01\/KRYTERIA-.docx\">KRYTERIA<\/a><\/strong><\/p>\n<p style=\"text-align: center\"><span style=\"text-decoration: underline\"><strong>Podstawy prawne:<\/strong><\/span><\/p>\n<p>Rekrutacja\u00a0 na rok szkolny 2026\/2027\u00a0 odbywa si\u0119 na podstawie:<\/p>\n<p>&#8211;\u00a0\u00a0 Ustawy z dnia 14 grudnia 2016 r. Prawo o\u015bwiatowe (Dz. U. 2025, poz. 1043 ze zm.)<\/p>\n<p>&#8211;\u00a0\u00a0 Rozporz\u0105dzenia Ministra Edukacji i Nauki z dnia 3 kwietnia 2025 r. w sprawie przeprowadzania post\u0119powania rekrutacyjnego oraz post\u0119powania uzupe\u0142niaj\u0105cego do publicznych przedszkoli, szk\u00f3\u0142 plac\u00f3wek i centr\u00f3w\u00a0\u00a0\u00a0\u00a0\u00a0\u00a0\u00a0\u00a0\u00a0\u00a0\u00a0\u00a0\u00a0\u00a0\u00a0\u00a0\u00a0\u00a0\u00a0 (Dz. U. 2025 r. poz. 464)<\/p>\n<p>&#8211;\u00a0\u00a0 Uchwa\u0142y Nr LXIV\/1664\/23 Rady Miejskiej Wroc\u0142awia z dnia 19 stycznia 2023 r. w sprawie kryteri\u00f3w wraz z liczb\u0105 punkt\u00f3w na drugim etapie postepowania rekrutacyjnego do publicznych przedszkoli, oddzia\u0142\u00f3w przedszkolnych w szko\u0142ach podstawowych, prowadzonych przez Miasto Wroc\u0142aw<\/p>\n<p>&#8211; \u00a0Zarz\u0105dzenia Nr 4168\/26 Prezydenta Wroc\u0142awia z dnia 13 stycznia 2026 r. w sprawie termin\u00f3w przeprowadzania post\u0119powania rekrutacyjnego i post\u0119powania uzupe\u0142niaj\u0105cego, w tym termin\u00f3w sk\u0142adania dokument\u00f3w, do publicznych przedszkoli, oddzia\u0142\u00f3w przedszkolnych w publicznych szko\u0142ach podstawowych na rok szkolny 2026\/2027<\/p>\n<p style=\"text-align: center\"><span style=\"text-decoration: underline\"><strong>Udzia\u0142 w rekrutacji<\/strong><\/span><\/p>\n<p><strong>Rekrutacja dla dzieci zamieszkuj\u0105cych we Wroc\u0142awiu, urodzonych w latach \u00a0\u00a0\u00a0\u00a0\u00a0\u00a0\u00a0\u00a0\u00a0\u00a0\u00a0\u00a0\u00a0\u00a0\u00a0\u00a0\u00a0\u00a0\u00a0\u00a0\u00a0\u00a0\u00a0\u00a02020 &#8211; 2023:<\/strong><\/p>\n<p><strong>2023 r. \u2013 3 latki<\/strong><\/p>\n<p><strong>2022 r. \u2013 4 latki<\/strong><\/p>\n<p><strong>2021 r. \u2013 5 latki<\/strong><\/p>\n<p><strong>2020r. \u00a0\u2013 6 latki<\/strong><\/p>\n<p><strong>W rekrutacji mog\u0105 te\u017c wzi\u0105\u0107 udzia\u0142 dzieci ze starszych rocznik\u00f3w posiadaj\u0105ce decyzj\u0119 o odroczeniu spe\u0142niania obowi\u0105zku szkolnego.<\/strong><\/p>\n<p><strong>Miejscem zamieszkania dziecka<\/strong> jest miejsce zamieszkania jego rodzic\u00f3w albo tego z rodzic\u00f3w, kt\u00f3remu wy\u0142\u0105cznie przys\u0142uguje w\u0142adza rodzicielska lub kt\u00f3remu zosta\u0142o powierzone wykonywanie w\u0142adzy rodzicielskiej.<\/p>\n<p>Je\u017celi w\u0142adza rodzicielska przys\u0142uguje na r\u00f3wni obojgu rodzicom maj\u0105cym osobne miejsce zamieszkania, miejsce zamieszkania dziecka jest u tego z rodzic\u00f3w, u kt\u00f3rego dziecko stale przebywa. Je\u017celi dziecko nie przebywa stale u \u017cadnego z rodzic\u00f3w, jego miejsce zamieszkania okre\u015bla s\u0105d opieku\u0144czy (art. 26 \u00a7 1 i 2 ustawy z dnia 23 kwietnia 1964 r. Kodeks cywilny \u2013\u00a0 Dz. U.\u00a0 2025, \u00a0poz. 1071 ze zm.).<\/p>\n<p>Na potrzeby rekrutacji przyjmuje si\u0119, \u017ce <strong>zamieszkanie<\/strong> <strong>to<\/strong><strong>:<\/strong><\/p>\n<ol>\n<li>a) zamieszkanie potwierdzone zameldowaniem sta\u0142ym,<\/li>\n<li>b) zamieszkanie potwierdzone zameldowaniem czasowym (obejmuj\u0105cym dzie\u0144\u00a001.09.2026r.),<\/li>\n<\/ol>\n<ol>\n<li>c) zamieszkanie potwierdzone innym dokumentem.<\/li>\n<\/ol>\n<p><strong>Rekrutacja dzieci\u00a0 o specjalnych potrzebach edukacyjnych:<a href=\"https:\/\/przedszkole2.edu.wroclaw.pl\/wp-content\/uploads\/sites\/22\/2026\/01\/DZIECI-O-SPECJALNYCH-POTRZEBACH-177-KB.docx\">DZIECI O SPECJALNYCH POTRZEBACH (17,7 KB)<\/a><\/strong><\/p>\n<p><strong>Dodatkowe informacje na stron\u0119 rekrutacji<\/strong><\/p>\n<p><strong>1\/ Przygotowanie do wprowadzenia wniosku w systemie<\/strong><\/p>\n<ul>\n<li>Przygotowanie skan\u00f3w dokument\u00f3w (zatrudnienie, niepe\u0142nosprawno\u015b\u0107, piecza zast\u0119pcza, \u017c\u0142obki)<\/li>\n<li>Wype\u0142nione aktywne pdf pobrane ze strony, zapisane w formacie pdf<\/li>\n<\/ul>\n<p><strong>2\/ Rozmiar za\u0142\u0105cznik\u00f3w do 5 MB<\/strong><\/p>\n<p><strong>3\/ Nasz Wroc\u0142aw\/ Nasz Wroc\u0142aw MAX<\/strong><\/p>\n<p>Wniosku nie nale\u017cy wype\u0142nia\u0107 w dniu, w kt\u00f3rym pobra\u0142o si\u0119 aplikacj\u0119 Nasz Wroc\u0142aw\/ Nasz Wroc\u0142aw MAX<\/p>\n<p><strong>W przypadku problem\u00f3w technicznych systemu nale\u017cy skierowa\u0107 wiadomo\u015b\u0107 na adres:<\/strong><\/p>\n<p><strong>\u00a0<\/strong><strong>WSPARCIE_EDU@UM.WROC.PL<\/strong><\/p>\n<p>&nbsp;<\/p>\n<p><a href=\"https:\/\/przedszkole2.edu.wroclaw.pl\/wp-content\/uploads\/sites\/22\/2026\/01\/BIULETYN-INFORMACYJNY-112-MB.pdf\">BIULETYN INFORMACYJNY (1,12 MB)<\/a><\/p>\n<p><a href=\"https:\/\/przedszkole2.edu.wroclaw.pl\/wp-content\/uploads\/sites\/22\/2026\/01\/SAMOTNE-WYCHOWANIE-113-KB.docx\">SAMOTNE WYCHOWANIE (11,3 KB)<\/a><\/p>\n<p><a href=\"https:\/\/przedszkole2.edu.wroclaw.pl\/wp-content\/uploads\/sites\/22\/2026\/01\/DOCHOD-144-KB.docx\">DOCH\u00d3D (14,4 KB)<\/a><\/p>\n<p><a href=\"https:\/\/przedszkole2.edu.wroclaw.pl\/wp-content\/uploads\/sites\/22\/2026\/01\/ODWOLANIA-147-KB.docx\">ODWO\u0141ANIA (14,7 KB)<\/a><\/p>\n<\/div>\n<\/div>\n<\/div>\n<\/div>\n<\/div>\n<\/div>\n<p>[\/vc_column_text][vc_column_text css=&#8221;&#8221;]<\/p>\n<div style=\"font-size: 18px\">\n<h2><\/h2>\n<p>&nbsp;<\/p>\n<\/div>\n<p>[\/vc_column_text][\/vc_column][\/vc_row][vc_row][vc_column][vc_column_text][\/vc_column_text][\/vc_column][\/vc_row]<\/p>\n<\/div>","protected":false},"excerpt":{"rendered":"<p>[vc_row][vc_column][\/vc_column][\/vc_row][vc_row][vc_column][vc_column_text css=&#8221;.vc_custom_1769692092142{border-color: #dd3333 !important;}&#8221;] REKRUTACJA DZIECI DO NASZEGO PRZEDSZKOLA &#8211; NA\u00a0 ROK SZKOLNY 2026\/2027 Drzwi otwarte w \u201eTajemniczym Ogrodzie\u201d. Serdecznie zapraszamy Rodzic\u00f3w, kt\u00f3rzy chcieliby zapisa\u0107 swoje dziecko do przedszkola \u201eTajemniczy [&hellip;]<\/p>\n","protected":false},"author":72,"featured_media":0,"parent":0,"menu_order":0,"comment_status":"closed","ping_status":"closed","template":"","meta":{"ngg_post_thumbnail":0,"footnotes":""},"class_list":["post-981","page","type-page","status-publish","hentry","clearfix"],"_links":{"self":[{"href":"https:\/\/przedszkole2.edu.wroclaw.pl\/index.php\/wp-json\/wp\/v2\/pages\/981","targetHints":{"allow":["GET"]}}],"collection":[{"href":"https:\/\/przedszkole2.edu.wroclaw.pl\/index.php\/wp-json\/wp\/v2\/pages"}],"about":[{"href":"https:\/\/przedszkole2.edu.wroclaw.pl\/index.php\/wp-json\/wp\/v2\/types\/page"}],"author":[{"embeddable":true,"href":"https:\/\/przedszkole2.edu.wroclaw.pl\/index.php\/wp-json\/wp\/v2\/users\/72"}],"replies":[{"embeddable":true,"href":"https:\/\/przedszkole2.edu.wroclaw.pl\/index.php\/wp-json\/wp\/v2\/comments?post=981"}],"version-history":[{"count":75,"href":"https:\/\/przedszkole2.edu.wroclaw.pl\/index.php\/wp-json\/wp\/v2\/pages\/981\/revisions"}],"predecessor-version":[{"id":9785,"href":"https:\/\/przedszkole2.edu.wroclaw.pl\/index.php\/wp-json\/wp\/v2\/pages\/981\/revisions\/9785"}],"wp:attachment":[{"href":"https:\/\/przedszkole2.edu.wroclaw.pl\/index.php\/wp-json\/wp\/v2\/media?parent=981"}],"curies":[{"name":"wp","href":"https:\/\/api.w.org\/{rel}","templated":true}]}}